{"id":6221,"date":"2023-07-20T16:04:08","date_gmt":"2023-07-20T15:04:08","guid":{"rendered":"https:\/\/upbeat-bassi.138-201-129-95.plesk.page\/acerca-de-la-dft\/"},"modified":"2025-04-08T15:35:14","modified_gmt":"2025-04-08T14:35:14","slug":"acerca-de-la-dft","status":"publish","type":"page","link":"https:\/\/quizzical-yonath.213-158-90-7.plesk.page\/es\/acerca-de-la-dft\/","title":{"rendered":"Acerca de la DFT"},"content":{"rendered":"<p>[et_pb_section fb_built=\u00bb1&#8243; custom_padding_last_edited=\u00bbon|phone\u00bb _builder_version=\u00bb4.22.1&#8243; _module_preset=\u00bbdefault\u00bb background_image=\u00bbhttps:\/\/quizzical-yonath.213-158-90-7.plesk.page\/wp-content\/uploads\/2023\/11\/Aspire-ftd-AviadoBio-Logo-Element-v2.png\u00bb background_size=\u00bbcustom\u00bb background_image_width=\u00bb30%\u00bb background_position=\u00bbtop_right\u00bb background_horizontal_offset=\u00bb10%\u00bb custom_margin=\u00bb0px||||false|false\u00bb custom_padding=\u00bb10vh||10vh||true|false\u00bb custom_padding_tablet=\u00bb5vh||5vh||true|false\u00bb custom_padding_phone=\u00bb\u00bb background_last_edited=\u00bbon|tablet\u00bb background_enable_image_tablet=\u00bboff\u00bb global_colors_info=\u00bb{}\u00bb][et_pb_row column_structure=\u00bb2_3,1_3&#8243; custom_padding_last_edited=\u00bbon|phone\u00bb _builder_version=\u00bb4.24.2&#8243; _module_preset=\u00bbdefault\u00bb width_tablet=\u00bb80%\u00bb width_last_edited=\u00bboff|desktop\u00bb module_alignment=\u00bbcenter\u00bb custom_margin=\u00bb||||false|false\u00bb custom_padding=\u00bb0px||0px||false|false\u00bb custom_padding_tablet=\u00bb\u00bb custom_padding_phone=\u00bb\u00bb module_alignment_tablet=\u00bbcenter\u00bb module_alignment_phone=\u00bbcenter\u00bb module_alignment_last_edited=\u00bboff|desktop\u00bb global_colors_info=\u00bb{}\u00bb][et_pb_column type=\u00bb2_3&#8243; _builder_version=\u00bb4.22.1&#8243; _module_preset=\u00bbdefault\u00bb custom_padding_tablet=\u00bb||30px||false|false\u00bb custom_padding_phone=\u00bb||30px||false|false\u00bb custom_padding_last_edited=\u00bbon|tablet\u00bb custom_css_main_element=\u00bbmargin:auto;\u00bb global_colors_info=\u00bb{}\u00bb][et_pb_text _builder_version=\u00bb4.24.2&#8243; _module_preset=\u00bbdefault\u00bb header_font=\u00bb|||on|||||\u00bb header_font_size=\u00bb38px\u00bb header_letter_spacing=\u00bb2px\u00bb header_2_font=\u00bb|||on|||||\u00bb header_2_text_color=\u00bb#43464F\u00bb header_2_letter_spacing=\u00bb2px\u00bb header_2_line_height=\u00bb1.4em\u00bb module_alignment=\u00bbleft\u00bb custom_margin=\u00bb0px||0px||false|false\u00bb custom_padding=\u00bb0px||||false|false\u00bb header_font_size_tablet=\u00bb\u00bb header_font_size_phone=\u00bb32px\u00bb header_font_size_last_edited=\u00bbon|phone\u00bb header_2_font_size_tablet=\u00bb\u00bb header_2_font_size_phone=\u00bb24px\u00bb header_2_font_size_last_edited=\u00bbon|phone\u00bb global_colors_info=\u00bb{}\u00bb]<\/p>\n<h1>Acerca de la DFT<\/h1>\n<p>La demencia frontotemporal (DFT) es una forma devastadora de demencia de inicio temprano que var\u00eda en cada individuo. Los s\u00edntomas de la DFT pueden incluir cambios en la personalidad o comportamientos no caracter\u00edsticos, p\u00e9rdida progresiva del lenguaje, p\u00e9rdida de la funci\u00f3n ejecutiva y las capacidades cognitivas, apat\u00eda y movilidad reducida.<span style=\"vertical-align: super; line-height: 1em; font-size: 70%;\">1\u22123<\/span> La DFT provoca una reducci\u00f3n sustancial de la esperanza de vida y, de media, las personas con DFT mueren entre 3 y 13\u00a0a\u00f1os despu\u00e9s del diagn\u00f3stico.<span style=\"vertical-align: super; line-height: 1em; font-size: 70%;\">4\u22127<\/span> Es una enfermedad gravemente discapacitante, en la que los pacientes notifican dificultades y limitaciones para realizar actividades cotidianas, incluso en estadios leves y moderados de la enfermedad.<span style=\"vertical-align: super; line-height: 1em; font-size: 70%;\">8<\/span><\/p>\n<p>&nbsp;[\/et_pb_text][\/et_pb_column][et_pb_column type=\u00bb1_3&#8243; disabled_on=\u00bboff|off|off\u00bb _builder_version=\u00bb4.22.1&#8243; _module_preset=\u00bbdefault\u00bb background_color=\u00bbRGBA(255,255,255,0)\u00bb custom_padding=\u00bb20px|20px|20px|20px|true|true\u00bb global_colors_info=\u00bb{}\u00bb][\/et_pb_column][\/et_pb_row][\/et_pb_section][et_pb_section fb_built=\u00bb1&#8243; custom_padding_last_edited=\u00bbon|phone\u00bb _builder_version=\u00bb4.24.2&#8243; _module_preset=\u00bbdefault\u00bb background_color=\u00bb#E5E5E5&#8243; background_enable_image=\u00bboff\u00bb parallax=\u00bbon\u00bb custom_margin=\u00bb0px||0px||false|false\u00bb custom_padding=\u00bb10vh||10vh||false|false\u00bb custom_padding_tablet=\u00bb\u00bb custom_padding_phone=\u00bb10vh||||false|false\u00bb top_divider_flip=\u00bbhorizontal|vertical\u00bb bottom_divider_color=\u00bb#43464F\u00bb bottom_divider_flip=\u00bbvertical|horizontal\u00bb global_colors_info=\u00bb{}\u00bb][et_pb_row column_structure=\u00bb1_2,1_2&#8243; make_equal=\u00bbon\u00bb custom_padding_last_edited=\u00bbon|tablet\u00bb _builder_version=\u00bb4.24.2&#8243; _module_preset=\u00bbdefault\u00bb custom_margin=\u00bb||||false|false\u00bb custom_padding=\u00bb0px||50px||false|false\u00bb custom_padding_tablet=\u00bb0px||30px||false|false\u00bb custom_padding_phone=\u00bb\u00bb global_colors_info=\u00bb{}\u00bb][et_pb_column type=\u00bb1_2&#8243; _builder_version=\u00bb4.16&#8243; _module_preset=\u00bbdefault\u00bb custom_padding=\u00bb||40px||false|false\u00bb border_width_bottom=\u00bb2px\u00bb border_color_bottom=\u00bb#26B2B6&#8243; global_colors_info=\u00bb{}\u00bb][et_pb_blurb image=\u00bbhttps:\/\/quizzical-yonath.213-158-90-7.plesk.page\/wp-content\/uploads\/2023\/09\/AviadoBio-icon-FTD-1-v3.png\u00bb alt=\u00bbAviadobio\u00bb icon_placement=\u00bbleft\u00bb image_icon_width=\u00bb100px\u00bb content_max_width=\u00bb100%\u00bb icon_placement_tablet=\u00bb\u00bb icon_placement_phone=\u00bbtop\u00bb icon_placement_last_edited=\u00bbon|phone\u00bb _builder_version=\u00bb4.24.2&#8243; _module_preset=\u00bbdefault\u00bb header_text_color=\u00bb#ffffff\u00bb header_font_size=\u00bb26px\u00bb header_letter_spacing=\u00bb2px\u00bb body_text_color=\u00bb#43464F\u00bb body_font_size=\u00bb20px\u00bb body_link_font=\u00bbSweetSans Light||||||||\u00bb body_link_text_color=\u00bb#26B2B6&#8243; body_link_font_size=\u00bb18px\u00bb body_link_letter_spacing=\u00bb3px\u00bb image_icon_custom_padding_tablet=\u00bb\u00bb image_icon_custom_padding_phone=\u00bb\u00bb image_icon_custom_padding_last_edited=\u00bbon|phone\u00bb custom_padding_tablet=\u00bb\u00bb custom_padding_phone=\u00bb\u00bb custom_padding_last_edited=\u00bbon|phone\u00bb custom_css_blurb_image=\u00bbpadding-right:20px;||\u00bb border_color_all_image=\u00bb#26B2B6&#8243; border_width_all_image_tablet=\u00bb\u00bb border_width_all_image_phone=\u00bb\u00bb border_width_all_image_last_edited=\u00bbon|phone\u00bb image_max_width=\u00bb100px\u00bb global_colors_info=\u00bb{}\u00bb body_link_text_color__hover_enabled=\u00bboff|desktop\u00bb body_link_text_color__hover=\u00bb#ffffff\u00bb]<\/p>\n<p>La DFT es una de las principales causas de demencia de inicio temprano (o precoz) en personas menores de 65 a\u00f1os.<span style=\"vertical-align: super; line-height: 1em; font-size: 70%;\">9<\/span> Se calcula que cada a\u00f1o se diagnostican entre 20\u00a0000 y 30\u00a0000 pacientes con DFT en los Estados Unidos,<span style=\"vertical-align: super; line-height: 1em; font-size: 70%;\">2<\/span> y m\u00e1s de 12\u00a0000 casos nuevos de DFT en Europa.<span style=\"vertical-align: super; line-height: 1em; font-size: 70%;\">10 <\/span> Es probable que se infravalore la prevalencia y la incidencia de la DFT debido a la dificultad para identificar y diagnosticar la DFT.<span style=\"vertical-align: super; line-height: 1em; font-size: 70%;\">2,5<\/span><\/p>\n<p>[\/et_pb_blurb][\/et_pb_column][et_pb_column type=\u00bb1_2&#8243; _builder_version=\u00bb4.16&#8243; _module_preset=\u00bbdefault\u00bb custom_padding=\u00bb||40px||false|false\u00bb border_width_bottom=\u00bb2px\u00bb border_color_bottom=\u00bb#26B2B6&#8243; global_colors_info=\u00bb{}\u00bb][et_pb_blurb image=\u00bbhttps:\/\/quizzical-yonath.213-158-90-7.plesk.page\/wp-content\/uploads\/2024\/11\/AviadoBio-icon-FTD-7.png\u00bb alt=\u00bbAviadobio\u00bb icon_placement=\u00bbleft\u00bb image_icon_width=\u00bb100px\u00bb content_max_width=\u00bb100%\u00bb icon_placement_tablet=\u00bb\u00bb icon_placement_phone=\u00bbtop\u00bb icon_placement_last_edited=\u00bbon|phone\u00bb _builder_version=\u00bb4.24.2&#8243; _module_preset=\u00bbdefault\u00bb header_text_color=\u00bb#ffffff\u00bb header_font_size=\u00bb26px\u00bb header_letter_spacing=\u00bb2px\u00bb body_text_color=\u00bb#43464F\u00bb body_font_size=\u00bb20px\u00bb body_link_font=\u00bbSweetSans Light||||||||\u00bb body_link_text_color=\u00bb#26B2B6&#8243; body_link_font_size=\u00bb18px\u00bb body_link_letter_spacing=\u00bb3px\u00bb image_icon_custom_padding_tablet=\u00bb\u00bb image_icon_custom_padding_phone=\u00bb\u00bb image_icon_custom_padding_last_edited=\u00bbon|phone\u00bb custom_css_blurb_image=\u00bbpadding-right:20px;||\u00bb border_color_all_image=\u00bb#26B2B6&#8243; border_width_all_image_tablet=\u00bb\u00bb border_width_all_image_phone=\u00bb\u00bb border_width_all_image_last_edited=\u00bbon|phone\u00bb image_max_width=\u00bb100px\u00bb global_colors_info=\u00bb{}\u00bb body_link_text_color__hover_enabled=\u00bboff|desktop\u00bb body_link_text_color__hover=\u00bb#ffffff\u00bb]<\/p>\n<p>Debido a la aparici\u00f3n t\u00edpica m\u00e1s temprana de la DFT, tiene efectos perjudiciales significativos en las relaciones, la vida social, el funcionamiento ocupacional, el estado financiero y la calidad de vida.<span style=\"vertical-align: super; line-height: 1em; font-size: 70%;\">8,9<\/span> La mayor\u00eda de los servicios de atenci\u00f3n sanitaria y social para la demencia est\u00e1n adaptados a los adultos de edad avanzada y a los pacientes con enfermedad de Alzheimer (EA), y, por lo tanto, a menudo no satisfacen las necesidades de los pacientes m\u00e1s j\u00f3venes con DFT y sus cuidadores.<span style=\"vertical-align: super; line-height: 1em; font-size: 70%;\">5<\/span><\/p>\n<p>[\/et_pb_blurb][\/et_pb_column][\/et_pb_row][et_pb_row column_structure=\u00bb1_2,1_2&#8243; make_equal=\u00bbon\u00bb custom_padding_last_edited=\u00bbon|tablet\u00bb _builder_version=\u00bb4.24.2&#8243; _module_preset=\u00bbdefault\u00bb custom_margin=\u00bb||||false|false\u00bb custom_padding=\u00bb0px||50px||false|false\u00bb custom_padding_tablet=\u00bb0px||30px||false|false\u00bb custom_padding_phone=\u00bb\u00bb global_colors_info=\u00bb{}\u00bb][et_pb_column type=\u00bb1_2&#8243; _builder_version=\u00bb4.16&#8243; _module_preset=\u00bbdefault\u00bb custom_padding=\u00bb||40px||false|false\u00bb border_width_bottom=\u00bb2px\u00bb border_color_bottom=\u00bb#26B2B6&#8243; global_colors_info=\u00bb{}\u00bb][et_pb_blurb image=\u00bbhttps:\/\/quizzical-yonath.213-158-90-7.plesk.page\/wp-content\/uploads\/2023\/07\/AviadoBio-icon-FTD-3.png\u00bb alt=\u00bbAviadobio\u00bb icon_placement=\u00bbleft\u00bb image_icon_width=\u00bb100px\u00bb content_max_width=\u00bb100%\u00bb icon_placement_tablet=\u00bb\u00bb icon_placement_phone=\u00bbtop\u00bb icon_placement_last_edited=\u00bbon|phone\u00bb _builder_version=\u00bb4.24.2&#8243; _module_preset=\u00bbdefault\u00bb header_text_color=\u00bb#ffffff\u00bb header_font_size=\u00bb26px\u00bb header_letter_spacing=\u00bb2px\u00bb body_text_color=\u00bb#43464F\u00bb body_font_size=\u00bb20px\u00bb body_link_font=\u00bbSweetSans Light||||||||\u00bb body_link_text_color=\u00bb#26B2B6&#8243; body_link_font_size=\u00bb18px\u00bb body_link_letter_spacing=\u00bb3px\u00bb image_icon_custom_padding_tablet=\u00bb\u00bb image_icon_custom_padding_phone=\u00bb\u00bb image_icon_custom_padding_last_edited=\u00bbon|phone\u00bb custom_css_blurb_image=\u00bbpadding-right:20px;||\u00bb border_color_all_image=\u00bb#26B2B6&#8243; border_width_all_image_tablet=\u00bb\u00bb border_width_all_image_phone=\u00bb\u00bb border_width_all_image_last_edited=\u00bbon|phone\u00bb image_max_width=\u00bb100px\u00bb global_colors_info=\u00bb{}\u00bb body_link_text_color__hover_enabled=\u00bboff|desktop\u00bb body_link_text_color__hover=\u00bb#ffffff\u00bb]La DFT puede dividirse en DFT familiar y espor\u00e1dica.<span style=\"vertical-align: super; line-height: 1em; font-size: 70%;\">11<\/span> La DFT espor\u00e1dica es m\u00e1s frecuente.<span style=\"vertical-align: super; line-height: 1em; font-size: 70%;\">11<\/span> Sin embargo, la DFT es altamente hereditaria y se encuentran fuertes antecedentes familiares en aproximadamente el 30-50\u00a0% de todos los pacientes con DFT.<span style=\"vertical-align: super; line-height: 1em; font-size: 70%;\">5,11,12<\/span> Las mutaciones en la progranulina (GRN) representan aproximadamente el 10\u00a0% de todos los casos de DFT y aproximadamente el 22\u00a0% de los casos familiares de DFT.<span style=\"vertical-align: super; line-height: 1em; font-size: 70%;\">12<\/span>[\/et_pb_blurb][\/et_pb_column][et_pb_column type=\u00bb1_2&#8243; _builder_version=\u00bb4.16&#8243; _module_preset=\u00bbdefault\u00bb custom_padding=\u00bb||40px||false|false\u00bb border_width_bottom=\u00bb2px\u00bb border_color_bottom=\u00bb#26B2B6&#8243; global_colors_info=\u00bb{}\u00bb][et_pb_blurb image=\u00bbhttps:\/\/quizzical-yonath.213-158-90-7.plesk.page\/wp-content\/uploads\/2023\/07\/AviadoBio-icon-FTD-4.png\u00bb alt=\u00bbAviadobio\u00bb icon_placement=\u00bbleft\u00bb image_icon_width=\u00bb100px\u00bb content_max_width=\u00bb100%\u00bb icon_placement_tablet=\u00bb\u00bb icon_placement_phone=\u00bbtop\u00bb icon_placement_last_edited=\u00bbon|phone\u00bb _builder_version=\u00bb4.24.2&#8243; _module_preset=\u00bbdefault\u00bb header_text_color=\u00bb#ffffff\u00bb header_font_size=\u00bb26px\u00bb header_letter_spacing=\u00bb2px\u00bb body_text_color=\u00bb#43464F\u00bb body_font_size=\u00bb20px\u00bb body_link_font=\u00bbSweetSans Light||||||||\u00bb body_link_text_color=\u00bb#26B2B6&#8243; body_link_font_size=\u00bb18px\u00bb body_link_letter_spacing=\u00bb3px\u00bb image_icon_custom_padding_tablet=\u00bb\u00bb image_icon_custom_padding_phone=\u00bb\u00bb image_icon_custom_padding_last_edited=\u00bbon|phone\u00bb custom_css_blurb_image=\u00bbpadding-right:20px;||\u00bb border_color_all_image=\u00bb#26B2B6&#8243; border_width_all_image_tablet=\u00bb\u00bb border_width_all_image_phone=\u00bb\u00bb border_width_all_image_last_edited=\u00bbon|phone\u00bb image_max_width=\u00bb100px\u00bb global_colors_info=\u00bb{}\u00bb body_link_text_color__hover_enabled=\u00bboff|desktop\u00bb body_link_text_color__hover=\u00bb#ffffff\u00bb]Las pruebas gen\u00e9ticas se han vuelto m\u00e1s frecuentes a medida que aumentan los conocimientos sobre la DFT gen\u00e9tica.<span style=\"vertical-align: super; line-height: 1em; font-size: 70%;\">4<\/span> Sin embargo, sigue existiendo una necesidad apremiante de incorporar el asesoramiento gen\u00e9tico y las pruebas adecuadas en la atenci\u00f3n est\u00e1ndar del paciente con DFT.<span style=\"vertical-align: super; line-height: 1em; font-size: 70%;\">4,8<\/span> El acceso y la adopci\u00f3n del asesoramiento gen\u00e9tico y las pruebas adecuadas y oportunas deben mejorarse para todos los pacientes con DFT. Aunque actualmente no hay tratamientos modificadores de la enfermedad aprobados para la DFT, saber si la DFT est\u00e1 causada por una mutaci\u00f3n gen\u00e9tica puede ayudar a los pacientes y a los m\u00e9dicos a determinar si son aptos para alg\u00fan ensayo cl\u00ednico.[\/et_pb_blurb][\/et_pb_column][\/et_pb_row][et_pb_row column_structure=\u00bb1_2,1_2&#8243; make_equal=\u00bbon\u00bb disabled_on=\u00bbon|on|on\u00bb _builder_version=\u00bb4.24.2&#8243; _module_preset=\u00bbdefault\u00bb custom_margin=\u00bb||||false|false\u00bb custom_padding=\u00bb0px||50px||false|false\u00bb disabled=\u00bbon\u00bb global_colors_info=\u00bb{}\u00bb][et_pb_column type=\u00bb1_2&#8243; _builder_version=\u00bb4.16&#8243; _module_preset=\u00bbdefault\u00bb custom_padding=\u00bb||40px||false|false\u00bb border_width_bottom=\u00bb2px\u00bb border_color_bottom=\u00bb#26B2B6&#8243; global_colors_info=\u00bb{}\u00bb][et_pb_blurb image=\u00bbhttps:\/\/quizzical-yonath.213-158-90-7.plesk.page\/wp-content\/uploads\/2023\/07\/AviadoBio-icon-FTD-5.png\u00bb alt=\u00bbAviadobio\u00bb icon_placement=\u00bbleft\u00bb image_icon_width=\u00bb100px\u00bb content_max_width=\u00bb100%\u00bb icon_placement_tablet=\u00bb\u00bb icon_placement_phone=\u00bbtop\u00bb icon_placement_last_edited=\u00bbon|phone\u00bb _builder_version=\u00bb4.16&#8243; _module_preset=\u00bbdefault\u00bb header_text_color=\u00bb#ffffff\u00bb header_font_size=\u00bb26px\u00bb header_letter_spacing=\u00bb2px\u00bb body_text_color=\u00bb#43464F\u00bb body_font_size=\u00bb20px\u00bb body_link_font=\u00bbSweetSans Light||||||||\u00bb body_link_text_color=\u00bb#26B2B6&#8243; body_link_font_size=\u00bb18px\u00bb body_link_letter_spacing=\u00bb3px\u00bb image_icon_custom_padding_tablet=\u00bb\u00bb image_icon_custom_padding_phone=\u00bb\u00bb image_icon_custom_padding_last_edited=\u00bbon|phone\u00bb custom_css_blurb_image=\u00bbpadding-right:20px;||\u00bb border_color_all_image=\u00bb#26B2B6&#8243; border_width_all_image_tablet=\u00bb\u00bb border_width_all_image_phone=\u00bb\u00bb border_width_all_image_last_edited=\u00bbon|phone\u00bb image_max_width=\u00bb100px\u00bb global_colors_info=\u00bb{}\u00bb body_link_text_color__hover_enabled=\u00bboff|desktop\u00bb body_link_text_color__hover=\u00bb#ffffff\u00bb]<\/p>\n<p>Aproximadamente 11\u00a0000 personas en los EE.\u00a0UU. y la UE5 padecen DFT-GRN, y se calcula que cada a\u00f1o se confirman 2000 casos nuevos.<span style=\"vertical-align: super; line-height: 1em; font-size: 70%;\">\u00b9\u02d2\u00b9\u00b9<\/span><\/p>\n<p>[\/et_pb_blurb][\/et_pb_column][et_pb_column type=\u00bb1_2&#8243; _builder_version=\u00bb4.16&#8243; _module_preset=\u00bbdefault\u00bb custom_padding=\u00bb||40px||false|false\u00bb border_width_bottom=\u00bb2px\u00bb border_color_bottom=\u00bb#26B2B6&#8243; global_colors_info=\u00bb{}\u00bb][et_pb_blurb image=\u00bbhttps:\/\/quizzical-yonath.213-158-90-7.plesk.page\/wp-content\/uploads\/2023\/07\/AviadoBio-icon-FTD-6.png\u00bb alt=\u00bbAviadobio\u00bb icon_placement=\u00bbleft\u00bb image_icon_width=\u00bb100px\u00bb content_max_width=\u00bb100%\u00bb icon_placement_tablet=\u00bb\u00bb icon_placement_phone=\u00bbtop\u00bb icon_placement_last_edited=\u00bbon|phone\u00bb _builder_version=\u00bb4.16&#8243; _module_preset=\u00bbdefault\u00bb header_text_color=\u00bb#ffffff\u00bb header_font_size=\u00bb26px\u00bb header_letter_spacing=\u00bb2px\u00bb body_text_color=\u00bb#43464F\u00bb body_font_size=\u00bb20px\u00bb body_link_font=\u00bbSweetSans Light||||||||\u00bb body_link_text_color=\u00bb#26B2B6&#8243; body_link_font_size=\u00bb18px\u00bb body_link_letter_spacing=\u00bb3px\u00bb image_icon_custom_padding_tablet=\u00bb\u00bb image_icon_custom_padding_phone=\u00bb\u00bb image_icon_custom_padding_last_edited=\u00bbon|phone\u00bb custom_css_blurb_image=\u00bbpadding-right:20px;||\u00bb border_color_all_image=\u00bb#26B2B6&#8243; border_width_all_image_tablet=\u00bb\u00bb border_width_all_image_phone=\u00bb\u00bb border_width_all_image_last_edited=\u00bbon|phone\u00bb image_max_width=\u00bb100px\u00bb global_colors_info=\u00bb{}\u00bb body_link_text_color__hover_enabled=\u00bboff|desktop\u00bb body_link_text_color__hover=\u00bb#ffffff\u00bb]<\/p>\n<p>Actualmente no hay tratamientos modificadores de la enfermedad disponibles para las personas con DFT.<\/p>\n<p>[\/et_pb_blurb][\/et_pb_column][\/et_pb_row][et_pb_row custom_padding_last_edited=\u00bbon|phone\u00bb _builder_version=\u00bb4.24.2&#8243; _module_preset=\u00bbdefault\u00bb custom_padding=\u00bb60px||0px||false|false\u00bb custom_padding_tablet=\u00bb\u00bb custom_padding_phone=\u00bb0px||0px||true|false\u00bb global_colors_info=\u00bb{}\u00bb][et_pb_column type=\u00bb4_4&#8243; _builder_version=\u00bb4.16&#8243; _module_preset=\u00bbdefault\u00bb global_colors_info=\u00bb{}\u00bb][et_pb_toggle title=\u00bbREFERENCIAS\u00bb closed_toggle_text_color=\u00bb#43464F\u00bb icon_color=\u00bb#26B2B6&#8243; open_icon_color=\u00bb#26B2B6&#8243; disabled_on=\u00bboff|off|off\u00bb _builder_version=\u00bb4.22.1&#8243; _module_preset=\u00bbdefault\u00bb title_level=\u00bbh2&#8243; title_font_size=\u00bb24px\u00bb title_letter_spacing=\u00bb1px\u00bb body_font_size=\u00bb16px\u00bb text_orientation=\u00bbleft\u00bb custom_padding_tablet=\u00bb\u00bb custom_padding_phone=\u00bb||||false|true\u00bb custom_padding_last_edited=\u00bbon|phone\u00bb title_font_size_phone=\u00bb20px\u00bb title_font_size_last_edited=\u00bboff|desktop\u00bb border_width_all=\u00bb0px\u00bb border_color_all=\u00bb#E5E5E5&#8243; global_colors_info=\u00bb{}\u00bb]<\/p>\n<ol>\n<li>Pressman PS and Miller BL. Biol Psychiatry 2014;75:574\u201381;<\/li>\n<li>Young JJ et al. Ther Adv Psychopharmacol 2018;8:33\u201348;<\/li>\n<li>Hogan DB et al. Can J Neurol Sci 2016;43 Suppl 1:S96\u2013109;<\/li>\n<li>Onyike CU and Diehl-Schmid J. Int Rev Psychiatry. 2013;25(2):130\u2013137;<\/li>\n<li>Riedl L et al. Neuropsychiatr Dis Treat. 2014;10:297\u2013310;\u00a0<\/li>\n<li>Onyike CU. Neuroepidemiology. 2011;37:166\u2013167;\u00a0<\/li>\n<li>Kansal K et al. Dement Geriatr Cogn Disord. 2016;41:109\u2013122;\u00a0<\/li>\n<li>Barker MS et al. J Geriatr Psychiatry Neurol 2023;36:201\u201314;<\/li>\n<li>Hendriks S et al. JAMA Neurol 2021;78:1080\u201390;<\/li>\n<li>Logroscino G et al. JAMA Neurol 2023;80:279\u201386;<\/li>\n<li>Greaves CV and Rohrer JD. J Neurol 2019;266:2075\u201386;<\/li>\n<li>Kuang, L., et. al. Human Molecular Genetics 2020;29(4):624-634.<\/li>\n<\/ol>\n<p>[\/et_pb_toggle][\/et_pb_column][\/et_pb_row][\/et_pb_section][et_pb_section fb_built=\u00bb1&#8243; custom_padding_last_edited=\u00bbon|tablet\u00bb _builder_version=\u00bb4.22.1&#8243; _module_preset=\u00bbdefault\u00bb background_enable_color=\u00bboff\u00bb custom_margin=\u00bb0px||||false|false\u00bb custom_padding=\u00bb10vh||10vh||true|false\u00bb custom_padding_tablet=\u00bb5vh||10vh||false|false\u00bb custom_padding_phone=\u00bb\u00bb global_colors_info=\u00bb{}\u00bb][et_pb_row _builder_version=\u00bb4.24.2&#8243; _module_preset=\u00bbdefault\u00bb custom_margin=\u00bb||||false|false\u00bb custom_padding=\u00bb0px||||false|false\u00bb global_colors_info=\u00bb{}\u00bb][et_pb_column type=\u00bb4_4&#8243; _builder_version=\u00bb4.16&#8243; _module_preset=\u00bbdefault\u00bb global_colors_info=\u00bb{}\u00bb][et_pb_text _builder_version=\u00bb4.22.1&#8243; _module_preset=\u00bbdefault\u00bb header_font=\u00bb||||||||\u00bb header_text_color=\u00bb#ffffff\u00bb header_font_size=\u00bb34px\u00bb header_letter_spacing=\u00bb2px\u00bb header_line_height=\u00bb1.4em\u00bb header_2_font=\u00bb|||on|||||\u00bb header_2_text_align=\u00bbcenter\u00bb header_2_text_color=\u00bb#43464F\u00bb header_2_letter_spacing=\u00bb2px\u00bb header_2_line_height=\u00bb1.4em\u00bb text_orientation=\u00bbcenter\u00bb custom_margin=\u00bb0px||0px||false|false\u00bb custom_padding=\u00bb0px||3vh||false|false\u00bb header_2_font_size_tablet=\u00bb\u00bb header_2_font_size_phone=\u00bb24px\u00bb header_2_font_size_last_edited=\u00bbon|phone\u00bb global_colors_info=\u00bb{}\u00bb]<\/p>\n<h2>Historias de cuidadores sobre su recorrido por la DFT<\/h2>\n<p>Escuche directamente a familiares de personas afectadas por demencia frontotemporal (DFT) y aprenda m\u00e1s sobre las experiencias que atraviesan, desde el momento del diagn\u00f3stico hasta la progresi\u00f3n de la demencia de su ser querido.<\/p>\n<p>[\/et_pb_text][\/et_pb_column][\/et_pb_row][et_pb_row column_structure=\u00bb1_3,1_3,1_3&#8243; use_custom_gutter=\u00bbon\u00bb gutter_width=\u00bb2&#8243; make_equal=\u00bbon\u00bb _builder_version=\u00bb4.25.1&#8243; _module_preset=\u00bbdefault\u00bb max_width=\u00bb1200px\u00bb custom_margin=\u00bb||||false|false\u00bb custom_padding=\u00bb0px||0px||false|false\u00bb animation_style=\u00bbfade\u00bb global_colors_info=\u00bb{}\u00bb][et_pb_column type=\u00bb1_3&#8243; _builder_version=\u00bb4.25.1&#8243; _module_preset=\u00bbdefault\u00bb background_color=\u00bb#43464F\u00bb global_colors_info=\u00bb{}\u00bb][et_pb_video _builder_version=\u00bb4.24.2&#8243; _module_preset=\u00bbdefault\u00bb hover_enabled=\u00bb0&#8243; global_colors_info=\u00bb{}\u00bb title_text=\u00bbScreenshot 2025-04-08 at 09.51.09&#8243; src=\u00bbhttps:\/\/quizzical-yonath.213-158-90-7.plesk.page\/wp-content\/uploads\/2025\/04\/katie_brandt_-_long-form_video_-_9.12.24_-_final-720p.mp4&#8243; image_src=\u00bbhttps:\/\/quizzical-yonath.213-158-90-7.plesk.page\/wp-content\/uploads\/2025\/04\/Screenshot-2025-04-08-at-09.51.09.png\u00bb sticky_enabled=\u00bb0&#8243;][\/et_pb_video][et_pb_text _builder_version=\u00bb4.25.1&#8243; _module_preset=\u00bbdefault\u00bb text_text_color=\u00bb#ffffff\u00bb header_font=\u00bb||||||||\u00bb header_text_color=\u00bb#ffffff\u00bb header_font_size=\u00bb34px\u00bb header_letter_spacing=\u00bb2px\u00bb header_line_height=\u00bb1.4em\u00bb header_2_font=\u00bb|||on|||||\u00bb header_2_text_color=\u00bb#43464F\u00bb header_2_font_size=\u00bb28px\u00bb header_2_letter_spacing=\u00bb2px\u00bb header_2_line_height=\u00bb1.4em\u00bb header_3_font=\u00bb|||on|||||\u00bb header_3_text_color=\u00bb#ffffff\u00bb header_3_letter_spacing=\u00bb2px\u00bb header_3_line_height=\u00bb1.2em\u00bb background_color=\u00bb#43464F\u00bb custom_margin=\u00bb20px||||false|false\u00bb custom_padding=\u00bb20px|20px|20px|20px|false|true\u00bb header_2_font_size_tablet=\u00bb\u00bb header_2_font_size_phone=\u00bb28px\u00bb header_2_font_size_last_edited=\u00bbon|phone\u00bb global_colors_info=\u00bb{}\u00bb]<\/p>\n<h3 style=\"text-align: center;\">KATIE: EXPERTA EN ATENCI\u00d3N DE LA DEMENCIA, DEFENSORA Y EDUCADORA<\/h3>\n<p style=\"text-align: center;\">Katie se convirti\u00f3 en cuidadora cuando a su marido se le diagnostic\u00f3 DFT a los 29 a\u00f1os. Aprenda m\u00e1s sobre la experiencia de Katie en la asistencia a su marido en su diagn\u00f3stico de DFT mientras cr\u00eda a un ni\u00f1o peque\u00f1o y su dedicaci\u00f3n a impulsar la concienciaci\u00f3n y apoyar a las familias afectadas por esta devastadora enfermedad neurodegenerativa.<\/p>\n<p>[\/et_pb_text][et_pb_button url_new_window=\u00bbon\u00bb button_text=\u00bbver aqu\u00ed\u00bb button_alignment=\u00bbcenter\u00bb disabled_on=\u00bbon|on|on\u00bb _builder_version=\u00bb4.25.1&#8243; _module_preset=\u00bbdefault\u00bb custom_button=\u00bbon\u00bb button_text_size=\u00bb16px\u00bb button_text_color=\u00bb#ffffff\u00bb button_bg_color=\u00bb#26B2B6&#8243; button_border_width=\u00bb0px\u00bb button_border_color=\u00bbRGBA(0,0,0,0)\u00bb button_border_radius=\u00bb0px\u00bb button_letter_spacing=\u00bb3px\u00bb button_font=\u00bbSweetSans Medium|||on|||||\u00bb button_icon=\u00bb&#x45;||divi||400&#8243; button_on_hover=\u00bboff\u00bb background_layout=\u00bbdark\u00bb custom_margin=\u00bb5vh|0px|20px||false|false\u00bb custom_padding=\u00bb10px|50px|10px|40px|true|false\u00bb disabled=\u00bbon\u00bb global_colors_info=\u00bb{}\u00bb button_bg_color__hover_enabled=\u00bbon|hover\u00bb button_bg_color__hover=\u00bb#90D4D5&#8243; button_bg_enable_color__hover=\u00bbon\u00bb button_border_color__hover_enabled=\u00bboff|hover\u00bb button_border_color__hover=\u00bbRGBA(0,0,0,0)\u00bb button_text_color__hover=\u00bb#ffffff\u00bb button_text_color__hover_enabled=\u00bbon|hover\u00bb][\/et_pb_button][\/et_pb_column][et_pb_column type=\u00bb1_3&#8243; _builder_version=\u00bb4.16&#8243; _module_preset=\u00bbdefault\u00bb background_color=\u00bb#43464F\u00bb global_colors_info=\u00bb{}\u00bb][et_pb_video _builder_version=\u00bb4.24.2&#8243; _module_preset=\u00bbdefault\u00bb hover_enabled=\u00bb0&#8243; global_colors_info=\u00bb{}\u00bb title_text=\u00bbScreenshot 2025-04-08 at 09.51.15&#8243; src=\u00bbhttps:\/\/quizzical-yonath.213-158-90-7.plesk.page\/wp-content\/uploads\/2025\/04\/jacquelyn_-_a_daughters_ftd_story_-_long-form_video_-_8.10.23-720p.mp4&#8243; image_src=\u00bbhttps:\/\/quizzical-yonath.213-158-90-7.plesk.page\/wp-content\/uploads\/2025\/04\/Screenshot-2025-04-08-at-09.51.15.png\u00bb sticky_enabled=\u00bb0&#8243;][\/et_pb_video][et_pb_text _builder_version=\u00bb4.22.1&#8243; _module_preset=\u00bbdefault\u00bb text_text_color=\u00bb#ffffff\u00bb header_font=\u00bb||||||||\u00bb header_text_color=\u00bb#ffffff\u00bb header_font_size=\u00bb34px\u00bb header_letter_spacing=\u00bb2px\u00bb header_line_height=\u00bb1.4em\u00bb header_2_font=\u00bb|||on|||||\u00bb header_2_text_color=\u00bb#43464F\u00bb header_2_font_size=\u00bb28px\u00bb header_2_letter_spacing=\u00bb2px\u00bb header_2_line_height=\u00bb1.4em\u00bb header_3_font=\u00bb|||on|||||\u00bb header_3_text_color=\u00bb#ffffff\u00bb header_3_letter_spacing=\u00bb2px\u00bb header_3_line_height=\u00bb1.2em\u00bb background_color=\u00bb#43464F\u00bb custom_margin=\u00bb20px||||false|false\u00bb custom_padding=\u00bb20px|20px|20px|20px|false|true\u00bb header_2_font_size_tablet=\u00bb\u00bb header_2_font_size_phone=\u00bb28px\u00bb header_2_font_size_last_edited=\u00bbon|phone\u00bb global_colors_info=\u00bb{}\u00bb]<\/p>\n<h3 style=\"text-align: center;\">Jacquelyn: La historia sobre DFT de una hija<\/h3>\n<p style=\"text-align: center;\">Los s\u00edntomas de DFT de la madre de Jacquelyn comenzaron ya en 2013, empezando por el insomnio, la p\u00e9rdida de memoria y diferencias con respecto a su comportamiento habitual. Escuche a Jacquelyn, que nos cuenta el recorrido de su madre por la DFT y c\u00f3mo toda la familia unida hace frente a esta devastadora enfermedad.<\/p>\n<p>[\/et_pb_text][et_pb_button url_new_window=\u00bbon\u00bb button_text=\u00bbver aqu\u00ed\u00bb button_alignment=\u00bbcenter\u00bb disabled_on=\u00bbon|on|on\u00bb _builder_version=\u00bb4.25.1&#8243; _module_preset=\u00bbdefault\u00bb custom_button=\u00bbon\u00bb button_text_size=\u00bb16px\u00bb button_text_color=\u00bb#ffffff\u00bb button_bg_color=\u00bb#26B2B6&#8243; button_border_width=\u00bb0px\u00bb button_border_color=\u00bbRGBA(0,0,0,0)\u00bb button_border_radius=\u00bb0px\u00bb button_letter_spacing=\u00bb3px\u00bb button_font=\u00bbSweetSans Medium|||on|||||\u00bb button_icon=\u00bb&#x45;||divi||400&#8243; button_on_hover=\u00bboff\u00bb background_layout=\u00bbdark\u00bb custom_margin=\u00bb5vh|0px|20px||false|false\u00bb custom_padding=\u00bb10px|50px|10px|40px|true|false\u00bb disabled=\u00bbon\u00bb global_colors_info=\u00bb{}\u00bb button_bg_color__hover_enabled=\u00bbon|hover\u00bb button_bg_color__hover=\u00bb#90D4D5&#8243; button_bg_enable_color__hover=\u00bbon\u00bb button_border_color__hover_enabled=\u00bboff|hover\u00bb button_border_color__hover=\u00bbRGBA(0,0,0,0)\u00bb button_text_color__hover=\u00bb#ffffff\u00bb button_text_color__hover_enabled=\u00bbon|hover\u00bb][\/et_pb_button][\/et_pb_column][et_pb_column type=\u00bb1_3&#8243; _builder_version=\u00bb4.16&#8243; _module_preset=\u00bbdefault\u00bb background_color=\u00bb#43464F\u00bb global_colors_info=\u00bb{}\u00bb][et_pb_video _builder_version=\u00bb4.24.2&#8243; _module_preset=\u00bbdefault\u00bb hover_enabled=\u00bb0&#8243; global_colors_info=\u00bb{}\u00bb title_text=\u00bbScreenshot 2025-04-08 at 15.29.57&#8243; src=\u00bbhttps:\/\/quizzical-yonath.213-158-90-7.plesk.page\/wp-content\/uploads\/2025\/04\/tanya_-_a_wifes_ftd_journey_-_long-form_video_-_8.10.23_4_1080p-720p.mp4&#8243; image_src=\u00bbhttps:\/\/quizzical-yonath.213-158-90-7.plesk.page\/wp-content\/uploads\/2025\/04\/Screenshot-2025-04-08-at-15.29.57.png\u00bb sticky_enabled=\u00bb0&#8243; admin_label=\u00bbV\u00eddeo\u00bb][\/et_pb_video][et_pb_text _builder_version=\u00bb4.22.1&#8243; _module_preset=\u00bbdefault\u00bb text_text_color=\u00bb#ffffff\u00bb header_font=\u00bb||||||||\u00bb header_text_color=\u00bb#ffffff\u00bb header_font_size=\u00bb34px\u00bb header_letter_spacing=\u00bb2px\u00bb header_line_height=\u00bb1.4em\u00bb header_2_font=\u00bb|||on|||||\u00bb header_2_text_color=\u00bb#43464F\u00bb header_2_font_size=\u00bb28px\u00bb header_2_letter_spacing=\u00bb2px\u00bb header_2_line_height=\u00bb1.4em\u00bb header_3_font=\u00bb|||on|||||\u00bb header_3_text_color=\u00bb#ffffff\u00bb header_3_letter_spacing=\u00bb2px\u00bb header_3_line_height=\u00bb1.2em\u00bb background_color=\u00bb#43464F\u00bb custom_margin=\u00bb20px||||false|false\u00bb custom_padding=\u00bb20px|20px|20px|20px|false|true\u00bb header_2_font_size_tablet=\u00bb\u00bb header_2_font_size_phone=\u00bb28px\u00bb header_2_font_size_last_edited=\u00bbon|phone\u00bb global_colors_info=\u00bb{}\u00bb]<\/p>\n<h3 style=\"text-align: center;\">Tanya: La historia sobre la DFT de una esposa<\/h3>\n<p style=\"text-align: center;\">El <span>esposo de Tanya era una pareja, padre y profesor de historia de escuela secundaria muy querido, que finalmente <\/span><span>falleci\u00f3<\/span><span> cinco a\u00f1os despu\u00e9s de su diagn\u00f3stico de DFT. Obtenga m\u00e1s informaci\u00f3n sobre su diagn\u00f3stico de DFT, el papel de Tanya como su cuidadora y su misi\u00f3n de concienciar sobre la DFT.<\/span><\/p>\n<p>[\/et_pb_text][et_pb_button url_new_window=\u00bbon\u00bb button_text=\u00bbver aqu\u00ed\u00bb button_alignment=\u00bbcenter\u00bb disabled_on=\u00bbon|on|on\u00bb module_class=\u00bbpopmake-3553\t\u00bb _builder_version=\u00bb4.25.1&#8243; _module_preset=\u00bbdefault\u00bb custom_button=\u00bbon\u00bb button_text_size=\u00bb16px\u00bb button_text_color=\u00bb#ffffff\u00bb button_bg_color=\u00bb#26B2B6&#8243; button_border_width=\u00bb0px\u00bb button_border_color=\u00bbRGBA(0,0,0,0)\u00bb button_border_radius=\u00bb0px\u00bb button_letter_spacing=\u00bb3px\u00bb button_font=\u00bbSweetSans Medium|||on|||||\u00bb button_icon=\u00bb&#x45;||divi||400&#8243; button_on_hover=\u00bboff\u00bb background_layout=\u00bbdark\u00bb custom_margin=\u00bb5vh|0px|20px||false|false\u00bb custom_padding=\u00bb10px|50px|10px|40px|true|false\u00bb disabled=\u00bbon\u00bb global_colors_info=\u00bb{}\u00bb button_bg_color__hover_enabled=\u00bbon|hover\u00bb button_bg_color__hover=\u00bb#90D4D5&#8243; button_bg_enable_color__hover=\u00bbon\u00bb button_border_color__hover_enabled=\u00bboff|hover\u00bb button_border_color__hover=\u00bbRGBA(0,0,0,0)\u00bb button_text_color__hover=\u00bb#ffffff\u00bb button_text_color__hover_enabled=\u00bbon|hover\u00bb][\/et_pb_button][\/et_pb_column][\/et_pb_row][et_pb_row column_structure=\u00bb1_2,1_2&#8243; use_custom_gutter=\u00bbon\u00bb gutter_width=\u00bb2&#8243; disabled_on=\u00bbon|on|on\u00bb _builder_version=\u00bb4.24.2&#8243; _module_preset=\u00bbdefault\u00bb max_width=\u00bb1200px\u00bb custom_margin=\u00bb||||false|false\u00bb custom_padding=\u00bb0px||0px||false|false\u00bb disabled=\u00bbon\u00bb global_colors_info=\u00bb{}\u00bb][et_pb_column type=\u00bb1_2&#8243; _builder_version=\u00bb4.16&#8243; _module_preset=\u00bbdefault\u00bb global_colors_info=\u00bb{}\u00bb][et_pb_text _builder_version=\u00bb4.22.1&#8243; _module_preset=\u00bbdefault\u00bb header_font=\u00bb||||||||\u00bb header_text_color=\u00bb#ffffff\u00bb header_font_size=\u00bb34px\u00bb header_letter_spacing=\u00bb2px\u00bb header_line_height=\u00bb1.4em\u00bb header_2_font=\u00bb|||on|||||\u00bb header_2_text_color=\u00bb#43464F\u00bb header_2_font_size=\u00bb28px\u00bb header_2_letter_spacing=\u00bb2px\u00bb header_2_line_height=\u00bb1.4em\u00bb header_3_font=\u00bb|||on|||||\u00bb header_3_letter_spacing=\u00bb2px\u00bb header_3_line_height=\u00bb1.2em\u00bb custom_margin=\u00bb0px||20px||false|false\u00bb custom_padding=\u00bb0px||||false|false\u00bb header_2_font_size_tablet=\u00bb\u00bb header_2_font_size_phone=\u00bb28px\u00bb header_2_font_size_last_edited=\u00bbon|phone\u00bb global_colors_info=\u00bb{}\u00bb]<\/p>\n<h3 style=\"text-align: center;\">La historia sobre DFT de una hija<\/h3>\n<p>[\/et_pb_text][et_pb_code module_class=\u00bbvimeo_video\u00bb _builder_version=\u00bb4.22.1&#8243; _module_preset=\u00bbdefault\u00bb global_colors_info=\u00bb{}\u00bb]<iframe src=\"https:\/\/player.vimeo.com\/video\/863645012?badge=0;autopause=0;player_id=0;app_id=58479\" height= frameborder=\"0\" allow=\"autoplay; fullscreen; picture-in-picture\" title=\"Jacquelyn - La historia sobre DFT de una hija - V\u00eddeo de formato largo - 8.10.23\"><\/iframe>[\/et_pb_code][et_pb_text _builder_version=\u00bb4.22.1&#8243; _module_preset=\u00bbdefault\u00bb header_font=\u00bb||||||||\u00bb header_text_color=\u00bb#ffffff\u00bb header_font_size=\u00bb34px\u00bb header_letter_spacing=\u00bb2px\u00bb header_line_height=\u00bb1.4em\u00bb header_2_font=\u00bb|||on|||||\u00bb header_2_text_color=\u00bb#43464F\u00bb header_2_font_size=\u00bb28px\u00bb header_2_letter_spacing=\u00bb2px\u00bb header_2_line_height=\u00bb1.4em\u00bb header_3_font=\u00bb|||on|||||\u00bb header_3_letter_spacing=\u00bb2px\u00bb header_3_line_height=\u00bb1.2em\u00bb custom_margin=\u00bb||20px||false|false\u00bb custom_padding=\u00bb15px||||false|false\u00bb header_2_font_size_tablet=\u00bb\u00bb header_2_font_size_phone=\u00bb28px\u00bb header_2_font_size_last_edited=\u00bbon|phone\u00bb global_colors_info=\u00bb{}\u00bb]<\/p>\n<p style=\"text-align: center;\">Los s\u00edntomas de DFT de la madre de Jacquelyn comenzaron ya en 2013, empezando por el insomnio, la p\u00e9rdida de memoria y diferencias con respecto a su comportamiento habitual. Escuche a Jacquelyn, que nos cuenta el recorrido de su madre por la DFT y c\u00f3mo toda la familia unida hace frente a esta devastadora enfermedad.<\/p>\n<p>[\/et_pb_text][\/et_pb_column][et_pb_column type=\u00bb1_2&#8243; _builder_version=\u00bb4.16&#8243; _module_preset=\u00bbdefault\u00bb global_colors_info=\u00bb{}\u00bb][et_pb_text _builder_version=\u00bb4.22.1&#8243; _module_preset=\u00bbdefault\u00bb header_font=\u00bb||||||||\u00bb header_text_color=\u00bb#ffffff\u00bb header_font_size=\u00bb34px\u00bb header_letter_spacing=\u00bb2px\u00bb header_line_height=\u00bb1.4em\u00bb header_2_font=\u00bb|||on|||||\u00bb header_2_text_color=\u00bb#43464F\u00bb header_2_font_size=\u00bb28px\u00bb header_2_letter_spacing=\u00bb2px\u00bb header_2_line_height=\u00bb1.4em\u00bb header_3_font=\u00bb|||on|||||\u00bb header_3_letter_spacing=\u00bb2px\u00bb header_3_line_height=\u00bb1.2em\u00bb custom_margin=\u00bb0px||20px||false|false\u00bb custom_padding=\u00bb0px||||false|false\u00bb header_2_font_size_tablet=\u00bb\u00bb header_2_font_size_phone=\u00bb28px\u00bb header_2_font_size_last_edited=\u00bbon|phone\u00bb global_colors_info=\u00bb{}\u00bb]<\/p>\n<h3 style=\"text-align: center;\">La historia sobre la DFT de una esposa<\/h3>\n<p>[\/et_pb_text][et_pb_code module_class=\u00bbvimeo_video\u00bb _builder_version=\u00bb4.22.1&#8243; _module_preset=\u00bbdefault\u00bb global_colors_info=\u00bb{}\u00bb]<iframe src=\"https:\/\/player.vimeo.com\/video\/863645744?title=0&#038;byline=0&#038;portrait=0&#038;speed=0&#038;badge=0&#038;autopause=0&#038;airplay=0&#038;audio_tracks=0&#038;chapters=0&#038;chromecast=0&#038;closed_captions=0&#038;transcript=0&#038;player_id=0&#038;app_id=58479\" height= frameborder=\"0\" allow=\"autoplay; fullscreen; picture-in-picture\" title=\"Tanya - El recorrido de una esposa de un paciente con DFT - V\u00eddeo de formato largo - 8.10.23 (4)\"><\/iframe>[\/et_pb_code][et_pb_text _builder_version=\u00bb4.22.1&#8243; _module_preset=\u00bbdefault\u00bb header_font=\u00bb||||||||\u00bb header_text_color=\u00bb#ffffff\u00bb header_font_size=\u00bb34px\u00bb header_letter_spacing=\u00bb2px\u00bb header_line_height=\u00bb1.4em\u00bb header_2_font=\u00bb|||on|||||\u00bb header_2_text_color=\u00bb#43464F\u00bb header_2_font_size=\u00bb28px\u00bb header_2_letter_spacing=\u00bb2px\u00bb header_2_line_height=\u00bb1.4em\u00bb header_3_font=\u00bb|||on|||||\u00bb header_3_letter_spacing=\u00bb2px\u00bb header_3_line_height=\u00bb1.2em\u00bb custom_margin=\u00bb15px||||false|false\u00bb custom_padding=\u00bb||||false|false\u00bb header_2_font_size_tablet=\u00bb\u00bb header_2_font_size_phone=\u00bb28px\u00bb header_2_font_size_last_edited=\u00bbon|phone\u00bb global_colors_info=\u00bb{}\u00bb]<\/p>\n<p style=\"text-align: center;\">El <span>esposo de Tanya era una pareja, padre y profesor de historia de escuela secundaria muy querido, que finalmente <\/span><span>falleci\u00f3<\/span><span> cinco a\u00f1os despu\u00e9s de su diagn\u00f3stico de DFT. Obtenga m\u00e1s informaci\u00f3n sobre su diagn\u00f3stico de DFT, el papel de Tanya como su cuidadora y su misi\u00f3n de concienciar sobre la DFT.<\/span><\/p>\n<p>[\/et_pb_text][\/et_pb_column][\/et_pb_row][\/et_pb_section][et_pb_section fb_built=\u00bb1&#8243; custom_padding_last_edited=\u00bbon|tablet\u00bb disabled_on=\u00bbon|on|on\u00bb _builder_version=\u00bb4.22.1&#8243; _module_preset=\u00bbdefault\u00bb background_color=\u00bb#E5E5E5&#8243; custom_margin=\u00bb0px||||false|false\u00bb custom_padding=\u00bb10vh||10vh||true|false\u00bb custom_padding_tablet=\u00bb5vh||10vh||false|false\u00bb custom_padding_phone=\u00bb\u00bb disabled=\u00bbon\u00bb global_colors_info=\u00bb{}\u00bb][et_pb_row _builder_version=\u00bb4.24.2&#8243; _module_preset=\u00bbdefault\u00bb global_colors_info=\u00bb{}\u00bb][et_pb_column type=\u00bb4_4&#8243; _builder_version=\u00bb4.22.1&#8243; _module_preset=\u00bbdefault\u00bb global_colors_info=\u00bb{}\u00bb][et_pb_blurb image=\u00bbhttps:\/\/quizzical-yonath.213-158-90-7.plesk.page\/wp-content\/uploads\/2022\/11\/Aviado-f-speer_F-Speer.png\u00bb icon_placement=\u00bbleft\u00bb image_icon_width=\u00bb250px\u00bb content_max_width=\u00bb100%\u00bb icon_placement_tablet=\u00bb\u00bb icon_placement_phone=\u00bbtop\u00bb icon_placement_last_edited=\u00bbon|phone\u00bb disabled_on=\u00bboff|off|off\u00bb _builder_version=\u00bb4.22.1&#8243; _module_preset=\u00bbdefault\u00bb header_font=\u00bb||||||||\u00bb header_text_color=\u00bb#26B2B6&#8243; header_font_size=\u00bb22px\u00bb header_line_height=\u00bb1.3em\u00bb image_icon_custom_padding_tablet=\u00bb\u00bb image_icon_custom_padding_phone=\u00bb\u00bb image_icon_custom_padding_last_edited=\u00bbon|phone\u00bb module_alignment=\u00bbleft\u00bb custom_margin=\u00bb||||false|false\u00bb custom_css_blurb_image=\u00bbpadding-right:50px\u00bb border_width_all_image_tablet=\u00bb\u00bb border_width_all_image_phone=\u00bb\u00bb border_width_all_image_last_edited=\u00bbon|phone\u00bb image_max_width=\u00bb150px\u00bb global_colors_info=\u00bb{}\u00bb custom_css_blurb_image_last_edited=\u00bbon|desktop\u00bb custom_css_blurb_image_tablet=\u00bbpadding-right:10px\u00bb custom_css_blurb_image_phone=\u00bbpadding-right:10px\u00bb]<\/p>\n<p>\u201cEs desgarrador ver lo r\u00e1pido que las enfermedades neurodegenerativas, como la ELA y la DFT, cambian la vida de los pacientes, las familias y los cuidadores. En AviadoBio, escuchamos atentamente a esta comunidad y sabemos que su aportaci\u00f3n a nuestro trabajo es inestimable. Ampliamos este mismo enfoque compasivo a todas aquellas personas con las que trabajamos, para que todos puedan colaborar compartiendo sus ideas y ofreciendo soluciones creativas\u201d.<\/p>\n<p><span style=\"font-size: 22px; line-height: 1.6em;\"><strong>Farah Speer<\/strong><\/span><br \/><span style=\"color: #26b2b6;\">SVP, Communications and External Relations<\/span><\/p>\n<p>&nbsp;<\/p>\n<p>[\/et_pb_blurb][\/et_pb_column][\/et_pb_row][\/et_pb_section][et_pb_section fb_built=\u00bb1&#8243; custom_padding_last_edited=\u00bbon|tablet\u00bb _builder_version=\u00bb4.22.1&#8243; _module_preset=\u00bbdefault\u00bb background_color=\u00bb#E5E5E5&#8243; custom_margin=\u00bb0px||||false|false\u00bb custom_padding=\u00bb10vh||20vh||false|false\u00bb custom_padding_tablet=\u00bb5vh||10vh||false|false\u00bb custom_padding_phone=\u00bb\u00bb bottom_divider_style=\u00bbramp\u00bb bottom_divider_color=\u00bb#43464F\u00bb bottom_divider_flip=\u00bbvertical|horizontal\u00bb global_colors_info=\u00bb{}\u00bb][et_pb_row column_structure=\u00bb1_4,3_4&#8243; make_equal=\u00bbon\u00bb custom_padding_last_edited=\u00bbon|phone\u00bb _builder_version=\u00bb4.24.2&#8243; _module_preset=\u00bbdefault\u00bb custom_padding=\u00bb0px||0px||false|false\u00bb custom_padding_tablet=\u00bb||30px||false|false\u00bb custom_padding_phone=\u00bb||30px||false|false\u00bb global_colors_info=\u00bb{}\u00bb][et_pb_column type=\u00bb1_4&#8243; _builder_version=\u00bb4.22.1&#8243; _module_preset=\u00bbdefault\u00bb global_colors_info=\u00bb{}\u00bb][et_pb_image src=\u00bbhttps:\/\/quizzical-yonath.213-158-90-7.plesk.page\/wp-content\/uploads\/2022\/11\/Aviado-f-speer_F-Speer.png\u00bb title_text=\u00bbAviado-f-speer_F-Speer\u00bb _builder_version=\u00bb4.22.1&#8243; _module_preset=\u00bbdefault\u00bb max_width=\u00bb300px\u00bb global_colors_info=\u00bb{}\u00bb][\/et_pb_image][\/et_pb_column][et_pb_column type=\u00bb3_4&#8243; _builder_version=\u00bb4.22.1&#8243; _module_preset=\u00bbdefault\u00bb custom_css_main_element=\u00bbmargin:auto\u00bb global_colors_info=\u00bb{}\u00bb][et_pb_text _builder_version=\u00bb4.22.1&#8243; _module_preset=\u00bbdefault\u00bb header_font=\u00bb||||||||\u00bb header_text_color=\u00bb#ffffff\u00bb header_font_size=\u00bb34px\u00bb header_letter_spacing=\u00bb2px\u00bb header_line_height=\u00bb1.4em\u00bb header_2_font=\u00bb|||on|||||\u00bb header_2_text_align=\u00bbcenter\u00bb header_2_text_color=\u00bb#43464F\u00bb header_2_letter_spacing=\u00bb2px\u00bb header_2_line_height=\u00bb1.4em\u00bb header_4_font=\u00bb|300|||||||\u00bb header_4_text_color=\u00bb#26B2B6&#8243; text_orientation=\u00bbcenter\u00bb custom_margin=\u00bb0px||0px||false|false\u00bb custom_padding=\u00bb0px||||false|false\u00bb custom_padding_tablet=\u00bb||30px||false|false\u00bb custom_padding_phone=\u00bb||30px||false|false\u00bb custom_padding_last_edited=\u00bbon|tablet\u00bb header_2_font_size_tablet=\u00bb\u00bb header_2_font_size_phone=\u00bb24px\u00bb header_2_font_size_last_edited=\u00bbon|phone\u00bb global_colors_info=\u00bb{}\u00bb]<\/p>\n<p style=\"text-align: left;\">\u201cEs desgarrador ver lo r\u00e1pido que las enfermedades neurodegenerativas, como la ELA y la DFT, cambian la vida de los pacientes, las familias y los cuidadores. En AviadoBio, escuchamos atentamente a esta comunidad y sabemos que su aportaci\u00f3n a nuestro trabajo es inestimable. Ampliamos este mismo enfoque compasivo a todas aquellas personas con las que trabajamos, para que todos puedan colaborar compartiendo sus ideas y ofreciendo soluciones creativas\u201d.<\/p>\n<p style=\"text-align: left;\">\n<p>[\/et_pb_text][et_pb_text module_class=\u00bbmy_name\u00bb _builder_version=\u00bb4.22.1&#8243; _module_preset=\u00bbdefault\u00bb header_font=\u00bb||||||||\u00bb header_text_color=\u00bb#ffffff\u00bb header_font_size=\u00bb34px\u00bb header_letter_spacing=\u00bb2px\u00bb header_line_height=\u00bb1.4em\u00bb header_2_font=\u00bb|||on|||||\u00bb header_2_text_align=\u00bbcenter\u00bb header_2_text_color=\u00bb#43464F\u00bb header_2_letter_spacing=\u00bb2px\u00bb header_2_line_height=\u00bb1.4em\u00bb header_4_font=\u00bb|300|||||||\u00bb header_4_text_color=\u00bb#26B2B6&#8243; text_orientation=\u00bbcenter\u00bb custom_margin=\u00bb0px||0px||false|false\u00bb custom_padding=\u00bb0px||||false|false\u00bb custom_padding_tablet=\u00bb||30px||false|false\u00bb custom_padding_phone=\u00bb||30px||false|false\u00bb custom_padding_last_edited=\u00bbon|tablet\u00bb header_2_font_size_tablet=\u00bb\u00bb header_2_font_size_phone=\u00bb24px\u00bb header_2_font_size_last_edited=\u00bbon|phone\u00bb global_colors_info=\u00bb{}\u00bb]<\/p>\n<h3 style=\"text-align: left;\">Farah Speer<\/h3>\n<p style=\"text-align: left;\"><strong><span style=\"color: #26b2b6;\">SVP, Communications and External Relations<\/span><\/strong><\/p>\n<p>[\/et_pb_text][\/et_pb_column][\/et_pb_row][\/et_pb_section]<\/p>\n","protected":false},"excerpt":{"rendered":"<p>Acerca de la DFT La demencia frontotemporal (DFT) es una forma devastadora de demencia de inicio temprano que var\u00eda en cada individuo. Los s\u00edntomas de la DFT pueden incluir cambios en la personalidad o comportamientos no caracter\u00edsticos, p\u00e9rdida progresiva del lenguaje, p\u00e9rdida de la funci\u00f3n ejecutiva y las capacidades cognitivas, apat\u00eda y movilidad reducida.1\u22123 La [&hellip;]<\/p>\n","protected":false},"author":1,"featured_media":0,"parent":0,"menu_order":0,"comment_status":"closed","ping_status":"closed","template":"","meta":{"_et_pb_use_builder":"on","_et_pb_old_content":"","_et_gb_content_width":"","footnotes":""},"yoast_head":"<!-- This site is optimized with the Yoast SEO plugin v23.4 - https:\/\/yoast.com\/wordpress\/plugins\/seo\/ -->\n<title>Acerca de la DFT - ASPIRE-FTD<\/title>\n<meta name=\"description\" content=\"La demencia frontotemporal (DFT) es una forma devastadora de demencia de inicio temprano que se caracteriza por un r\u00e1pido deterioro del funcionamiento ejecutivo...\" \/>\n<meta name=\"robots\" content=\"noindex, follow, max-snippet:-1, max-image-preview:large, max-video-preview:-1\" \/>\n<meta property=\"og:locale\" content=\"es_ES\" \/>\n<meta property=\"og:type\" content=\"article\" \/>\n<meta property=\"og:title\" content=\"Acerca de la DFT - ASPIRE-FTD\" \/>\n<meta property=\"og:description\" content=\"La demencia frontotemporal (DFT) es una forma devastadora de demencia de inicio temprano que se caracteriza por un r\u00e1pido deterioro del funcionamiento ejecutivo...\" \/>\n<meta property=\"og:url\" content=\"https:\/\/quizzical-yonath.213-158-90-7.plesk.page\/es\/acerca-de-la-dft\/\" \/>\n<meta property=\"og:site_name\" content=\"ASPIRE-FTD\" \/>\n<meta property=\"article:modified_time\" content=\"2025-04-08T14:35:14+00:00\" \/>\n<meta property=\"og:image\" content=\"https:\/\/quizzical-yonath.213-158-90-7.plesk.page\/wp-content\/uploads\/2023\/11\/AspireFTD-500x500-1.jpg\" \/>\n\t<meta property=\"og:image:width\" content=\"500\" \/>\n\t<meta property=\"og:image:height\" content=\"500\" \/>\n\t<meta property=\"og:image:type\" content=\"image\/jpeg\" \/>\n<meta name=\"twitter:card\" content=\"summary_large_image\" \/>\n<meta name=\"twitter:label1\" content=\"Tiempo de lectura\" \/>\n\t<meta name=\"twitter:data1\" content=\"26 minutos\" \/>\n<script type=\"application\/ld+json\" class=\"yoast-schema-graph\">{\"@context\":\"https:\/\/schema.org\",\"@graph\":[{\"@type\":\"WebPage\",\"@id\":\"https:\/\/quizzical-yonath.213-158-90-7.plesk.page\/es\/acerca-de-la-dft\/\",\"url\":\"https:\/\/quizzical-yonath.213-158-90-7.plesk.page\/es\/acerca-de-la-dft\/\",\"name\":\"Acerca de la DFT - ASPIRE-FTD\",\"isPartOf\":{\"@id\":\"https:\/\/quizzical-yonath.213-158-90-7.plesk.page\/#website\"},\"datePublished\":\"2023-07-20T15:04:08+00:00\",\"dateModified\":\"2025-04-08T14:35:14+00:00\",\"description\":\"La demencia frontotemporal (DFT) es una forma devastadora de demencia de inicio temprano que se caracteriza por un r\u00e1pido deterioro del funcionamiento ejecutivo...\",\"breadcrumb\":{\"@id\":\"https:\/\/quizzical-yonath.213-158-90-7.plesk.page\/es\/acerca-de-la-dft\/#breadcrumb\"},\"inLanguage\":\"es\",\"potentialAction\":[{\"@type\":\"ReadAction\",\"target\":[\"https:\/\/quizzical-yonath.213-158-90-7.plesk.page\/es\/acerca-de-la-dft\/\"]}]},{\"@type\":\"BreadcrumbList\",\"@id\":\"https:\/\/quizzical-yonath.213-158-90-7.plesk.page\/es\/acerca-de-la-dft\/#breadcrumb\",\"itemListElement\":[{\"@type\":\"ListItem\",\"position\":1,\"name\":\"Home\",\"item\":\"https:\/\/quizzical-yonath.213-158-90-7.plesk.page\/\"},{\"@type\":\"ListItem\",\"position\":2,\"name\":\"Acerca de la DFT\"}]},{\"@type\":\"WebSite\",\"@id\":\"https:\/\/quizzical-yonath.213-158-90-7.plesk.page\/#website\",\"url\":\"https:\/\/quizzical-yonath.213-158-90-7.plesk.page\/\",\"name\":\"ASPIRE-FTD\",\"description\":\"CLINICAL TRIAL\",\"publisher\":{\"@id\":\"https:\/\/quizzical-yonath.213-158-90-7.plesk.page\/#organization\"},\"potentialAction\":[{\"@type\":\"SearchAction\",\"target\":{\"@type\":\"EntryPoint\",\"urlTemplate\":\"https:\/\/quizzical-yonath.213-158-90-7.plesk.page\/?s={search_term_string}\"},\"query-input\":{\"@type\":\"PropertyValueSpecification\",\"valueRequired\":true,\"valueName\":\"search_term_string\"}}],\"inLanguage\":\"es\"},{\"@type\":\"Organization\",\"@id\":\"https:\/\/quizzical-yonath.213-158-90-7.plesk.page\/#organization\",\"name\":\"AviadoBio\",\"url\":\"https:\/\/quizzical-yonath.213-158-90-7.plesk.page\/\",\"logo\":{\"@type\":\"ImageObject\",\"inLanguage\":\"es\",\"@id\":\"https:\/\/quizzical-yonath.213-158-90-7.plesk.page\/#\/schema\/logo\/image\/\",\"url\":\"https:\/\/quizzical-yonath.213-158-90-7.plesk.page\/wp-content\/uploads\/2023\/11\/AspireFTD-500x500-1.jpg\",\"contentUrl\":\"https:\/\/quizzical-yonath.213-158-90-7.plesk.page\/wp-content\/uploads\/2023\/11\/AspireFTD-500x500-1.jpg\",\"width\":500,\"height\":500,\"caption\":\"AviadoBio\"},\"image\":{\"@id\":\"https:\/\/quizzical-yonath.213-158-90-7.plesk.page\/#\/schema\/logo\/image\/\"}}]}<\/script>\n<!-- \/ Yoast SEO plugin. -->","yoast_head_json":{"title":"Acerca de la DFT - ASPIRE-FTD","description":"La demencia frontotemporal (DFT) es una forma devastadora de demencia de inicio temprano que se caracteriza por un r\u00e1pido deterioro del funcionamiento ejecutivo...","robots":{"index":"noindex","follow":"follow","max-snippet":"max-snippet:-1","max-image-preview":"max-image-preview:large","max-video-preview":"max-video-preview:-1"},"og_locale":"es_ES","og_type":"article","og_title":"Acerca de la DFT - ASPIRE-FTD","og_description":"La demencia frontotemporal (DFT) es una forma devastadora de demencia de inicio temprano que se caracteriza por un r\u00e1pido deterioro del funcionamiento ejecutivo...","og_url":"https:\/\/quizzical-yonath.213-158-90-7.plesk.page\/es\/acerca-de-la-dft\/","og_site_name":"ASPIRE-FTD","article_modified_time":"2025-04-08T14:35:14+00:00","og_image":[{"width":500,"height":500,"url":"https:\/\/quizzical-yonath.213-158-90-7.plesk.page\/wp-content\/uploads\/2023\/11\/AspireFTD-500x500-1.jpg","type":"image\/jpeg"}],"twitter_card":"summary_large_image","twitter_misc":{"Tiempo de lectura":"26 minutos"},"schema":{"@context":"https:\/\/schema.org","@graph":[{"@type":"WebPage","@id":"https:\/\/quizzical-yonath.213-158-90-7.plesk.page\/es\/acerca-de-la-dft\/","url":"https:\/\/quizzical-yonath.213-158-90-7.plesk.page\/es\/acerca-de-la-dft\/","name":"Acerca de la DFT - ASPIRE-FTD","isPartOf":{"@id":"https:\/\/quizzical-yonath.213-158-90-7.plesk.page\/#website"},"datePublished":"2023-07-20T15:04:08+00:00","dateModified":"2025-04-08T14:35:14+00:00","description":"La demencia frontotemporal (DFT) es una forma devastadora de demencia de inicio temprano que se caracteriza por un r\u00e1pido deterioro del funcionamiento ejecutivo...","breadcrumb":{"@id":"https:\/\/quizzical-yonath.213-158-90-7.plesk.page\/es\/acerca-de-la-dft\/#breadcrumb"},"inLanguage":"es","potentialAction":[{"@type":"ReadAction","target":["https:\/\/quizzical-yonath.213-158-90-7.plesk.page\/es\/acerca-de-la-dft\/"]}]},{"@type":"BreadcrumbList","@id":"https:\/\/quizzical-yonath.213-158-90-7.plesk.page\/es\/acerca-de-la-dft\/#breadcrumb","itemListElement":[{"@type":"ListItem","position":1,"name":"Home","item":"https:\/\/quizzical-yonath.213-158-90-7.plesk.page\/"},{"@type":"ListItem","position":2,"name":"Acerca de la DFT"}]},{"@type":"WebSite","@id":"https:\/\/quizzical-yonath.213-158-90-7.plesk.page\/#website","url":"https:\/\/quizzical-yonath.213-158-90-7.plesk.page\/","name":"ASPIRE-FTD","description":"CLINICAL TRIAL","publisher":{"@id":"https:\/\/quizzical-yonath.213-158-90-7.plesk.page\/#organization"},"potentialAction":[{"@type":"SearchAction","target":{"@type":"EntryPoint","urlTemplate":"https:\/\/quizzical-yonath.213-158-90-7.plesk.page\/?s={search_term_string}"},"query-input":{"@type":"PropertyValueSpecification","valueRequired":true,"valueName":"search_term_string"}}],"inLanguage":"es"},{"@type":"Organization","@id":"https:\/\/quizzical-yonath.213-158-90-7.plesk.page\/#organization","name":"AviadoBio","url":"https:\/\/quizzical-yonath.213-158-90-7.plesk.page\/","logo":{"@type":"ImageObject","inLanguage":"es","@id":"https:\/\/quizzical-yonath.213-158-90-7.plesk.page\/#\/schema\/logo\/image\/","url":"https:\/\/quizzical-yonath.213-158-90-7.plesk.page\/wp-content\/uploads\/2023\/11\/AspireFTD-500x500-1.jpg","contentUrl":"https:\/\/quizzical-yonath.213-158-90-7.plesk.page\/wp-content\/uploads\/2023\/11\/AspireFTD-500x500-1.jpg","width":500,"height":500,"caption":"AviadoBio"},"image":{"@id":"https:\/\/quizzical-yonath.213-158-90-7.plesk.page\/#\/schema\/logo\/image\/"}}]}},"_links":{"self":[{"href":"https:\/\/quizzical-yonath.213-158-90-7.plesk.page\/es\/wp-json\/wp\/v2\/pages\/6221"}],"collection":[{"href":"https:\/\/quizzical-yonath.213-158-90-7.plesk.page\/es\/wp-json\/wp\/v2\/pages"}],"about":[{"href":"https:\/\/quizzical-yonath.213-158-90-7.plesk.page\/es\/wp-json\/wp\/v2\/types\/page"}],"author":[{"embeddable":true,"href":"https:\/\/quizzical-yonath.213-158-90-7.plesk.page\/es\/wp-json\/wp\/v2\/users\/1"}],"replies":[{"embeddable":true,"href":"https:\/\/quizzical-yonath.213-158-90-7.plesk.page\/es\/wp-json\/wp\/v2\/comments?post=6221"}],"version-history":[{"count":21,"href":"https:\/\/quizzical-yonath.213-158-90-7.plesk.page\/es\/wp-json\/wp\/v2\/pages\/6221\/revisions"}],"predecessor-version":[{"id":8114,"href":"https:\/\/quizzical-yonath.213-158-90-7.plesk.page\/es\/wp-json\/wp\/v2\/pages\/6221\/revisions\/8114"}],"wp:attachment":[{"href":"https:\/\/quizzical-yonath.213-158-90-7.plesk.page\/es\/wp-json\/wp\/v2\/media?parent=6221"}],"curies":[{"name":"wp","href":"https:\/\/api.w.org\/{rel}","templated":true}]}}