{"id":6024,"date":"2023-07-20T16:04:08","date_gmt":"2023-07-20T15:04:08","guid":{"rendered":"https:\/\/upbeat-bassi.138-201-129-95.plesk.page\/informazioni-sulla-ftd\/"},"modified":"2025-04-08T15:30:22","modified_gmt":"2025-04-08T14:30:22","slug":"informazioni-sulla-ftd","status":"publish","type":"page","link":"https:\/\/quizzical-yonath.213-158-90-7.plesk.page\/it\/informazioni-sulla-ftd\/","title":{"rendered":"Informazioni sulla FTD"},"content":{"rendered":"<p>[et_pb_section fb_built=&#8221;1&#8243; custom_padding_last_edited=&#8221;on|phone&#8221; _builder_version=&#8221;4.22.1&#8243; _module_preset=&#8221;default&#8221; background_image=&#8221;https:\/\/quizzical-yonath.213-158-90-7.plesk.page\/wp-content\/uploads\/2023\/11\/Aspire-ftd-AviadoBio-Logo-Element-v2.png&#8221; background_size=&#8221;custom&#8221; background_image_width=&#8221;30%&#8221; background_position=&#8221;top_right&#8221; background_horizontal_offset=&#8221;10%&#8221; custom_margin=&#8221;0px||||false|false&#8221; custom_padding=&#8221;10vh||10vh||true|false&#8221; custom_padding_tablet=&#8221;5vh||5vh||true|false&#8221; custom_padding_phone=&#8221;&#8221; background_last_edited=&#8221;on|tablet&#8221; background_enable_image_tablet=&#8221;off&#8221; global_colors_info=&#8221;{}&#8221;][et_pb_row column_structure=&#8221;2_3,1_3&#8243; custom_padding_last_edited=&#8221;on|phone&#8221; _builder_version=&#8221;4.24.2&#8243; _module_preset=&#8221;default&#8221; width_tablet=&#8221;80%&#8221; width_last_edited=&#8221;off|desktop&#8221; module_alignment=&#8221;center&#8221; custom_margin=&#8221;||||false|false&#8221; custom_padding=&#8221;0px||0px||false|false&#8221; custom_padding_tablet=&#8221;&#8221; custom_padding_phone=&#8221;&#8221; module_alignment_tablet=&#8221;center&#8221; module_alignment_phone=&#8221;center&#8221; module_alignment_last_edited=&#8221;off|desktop&#8221; global_colors_info=&#8221;{}&#8221;][et_pb_column type=&#8221;2_3&#8243; _builder_version=&#8221;4.22.1&#8243; _module_preset=&#8221;default&#8221; custom_padding_tablet=&#8221;||30px||false|false&#8221; custom_padding_phone=&#8221;||30px||false|false&#8221; custom_padding_last_edited=&#8221;on|tablet&#8221; custom_css_main_element=&#8221;margin:auto;&#8221; global_colors_info=&#8221;{}&#8221;][et_pb_text _builder_version=&#8221;4.24.2&#8243; _module_preset=&#8221;default&#8221; header_font=&#8221;|||on|||||&#8221; header_font_size=&#8221;38px&#8221; header_letter_spacing=&#8221;2px&#8221; header_2_font=&#8221;|||on|||||&#8221; header_2_text_color=&#8221;#43464F&#8221; header_2_letter_spacing=&#8221;2px&#8221; header_2_line_height=&#8221;1.4em&#8221; module_alignment=&#8221;left&#8221; custom_margin=&#8221;0px||0px||false|false&#8221; custom_padding=&#8221;0px||||false|false&#8221; header_font_size_tablet=&#8221;&#8221; header_font_size_phone=&#8221;32px&#8221; header_font_size_last_edited=&#8221;on|phone&#8221; header_2_font_size_tablet=&#8221;&#8221; header_2_font_size_phone=&#8221;24px&#8221; header_2_font_size_last_edited=&#8221;on|phone&#8221; global_colors_info=&#8221;{}&#8221;]<\/p>\n<h1>Informazioni sulla FTD<\/h1>\n<p>La demenza frontotemporale (FTD) \u00e8 una forma devastante di demenza a esordio precoce che varia in ciascun individuo. I sintomi della DFT possono includere cambiamenti della personalit\u00e0 o comportamenti non caratteristici, perdita progressiva del linguaggio, perdita della funzione esecutiva e delle capacit\u00e0 cognitive, apatia e ridotta mobilit\u00e0.<span style=\"vertical-align: super; line-height: 1em; font-size: 70%;\">\u00b9\u207b\u00b3<\/span> La FTD causa una sostanziale riduzione dell\u2019aspettativa di vita e in media le persone affette da FTD muoiono a 3-13 anni dalla diagnosi.<span style=\"vertical-align: super; line-height: 1em; font-size: 70%;\">\u2074\u207b\u2077<\/span> Si tratta di una malattia gravemente invalidante, con i\/le pazienti che riferiscono difficolt\u00e0 e problemi nello svolgimento delle attivit\u00e0 quotidiane, anche a stadi lievi e moderati della malattia.<span style=\"vertical-align: super; line-height: 1em; font-size: 70%;\">\u2078<\/span><\/p>\n<p>&nbsp;[\/et_pb_text][\/et_pb_column][et_pb_column type=&#8221;1_3&#8243; disabled_on=&#8221;off|off|off&#8221; _builder_version=&#8221;4.22.1&#8243; _module_preset=&#8221;default&#8221; background_color=&#8221;RGBA(255,255,255,0)&#8221; custom_padding=&#8221;20px|20px|20px|20px|true|true&#8221; global_colors_info=&#8221;{}&#8221;][\/et_pb_column][\/et_pb_row][\/et_pb_section][et_pb_section fb_built=&#8221;1&#8243; custom_padding_last_edited=&#8221;on|phone&#8221; _builder_version=&#8221;4.24.2&#8243; _module_preset=&#8221;default&#8221; background_color=&#8221;#E5E5E5&#8243; background_enable_image=&#8221;off&#8221; parallax=&#8221;on&#8221; custom_margin=&#8221;0px||0px||false|false&#8221; custom_padding=&#8221;10vh||10vh||false|false&#8221; custom_padding_tablet=&#8221;&#8221; custom_padding_phone=&#8221;10vh||||false|false&#8221; top_divider_flip=&#8221;horizontal|vertical&#8221; bottom_divider_color=&#8221;#43464F&#8221; bottom_divider_flip=&#8221;vertical|horizontal&#8221; global_colors_info=&#8221;{}&#8221;][et_pb_row column_structure=&#8221;1_2,1_2&#8243; make_equal=&#8221;on&#8221; custom_padding_last_edited=&#8221;on|tablet&#8221; _builder_version=&#8221;4.24.2&#8243; _module_preset=&#8221;default&#8221; custom_margin=&#8221;||||false|false&#8221; custom_padding=&#8221;0px||50px||false|false&#8221; custom_padding_tablet=&#8221;0px||30px||false|false&#8221; custom_padding_phone=&#8221;&#8221; global_colors_info=&#8221;{}&#8221;][et_pb_column type=&#8221;1_2&#8243; _builder_version=&#8221;4.16&#8243; _module_preset=&#8221;default&#8221; custom_padding=&#8221;||40px||false|false&#8221; border_width_bottom=&#8221;2px&#8221; border_color_bottom=&#8221;#26B2B6&#8243; global_colors_info=&#8221;{}&#8221;][et_pb_blurb image=&#8221;https:\/\/quizzical-yonath.213-158-90-7.plesk.page\/wp-content\/uploads\/2023\/09\/AviadoBio-icon-FTD-1-v3.png&#8221; alt=&#8221;Aviadobio&#8221; icon_placement=&#8221;left&#8221; image_icon_width=&#8221;100px&#8221; content_max_width=&#8221;100%&#8221; icon_placement_tablet=&#8221;&#8221; icon_placement_phone=&#8221;top&#8221; icon_placement_last_edited=&#8221;on|phone&#8221; _builder_version=&#8221;4.24.2&#8243; _module_preset=&#8221;default&#8221; header_text_color=&#8221;#ffffff&#8221; header_font_size=&#8221;26px&#8221; header_letter_spacing=&#8221;2px&#8221; body_text_color=&#8221;#43464F&#8221; body_font_size=&#8221;20px&#8221; body_link_font=&#8221;SweetSans Light||||||||&#8221; body_link_text_color=&#8221;#26B2B6&#8243; body_link_font_size=&#8221;18px&#8221; body_link_letter_spacing=&#8221;3px&#8221; image_icon_custom_padding_tablet=&#8221;&#8221; image_icon_custom_padding_phone=&#8221;&#8221; image_icon_custom_padding_last_edited=&#8221;on|phone&#8221; custom_padding_tablet=&#8221;&#8221; custom_padding_phone=&#8221;&#8221; custom_padding_last_edited=&#8221;on|phone&#8221; custom_css_blurb_image=&#8221;padding-right:20px;||&#8221; border_color_all_image=&#8221;#26B2B6&#8243; border_width_all_image_tablet=&#8221;&#8221; border_width_all_image_phone=&#8221;&#8221; border_width_all_image_last_edited=&#8221;on|phone&#8221; image_max_width=&#8221;100px&#8221; global_colors_info=&#8221;{}&#8221; body_link_text_color__hover_enabled=&#8221;off|desktop&#8221; body_link_text_color__hover=&#8221;#ffffff&#8221;]<\/p>\n<p>La FTD \u00e8 una delle cause principali di demenza giovanile (o precoce) nei soggetti di et\u00e0 inferiore a 65 anni.<span style=\"vertical-align: super; line-height: 1em; font-size: 70%;\">\u2079<\/span> Si stima che negli Stati Uniti vi siano circa 20.000-30.000 pazienti affetti\/e da FTD<span style=\"vertical-align: super; line-height: 1em; font-size: 70%;\">\u00b2<\/span> e ogni anno in Europa vengono diagnosticati pi\u00f9 di 12.000 nuovi casi di FTD.<span style=\"vertical-align: super; line-height: 1em; font-size: 70%;\">\u00b9\u2070 <\/span> La prevalenza e l\u2019incidenza della FTD sono probabilmente sottostimate a causa della difficolt\u00e0 di identificazione e diagnosi della FTD.<span style=\"vertical-align: super; line-height: 1em; font-size: 70%;\">\u00b2,\u2075<\/span><\/p>\n<p>[\/et_pb_blurb][\/et_pb_column][et_pb_column type=&#8221;1_2&#8243; _builder_version=&#8221;4.16&#8243; _module_preset=&#8221;default&#8221; custom_padding=&#8221;||40px||false|false&#8221; border_width_bottom=&#8221;2px&#8221; border_color_bottom=&#8221;#26B2B6&#8243; global_colors_info=&#8221;{}&#8221;][et_pb_blurb image=&#8221;https:\/\/quizzical-yonath.213-158-90-7.plesk.page\/wp-content\/uploads\/2024\/11\/AviadoBio-icon-FTD-7.png&#8221; alt=&#8221;Aviadobio&#8221; icon_placement=&#8221;left&#8221; image_icon_width=&#8221;100px&#8221; content_max_width=&#8221;100%&#8221; icon_placement_tablet=&#8221;&#8221; icon_placement_phone=&#8221;top&#8221; icon_placement_last_edited=&#8221;on|phone&#8221; _builder_version=&#8221;4.24.2&#8243; _module_preset=&#8221;default&#8221; header_text_color=&#8221;#ffffff&#8221; header_font_size=&#8221;26px&#8221; header_letter_spacing=&#8221;2px&#8221; body_text_color=&#8221;#43464F&#8221; body_font_size=&#8221;20px&#8221; body_link_font=&#8221;SweetSans Light||||||||&#8221; body_link_text_color=&#8221;#26B2B6&#8243; body_link_font_size=&#8221;18px&#8221; body_link_letter_spacing=&#8221;3px&#8221; image_icon_custom_padding_tablet=&#8221;&#8221; image_icon_custom_padding_phone=&#8221;&#8221; image_icon_custom_padding_last_edited=&#8221;on|phone&#8221; custom_css_blurb_image=&#8221;padding-right:20px;||&#8221; border_color_all_image=&#8221;#26B2B6&#8243; border_width_all_image_tablet=&#8221;&#8221; border_width_all_image_phone=&#8221;&#8221; border_width_all_image_last_edited=&#8221;on|phone&#8221; image_max_width=&#8221;100px&#8221; global_colors_info=&#8221;{}&#8221; body_link_text_color__hover_enabled=&#8221;off|desktop&#8221; body_link_text_color__hover=&#8221;#ffffff&#8221;]<\/p>\n<p>A causa dell&#8217;esordio tipicamente precoce della FTD, essa ha effetti dannosi significativi sulle relazioni, sulla vita sociale, sul funzionamento occupazionale, sullo stato finanziario e sulla qualit\u00e0 della vita.<span style=\"vertical-align: super; line-height: 1em; font-size: 70%;\">\u2078,\u2079<\/span> La maggior parte dei servizi di assistenza sanitaria e sociale per la demenza \u00e8 personalizzata per gli anziani e i\/le pazienti con malattia di Alzheimer (Alzheimer&#8217;s disease, AD) e quindi spesso non soddisfa le esigenze dei\/lle pazienti pi\u00f9 giovani affetti da FTD e dei loro accompagnatori familiari o professionali.<span style=\"vertical-align: super; line-height: 1em; font-size: 70%;\">\u2075<\/span><\/p>\n<p>[\/et_pb_blurb][\/et_pb_column][\/et_pb_row][et_pb_row column_structure=&#8221;1_2,1_2&#8243; make_equal=&#8221;on&#8221; custom_padding_last_edited=&#8221;on|tablet&#8221; _builder_version=&#8221;4.24.2&#8243; _module_preset=&#8221;default&#8221; custom_margin=&#8221;||||false|false&#8221; custom_padding=&#8221;0px||50px||false|false&#8221; custom_padding_tablet=&#8221;0px||30px||false|false&#8221; custom_padding_phone=&#8221;&#8221; global_colors_info=&#8221;{}&#8221;][et_pb_column type=&#8221;1_2&#8243; _builder_version=&#8221;4.16&#8243; _module_preset=&#8221;default&#8221; custom_padding=&#8221;||40px||false|false&#8221; border_width_bottom=&#8221;2px&#8221; border_color_bottom=&#8221;#26B2B6&#8243; global_colors_info=&#8221;{}&#8221;][et_pb_blurb image=&#8221;https:\/\/quizzical-yonath.213-158-90-7.plesk.page\/wp-content\/uploads\/2023\/07\/AviadoBio-icon-FTD-3.png&#8221; alt=&#8221;Aviadobio&#8221; icon_placement=&#8221;left&#8221; image_icon_width=&#8221;100px&#8221; content_max_width=&#8221;100%&#8221; icon_placement_tablet=&#8221;&#8221; icon_placement_phone=&#8221;top&#8221; icon_placement_last_edited=&#8221;on|phone&#8221; _builder_version=&#8221;4.24.2&#8243; _module_preset=&#8221;default&#8221; header_text_color=&#8221;#ffffff&#8221; header_font_size=&#8221;26px&#8221; header_letter_spacing=&#8221;2px&#8221; body_text_color=&#8221;#43464F&#8221; body_font_size=&#8221;20px&#8221; body_link_font=&#8221;SweetSans Light||||||||&#8221; body_link_text_color=&#8221;#26B2B6&#8243; body_link_font_size=&#8221;18px&#8221; body_link_letter_spacing=&#8221;3px&#8221; image_icon_custom_padding_tablet=&#8221;&#8221; image_icon_custom_padding_phone=&#8221;&#8221; image_icon_custom_padding_last_edited=&#8221;on|phone&#8221; custom_css_blurb_image=&#8221;padding-right:20px;||&#8221; border_color_all_image=&#8221;#26B2B6&#8243; border_width_all_image_tablet=&#8221;&#8221; border_width_all_image_phone=&#8221;&#8221; border_width_all_image_last_edited=&#8221;on|phone&#8221; image_max_width=&#8221;100px&#8221; global_colors_info=&#8221;{}&#8221; body_link_text_color__hover_enabled=&#8221;off|desktop&#8221; body_link_text_color__hover=&#8221;#ffffff&#8221;]La FTD pu\u00f2 essere suddivisa in FTD familiare e sporadica.<span style=\"vertical-align: super; line-height: 1em; font-size: 70%;\">\u00b9\u00b9<\/span> La DFT sporadica \u00e8 pi\u00f9 comune.<span style=\"vertical-align: super; line-height: 1em; font-size: 70%;\">\u00b9\u00b9<\/span> Tuttavia, la FTD \u00e8 altamente ereditaria e una forte anamnesi familiare si riscontra in circa il 30-50% di tutti\/e i\/le pazienti affetti\/e da FTD.<span style=\"vertical-align: super; line-height: 1em; font-size: 70%;\">\u2075,\u00b9\u00b9,\u00b9\u00b2<\/span> Le mutazioni nella progranulina (GRN) rappresentano circa il 10% di tutti i casi di FTD e circa il 22% dei casi familiari di FTD.<span style=\"vertical-align: super; line-height: 1em; font-size: 70%;\">\u00b9\u00b2<\/span>[\/et_pb_blurb][\/et_pb_column][et_pb_column type=&#8221;1_2&#8243; _builder_version=&#8221;4.16&#8243; _module_preset=&#8221;default&#8221; custom_padding=&#8221;||40px||false|false&#8221; border_width_bottom=&#8221;2px&#8221; border_color_bottom=&#8221;#26B2B6&#8243; global_colors_info=&#8221;{}&#8221;][et_pb_blurb image=&#8221;https:\/\/quizzical-yonath.213-158-90-7.plesk.page\/wp-content\/uploads\/2023\/07\/AviadoBio-icon-FTD-4.png&#8221; alt=&#8221;Aviadobio&#8221; icon_placement=&#8221;left&#8221; image_icon_width=&#8221;100px&#8221; content_max_width=&#8221;100%&#8221; icon_placement_tablet=&#8221;&#8221; icon_placement_phone=&#8221;top&#8221; icon_placement_last_edited=&#8221;on|phone&#8221; _builder_version=&#8221;4.24.2&#8243; _module_preset=&#8221;default&#8221; header_text_color=&#8221;#ffffff&#8221; header_font_size=&#8221;26px&#8221; header_letter_spacing=&#8221;2px&#8221; body_text_color=&#8221;#43464F&#8221; body_font_size=&#8221;20px&#8221; body_link_font=&#8221;SweetSans Light||||||||&#8221; body_link_text_color=&#8221;#26B2B6&#8243; body_link_font_size=&#8221;18px&#8221; body_link_letter_spacing=&#8221;3px&#8221; image_icon_custom_padding_tablet=&#8221;&#8221; image_icon_custom_padding_phone=&#8221;&#8221; image_icon_custom_padding_last_edited=&#8221;on|phone&#8221; custom_css_blurb_image=&#8221;padding-right:20px;||&#8221; border_color_all_image=&#8221;#26B2B6&#8243; border_width_all_image_tablet=&#8221;&#8221; border_width_all_image_phone=&#8221;&#8221; border_width_all_image_last_edited=&#8221;on|phone&#8221; image_max_width=&#8221;100px&#8221; global_colors_info=&#8221;{}&#8221; body_link_text_color__hover_enabled=&#8221;off|desktop&#8221; body_link_text_color__hover=&#8221;#ffffff&#8221;]I test genetici sono diventati pi\u00f9 comuni con l\u2019aumento delle conoscenze sulla FTD genetica.<span style=\"vertical-align: super; line-height: 1em; font-size: 70%;\">\u2074<\/span> Tuttavia, vi \u00e8 ancora una necessit\u00e0 urgente di incorporare la consulenza genetica e i test appropriati nelle cure standard dei\/lle pazienti affetti\/e da FTD.<span style=\"vertical-align: super; line-height: 1em; font-size: 70%;\">\u2074,\u2078<\/span> L\u2019accesso e il ricorso a una consulenza genetica e di test appropriati e tempestivi devono essere migliorati per tutti\/e i\/le pazienti affetti\/e da FTD. Sebbene attualmente non vi siano trattamenti modificanti la malattia approvati per la FTD, capire se la FTD sia causata da una mutazione genetica pu\u00f2 consentire ai medici di stabilire se i\/le pazienti sono idonei\/e a una sperimentazione clinica.[\/et_pb_blurb][\/et_pb_column][\/et_pb_row][et_pb_row column_structure=&#8221;1_2,1_2&#8243; make_equal=&#8221;on&#8221; disabled_on=&#8221;on|on|on&#8221; _builder_version=&#8221;4.24.2&#8243; _module_preset=&#8221;default&#8221; custom_margin=&#8221;||||false|false&#8221; custom_padding=&#8221;0px||50px||false|false&#8221; disabled=&#8221;on&#8221; global_colors_info=&#8221;{}&#8221;][et_pb_column type=&#8221;1_2&#8243; _builder_version=&#8221;4.16&#8243; _module_preset=&#8221;default&#8221; custom_padding=&#8221;||40px||false|false&#8221; border_width_bottom=&#8221;2px&#8221; border_color_bottom=&#8221;#26B2B6&#8243; global_colors_info=&#8221;{}&#8221;][et_pb_blurb image=&#8221;https:\/\/quizzical-yonath.213-158-90-7.plesk.page\/wp-content\/uploads\/2023\/07\/AviadoBio-icon-FTD-5.png&#8221; alt=&#8221;Aviadobio&#8221; icon_placement=&#8221;left&#8221; image_icon_width=&#8221;100px&#8221; content_max_width=&#8221;100%&#8221; icon_placement_tablet=&#8221;&#8221; icon_placement_phone=&#8221;top&#8221; icon_placement_last_edited=&#8221;on|phone&#8221; _builder_version=&#8221;4.16&#8243; _module_preset=&#8221;default&#8221; header_text_color=&#8221;#ffffff&#8221; header_font_size=&#8221;26px&#8221; header_letter_spacing=&#8221;2px&#8221; body_text_color=&#8221;#43464F&#8221; body_font_size=&#8221;20px&#8221; body_link_font=&#8221;SweetSans Light||||||||&#8221; body_link_text_color=&#8221;#26B2B6&#8243; body_link_font_size=&#8221;18px&#8221; body_link_letter_spacing=&#8221;3px&#8221; image_icon_custom_padding_tablet=&#8221;&#8221; image_icon_custom_padding_phone=&#8221;&#8221; image_icon_custom_padding_last_edited=&#8221;on|phone&#8221; custom_css_blurb_image=&#8221;padding-right:20px;||&#8221; border_color_all_image=&#8221;#26B2B6&#8243; border_width_all_image_tablet=&#8221;&#8221; border_width_all_image_phone=&#8221;&#8221; border_width_all_image_last_edited=&#8221;on|phone&#8221; image_max_width=&#8221;100px&#8221; global_colors_info=&#8221;{}&#8221; body_link_text_color__hover_enabled=&#8221;off|desktop&#8221; body_link_text_color__hover=&#8221;#ffffff&#8221;]<\/p>\n<p>Circa 11.000 persone negli Stati Uniti ed in EU5 convivono con la FTD-GRN e si stima che ogni anno vengano confermati 2.000 nuovi casi.<span style=\"vertical-align: super; line-height: 1em; font-size: 70%;\">\u00b9\u02d2\u00b9\u00b9<\/span><\/p>\n<p>[\/et_pb_blurb][\/et_pb_column][et_pb_column type=&#8221;1_2&#8243; _builder_version=&#8221;4.16&#8243; _module_preset=&#8221;default&#8221; custom_padding=&#8221;||40px||false|false&#8221; border_width_bottom=&#8221;2px&#8221; border_color_bottom=&#8221;#26B2B6&#8243; global_colors_info=&#8221;{}&#8221;][et_pb_blurb image=&#8221;https:\/\/quizzical-yonath.213-158-90-7.plesk.page\/wp-content\/uploads\/2023\/07\/AviadoBio-icon-FTD-6.png&#8221; alt=&#8221;Aviadobio&#8221; icon_placement=&#8221;left&#8221; image_icon_width=&#8221;100px&#8221; content_max_width=&#8221;100%&#8221; icon_placement_tablet=&#8221;&#8221; icon_placement_phone=&#8221;top&#8221; icon_placement_last_edited=&#8221;on|phone&#8221; _builder_version=&#8221;4.16&#8243; _module_preset=&#8221;default&#8221; header_text_color=&#8221;#ffffff&#8221; header_font_size=&#8221;26px&#8221; header_letter_spacing=&#8221;2px&#8221; body_text_color=&#8221;#43464F&#8221; body_font_size=&#8221;20px&#8221; body_link_font=&#8221;SweetSans Light||||||||&#8221; body_link_text_color=&#8221;#26B2B6&#8243; body_link_font_size=&#8221;18px&#8221; body_link_letter_spacing=&#8221;3px&#8221; image_icon_custom_padding_tablet=&#8221;&#8221; image_icon_custom_padding_phone=&#8221;&#8221; image_icon_custom_padding_last_edited=&#8221;on|phone&#8221; custom_css_blurb_image=&#8221;padding-right:20px;||&#8221; border_color_all_image=&#8221;#26B2B6&#8243; border_width_all_image_tablet=&#8221;&#8221; border_width_all_image_phone=&#8221;&#8221; border_width_all_image_last_edited=&#8221;on|phone&#8221; image_max_width=&#8221;100px&#8221; global_colors_info=&#8221;{}&#8221; body_link_text_color__hover_enabled=&#8221;off|desktop&#8221; body_link_text_color__hover=&#8221;#ffffff&#8221;]<\/p>\n<p>Attualmente, per i soggetti affetti da FTD, non sono disponibili trattamenti modificanti la malattia.<\/p>\n<p>[\/et_pb_blurb][\/et_pb_column][\/et_pb_row][et_pb_row custom_padding_last_edited=&#8221;on|phone&#8221; _builder_version=&#8221;4.24.2&#8243; _module_preset=&#8221;default&#8221; custom_padding=&#8221;60px||0px||false|false&#8221; custom_padding_tablet=&#8221;&#8221; custom_padding_phone=&#8221;0px||0px||true|false&#8221; global_colors_info=&#8221;{}&#8221;][et_pb_column type=&#8221;4_4&#8243; _builder_version=&#8221;4.16&#8243; _module_preset=&#8221;default&#8221; global_colors_info=&#8221;{}&#8221;][et_pb_toggle title=&#8221;RIFERIMENTI BIBLIOGRAFICI&#8221; closed_toggle_text_color=&#8221;#43464F&#8221; icon_color=&#8221;#26B2B6&#8243; open_icon_color=&#8221;#26B2B6&#8243; disabled_on=&#8221;off|off|off&#8221; _builder_version=&#8221;4.22.1&#8243; _module_preset=&#8221;default&#8221; title_level=&#8221;h2&#8243; title_font_size=&#8221;24px&#8221; title_letter_spacing=&#8221;1px&#8221; body_font_size=&#8221;16px&#8221; text_orientation=&#8221;left&#8221; custom_padding_tablet=&#8221;&#8221; custom_padding_phone=&#8221;||||false|true&#8221; custom_padding_last_edited=&#8221;on|phone&#8221; title_font_size_phone=&#8221;20px&#8221; title_font_size_last_edited=&#8221;off|desktop&#8221; border_width_all=&#8221;0px&#8221; border_color_all=&#8221;#E5E5E5&#8243; global_colors_info=&#8221;{}&#8221;]<\/p>\n<ol>\n<li>Pressman PS e Miller BL. Biol Psychiatry 2014;75:574-81;<\/li>\n<li>Young JJ et al. Ther Adv Psychopharmacol 2018; 8: 33-48;<\/li>\n<li>Hogan DB et al. Can J Neurol Sci 2016;43 Suppl 1:S96-109;<\/li>\n<li>Onyike CU and Diehl-Schmid J. Int Rev Psychiatry. 2013;25(2):130-137;<\/li>\n<li>Riedl L et al. Neuropsychiatr Dis Treat. 2014;10:297-310;\u00a0<\/li>\n<li>Onyike CU. Neuroepidemiology. 2011;37:166-167;\u00a0<\/li>\n<li>Kansal K et al. Dement Geriatr Cogn Disord. 2016;41:109-122;\u00a0<\/li>\n<li>Barker MS et al. J Geriatr Psychiatry Neurol 2023;36:201-14;<\/li>\n<li>Hendriks S et al. JAMA Neurol 2021;78:1080-90;<\/li>\n<li>Logroscino G et al. JAMA Neurol 2023; 80: 279-86;<\/li>\n<li>Greaves CV e Rohrer JD. J Neurol 2019; 266: 2075-86;<\/li>\n<li>Kuang, L., et. al. Human Molecular Genetics 2020;29(4):624-634.<\/li>\n<\/ol>\n<p>[\/et_pb_toggle][\/et_pb_column][\/et_pb_row][\/et_pb_section][et_pb_section fb_built=&#8221;1&#8243; custom_padding_last_edited=&#8221;on|tablet&#8221; _builder_version=&#8221;4.22.1&#8243; _module_preset=&#8221;default&#8221; background_enable_color=&#8221;off&#8221; custom_margin=&#8221;0px||||false|false&#8221; custom_padding=&#8221;10vh||10vh||true|false&#8221; custom_padding_tablet=&#8221;5vh||10vh||false|false&#8221; custom_padding_phone=&#8221;&#8221; global_colors_info=&#8221;{}&#8221;][et_pb_row _builder_version=&#8221;4.24.2&#8243; _module_preset=&#8221;default&#8221; custom_margin=&#8221;||||false|false&#8221; custom_padding=&#8221;0px||||false|false&#8221; global_colors_info=&#8221;{}&#8221;][et_pb_column type=&#8221;4_4&#8243; _builder_version=&#8221;4.16&#8243; _module_preset=&#8221;default&#8221; global_colors_info=&#8221;{}&#8221;][et_pb_text _builder_version=&#8221;4.22.1&#8243; _module_preset=&#8221;default&#8221; header_font=&#8221;||||||||&#8221; header_text_color=&#8221;#ffffff&#8221; header_font_size=&#8221;34px&#8221; header_letter_spacing=&#8221;2px&#8221; header_line_height=&#8221;1.4em&#8221; header_2_font=&#8221;|||on|||||&#8221; header_2_text_align=&#8221;center&#8221; header_2_text_color=&#8221;#43464F&#8221; header_2_letter_spacing=&#8221;2px&#8221; header_2_line_height=&#8221;1.4em&#8221; text_orientation=&#8221;center&#8221; custom_margin=&#8221;0px||0px||false|false&#8221; custom_padding=&#8221;0px||3vh||false|false&#8221; header_2_font_size_tablet=&#8221;&#8221; header_2_font_size_phone=&#8221;24px&#8221; header_2_font_size_last_edited=&#8221;on|phone&#8221; global_colors_info=&#8221;{}&#8221;]<\/p>\n<h2>Storie degli accompagnatori familiari o professionali dal percorso FTD<\/h2>\n<p>La diagnosi di demenza frontotemporale: l\u2019esperienza diretta di familiari, dalla diagnosi alla progressione della malattia nelle persone care affette da FTD.<\/p>\n<p>[\/et_pb_text][\/et_pb_column][\/et_pb_row][et_pb_row column_structure=&#8221;1_3,1_3,1_3&#8243; use_custom_gutter=&#8221;on&#8221; gutter_width=&#8221;2&#8243; make_equal=&#8221;on&#8221; _builder_version=&#8221;4.25.1&#8243; _module_preset=&#8221;default&#8221; max_width=&#8221;1200px&#8221; custom_margin=&#8221;||||false|false&#8221; custom_padding=&#8221;0px||0px||false|false&#8221; animation_style=&#8221;fade&#8221; global_colors_info=&#8221;{}&#8221;][et_pb_column type=&#8221;1_3&#8243; _builder_version=&#8221;4.25.1&#8243; _module_preset=&#8221;default&#8221; background_color=&#8221;#43464F&#8221; global_colors_info=&#8221;{}&#8221;][et_pb_video _builder_version=&#8221;4.24.2&#8243; _module_preset=&#8221;default&#8221; hover_enabled=&#8221;0&#8243; global_colors_info=&#8221;{}&#8221; title_text=&#8221;Screenshot 2025-04-08 at 09.51.09&#8243; src=&#8221;https:\/\/quizzical-yonath.213-158-90-7.plesk.page\/wp-content\/uploads\/2025\/04\/katie_brandt_-_long-form_video_-_9.12.24_-_final-720p.mp4&#8243; image_src=&#8221;https:\/\/quizzical-yonath.213-158-90-7.plesk.page\/wp-content\/uploads\/2025\/04\/Screenshot-2025-04-08-at-09.51.09.png&#8221; sticky_enabled=&#8221;0&#8243;][\/et_pb_video][et_pb_text _builder_version=&#8221;4.25.1&#8243; _module_preset=&#8221;default&#8221; text_text_color=&#8221;#ffffff&#8221; header_font=&#8221;||||||||&#8221; header_text_color=&#8221;#ffffff&#8221; header_font_size=&#8221;34px&#8221; header_letter_spacing=&#8221;2px&#8221; header_line_height=&#8221;1.4em&#8221; header_2_font=&#8221;|||on|||||&#8221; header_2_text_color=&#8221;#43464F&#8221; header_2_font_size=&#8221;28px&#8221; header_2_letter_spacing=&#8221;2px&#8221; header_2_line_height=&#8221;1.4em&#8221; header_3_font=&#8221;|||on|||||&#8221; header_3_text_color=&#8221;#ffffff&#8221; header_3_letter_spacing=&#8221;2px&#8221; header_3_line_height=&#8221;1.2em&#8221; background_color=&#8221;#43464F&#8221; custom_margin=&#8221;20px||||false|false&#8221; custom_padding=&#8221;20px|20px|20px|20px|false|true&#8221; header_2_font_size_tablet=&#8221;&#8221; header_2_font_size_phone=&#8221;28px&#8221; header_2_font_size_last_edited=&#8221;on|phone&#8221; global_colors_info=&#8221;{}&#8221;]<\/p>\n<h3 style=\"text-align: center;\">KATIE: ESPERTO, SOSTENITORE ED EDUCATORE IN MATERIA DI DEMENZA<\/h3>\n<p style=\"text-align: center;\">Katie \u00e8 diventata un\u2019assistente quando al marito \u00e8 stata diagnosticata la FTD alla giovane et\u00e0 di 29 anni. Scoprite di pi\u00f9 sull&#8217;esperienza di Katie che sostiene suo marito dalla sua diagnosi di FTD, il tutto con un figlio piccolo da crescere e con la sua dedizione a promuovere la consapevolezza e supportare le famiglie colpite da questa devastante malattia neurodegenerativa.<\/p>\n<p>[\/et_pb_text][et_pb_button url_new_window=&#8221;on&#8221; button_text=&#8221;guarda qui&#8221; button_alignment=&#8221;center&#8221; disabled_on=&#8221;on|on|on&#8221; _builder_version=&#8221;4.25.1&#8243; _module_preset=&#8221;default&#8221; custom_button=&#8221;on&#8221; button_text_size=&#8221;16px&#8221; button_text_color=&#8221;#ffffff&#8221; button_bg_color=&#8221;#26B2B6&#8243; button_border_width=&#8221;0px&#8221; button_border_color=&#8221;RGBA(0,0,0,0)&#8221; button_border_radius=&#8221;0px&#8221; button_letter_spacing=&#8221;3px&#8221; button_font=&#8221;SweetSans Medium|||on|||||&#8221; button_icon=&#8221;&#x45;||divi||400&#8243; button_on_hover=&#8221;off&#8221; background_layout=&#8221;dark&#8221; custom_margin=&#8221;5vh|0px|20px||false|false&#8221; custom_padding=&#8221;10px|50px|10px|40px|true|false&#8221; disabled=&#8221;on&#8221; global_colors_info=&#8221;{}&#8221; button_bg_color__hover_enabled=&#8221;on|hover&#8221; button_bg_color__hover=&#8221;#90D4D5&#8243; button_bg_enable_color__hover=&#8221;on&#8221; button_border_color__hover_enabled=&#8221;off|hover&#8221; button_border_color__hover=&#8221;RGBA(0,0,0,0)&#8221; button_text_color__hover=&#8221;#ffffff&#8221; button_text_color__hover_enabled=&#8221;on|hover&#8221;][\/et_pb_button][\/et_pb_column][et_pb_column type=&#8221;1_3&#8243; _builder_version=&#8221;4.16&#8243; _module_preset=&#8221;default&#8221; background_color=&#8221;#43464F&#8221; global_colors_info=&#8221;{}&#8221;][et_pb_video _builder_version=&#8221;4.24.2&#8243; _module_preset=&#8221;default&#8221; hover_enabled=&#8221;0&#8243; global_colors_info=&#8221;{}&#8221; title_text=&#8221;Screenshot 2025-04-08 at 09.51.15&#8243; src=&#8221;https:\/\/quizzical-yonath.213-158-90-7.plesk.page\/wp-content\/uploads\/2025\/04\/jacquelyn_-_a_daughters_ftd_story_-_long-form_video_-_8.10.23-720p.mp4&#8243; image_src=&#8221;https:\/\/quizzical-yonath.213-158-90-7.plesk.page\/wp-content\/uploads\/2025\/04\/Screenshot-2025-04-08-at-09.51.15.png&#8221; sticky_enabled=&#8221;0&#8243;][\/et_pb_video][et_pb_text _builder_version=&#8221;4.22.1&#8243; _module_preset=&#8221;default&#8221; text_text_color=&#8221;#ffffff&#8221; header_font=&#8221;||||||||&#8221; header_text_color=&#8221;#ffffff&#8221; header_font_size=&#8221;34px&#8221; header_letter_spacing=&#8221;2px&#8221; header_line_height=&#8221;1.4em&#8221; header_2_font=&#8221;|||on|||||&#8221; header_2_text_color=&#8221;#43464F&#8221; header_2_font_size=&#8221;28px&#8221; header_2_letter_spacing=&#8221;2px&#8221; header_2_line_height=&#8221;1.4em&#8221; header_3_font=&#8221;|||on|||||&#8221; header_3_text_color=&#8221;#ffffff&#8221; header_3_letter_spacing=&#8221;2px&#8221; header_3_line_height=&#8221;1.2em&#8221; background_color=&#8221;#43464F&#8221; custom_margin=&#8221;20px||||false|false&#8221; custom_padding=&#8221;20px|20px|20px|20px|false|true&#8221; header_2_font_size_tablet=&#8221;&#8221; header_2_font_size_phone=&#8221;28px&#8221; header_2_font_size_last_edited=&#8221;on|phone&#8221; global_colors_info=&#8221;{}&#8221;]<\/p>\n<h3 style=\"text-align: center;\">Jacquelyn: Esperienza dell\u2019impatto della malattia dal punto di vista di una figlia<\/h3>\n<p style=\"text-align: center;\">I sintomi di FTD della madre di Jacquelyn sono iniziati gi\u00e0 nel 2013 con insonnia, perdita di memoria e differenze nel suo comportamento abituale. Il video di Jacquelyn mentre racconta l\u2019esperienza di sua madre con la FTD e come la sua famiglia sta affrontando insieme questa malattia devastante.<\/p>\n<p>[\/et_pb_text][et_pb_button url_new_window=&#8221;on&#8221; button_text=&#8221;guarda qui&#8221; button_alignment=&#8221;center&#8221; disabled_on=&#8221;on|on|on&#8221; _builder_version=&#8221;4.25.1&#8243; _module_preset=&#8221;default&#8221; custom_button=&#8221;on&#8221; button_text_size=&#8221;16px&#8221; button_text_color=&#8221;#ffffff&#8221; button_bg_color=&#8221;#26B2B6&#8243; button_border_width=&#8221;0px&#8221; button_border_color=&#8221;RGBA(0,0,0,0)&#8221; button_border_radius=&#8221;0px&#8221; button_letter_spacing=&#8221;3px&#8221; button_font=&#8221;SweetSans Medium|||on|||||&#8221; button_icon=&#8221;&#x45;||divi||400&#8243; button_on_hover=&#8221;off&#8221; background_layout=&#8221;dark&#8221; custom_margin=&#8221;5vh|0px|20px||false|false&#8221; custom_padding=&#8221;10px|50px|10px|40px|true|false&#8221; disabled=&#8221;on&#8221; global_colors_info=&#8221;{}&#8221; button_bg_color__hover_enabled=&#8221;on|hover&#8221; button_bg_color__hover=&#8221;#90D4D5&#8243; button_bg_enable_color__hover=&#8221;on&#8221; button_border_color__hover_enabled=&#8221;off|hover&#8221; button_border_color__hover=&#8221;RGBA(0,0,0,0)&#8221; button_text_color__hover=&#8221;#ffffff&#8221; button_text_color__hover_enabled=&#8221;on|hover&#8221;][\/et_pb_button][\/et_pb_column][et_pb_column type=&#8221;1_3&#8243; _builder_version=&#8221;4.16&#8243; _module_preset=&#8221;default&#8221; background_color=&#8221;#43464F&#8221; global_colors_info=&#8221;{}&#8221;][et_pb_video _builder_version=&#8221;4.24.2&#8243; _module_preset=&#8221;default&#8221; hover_enabled=&#8221;0&#8243; global_colors_info=&#8221;{}&#8221; title_text=&#8221;Screenshot 2025-04-08 at 15.29.57&#8243; src=&#8221;https:\/\/quizzical-yonath.213-158-90-7.plesk.page\/wp-content\/uploads\/2025\/04\/tanya_-_a_wifes_ftd_journey_-_long-form_video_-_8.10.23_4_1080p-720p.mp4&#8243; image_src=&#8221;https:\/\/quizzical-yonath.213-158-90-7.plesk.page\/wp-content\/uploads\/2025\/04\/Screenshot-2025-04-08-at-15.29.57.png&#8221; sticky_enabled=&#8221;0&#8243;][\/et_pb_video][et_pb_text _builder_version=&#8221;4.22.1&#8243; _module_preset=&#8221;default&#8221; text_text_color=&#8221;#ffffff&#8221; header_font=&#8221;||||||||&#8221; header_text_color=&#8221;#ffffff&#8221; header_font_size=&#8221;34px&#8221; header_letter_spacing=&#8221;2px&#8221; header_line_height=&#8221;1.4em&#8221; header_2_font=&#8221;|||on|||||&#8221; header_2_text_color=&#8221;#43464F&#8221; header_2_font_size=&#8221;28px&#8221; header_2_letter_spacing=&#8221;2px&#8221; header_2_line_height=&#8221;1.4em&#8221; header_3_font=&#8221;|||on|||||&#8221; header_3_text_color=&#8221;#ffffff&#8221; header_3_letter_spacing=&#8221;2px&#8221; header_3_line_height=&#8221;1.2em&#8221; background_color=&#8221;#43464F&#8221; custom_margin=&#8221;20px||||false|false&#8221; custom_padding=&#8221;20px|20px|20px|20px|false|true&#8221; header_2_font_size_tablet=&#8221;&#8221; header_2_font_size_phone=&#8221;28px&#8221; header_2_font_size_last_edited=&#8221;on|phone&#8221; global_colors_info=&#8221;{}&#8221;]<\/p>\n<h3 style=\"text-align: center;\">Tanya: Esperienza dell\u2019impatto della malattia dal punto di vista di una moglie<\/h3>\n<p style=\"text-align: center;\"><span>Il marito di Tanya era un compagno amato, un padre amato e un insegnante di storia delle scuole superiori, <\/span><span>deceduto<\/span><span> cinque anni dopo la diagnosi di FTD. Scopri di pi\u00f9 sulla diagnosi di FTD, sul ruolo di Tanya come suo accompagnatore familiare o professionale e sulla sua missione di aumentare la consapevolezza sulla FTD.<\/span><\/p>\n<p>[\/et_pb_text][et_pb_button url_new_window=&#8221;on&#8221; button_text=&#8221;guarda qui&#8221; button_alignment=&#8221;center&#8221; disabled_on=&#8221;on|on|on&#8221; module_class=&#8221;popmake-3553\t&#8221; _builder_version=&#8221;4.25.1&#8243; _module_preset=&#8221;default&#8221; custom_button=&#8221;on&#8221; button_text_size=&#8221;16px&#8221; button_text_color=&#8221;#ffffff&#8221; button_bg_color=&#8221;#26B2B6&#8243; button_border_width=&#8221;0px&#8221; button_border_color=&#8221;RGBA(0,0,0,0)&#8221; button_border_radius=&#8221;0px&#8221; button_letter_spacing=&#8221;3px&#8221; button_font=&#8221;SweetSans Medium|||on|||||&#8221; button_icon=&#8221;&#x45;||divi||400&#8243; button_on_hover=&#8221;off&#8221; background_layout=&#8221;dark&#8221; custom_margin=&#8221;5vh|0px|20px||false|false&#8221; custom_padding=&#8221;10px|50px|10px|40px|true|false&#8221; disabled=&#8221;on&#8221; global_colors_info=&#8221;{}&#8221; button_bg_color__hover_enabled=&#8221;on|hover&#8221; button_bg_color__hover=&#8221;#90D4D5&#8243; button_bg_enable_color__hover=&#8221;on&#8221; button_border_color__hover_enabled=&#8221;off|hover&#8221; button_border_color__hover=&#8221;RGBA(0,0,0,0)&#8221; button_text_color__hover=&#8221;#ffffff&#8221; button_text_color__hover_enabled=&#8221;on|hover&#8221;][\/et_pb_button][\/et_pb_column][\/et_pb_row][et_pb_row column_structure=&#8221;1_2,1_2&#8243; use_custom_gutter=&#8221;on&#8221; gutter_width=&#8221;2&#8243; disabled_on=&#8221;on|on|on&#8221; _builder_version=&#8221;4.24.2&#8243; _module_preset=&#8221;default&#8221; max_width=&#8221;1200px&#8221; custom_margin=&#8221;||||false|false&#8221; custom_padding=&#8221;0px||0px||false|false&#8221; disabled=&#8221;on&#8221; global_colors_info=&#8221;{}&#8221;][et_pb_column type=&#8221;1_2&#8243; _builder_version=&#8221;4.16&#8243; _module_preset=&#8221;default&#8221; global_colors_info=&#8221;{}&#8221;][et_pb_text _builder_version=&#8221;4.22.1&#8243; _module_preset=&#8221;default&#8221; header_font=&#8221;||||||||&#8221; header_text_color=&#8221;#ffffff&#8221; header_font_size=&#8221;34px&#8221; header_letter_spacing=&#8221;2px&#8221; header_line_height=&#8221;1.4em&#8221; header_2_font=&#8221;|||on|||||&#8221; header_2_text_color=&#8221;#43464F&#8221; header_2_font_size=&#8221;28px&#8221; header_2_letter_spacing=&#8221;2px&#8221; header_2_line_height=&#8221;1.4em&#8221; header_3_font=&#8221;|||on|||||&#8221; header_3_letter_spacing=&#8221;2px&#8221; header_3_line_height=&#8221;1.2em&#8221; custom_margin=&#8221;0px||20px||false|false&#8221; custom_padding=&#8221;0px||||false|false&#8221; header_2_font_size_tablet=&#8221;&#8221; header_2_font_size_phone=&#8221;28px&#8221; header_2_font_size_last_edited=&#8221;on|phone&#8221; global_colors_info=&#8221;{}&#8221;]<\/p>\n<h3 style=\"text-align: center;\">Esperienza dell\u2019impatto della malattia dal punto di vista di una figlia<\/h3>\n<p>[\/et_pb_text][et_pb_code module_class=&#8221;vimeo_video&#8221; _builder_version=&#8221;4.22.1&#8243; _module_preset=&#8221;default&#8221; global_colors_info=&#8221;{}&#8221;]<iframe src=\"https:\/\/player.vimeo.com\/video\/863645012?badge=0;autopause=0;player_id=0;app_id=58479\" height= frameborder=\"0\" allow=\"autoplay; fullscreen; picture-in-picture\" title=\"Jacquelyn - La storia di FTD vissuta da una figlia - Video in formato lungo - 8.10.23\"><\/iframe>[\/et_pb_code][et_pb_text _builder_version=&#8221;4.22.1&#8243; _module_preset=&#8221;default&#8221; header_font=&#8221;||||||||&#8221; header_text_color=&#8221;#ffffff&#8221; header_font_size=&#8221;34px&#8221; header_letter_spacing=&#8221;2px&#8221; header_line_height=&#8221;1.4em&#8221; header_2_font=&#8221;|||on|||||&#8221; header_2_text_color=&#8221;#43464F&#8221; header_2_font_size=&#8221;28px&#8221; header_2_letter_spacing=&#8221;2px&#8221; header_2_line_height=&#8221;1.4em&#8221; header_3_font=&#8221;|||on|||||&#8221; header_3_letter_spacing=&#8221;2px&#8221; header_3_line_height=&#8221;1.2em&#8221; custom_margin=&#8221;||20px||false|false&#8221; custom_padding=&#8221;15px||||false|false&#8221; header_2_font_size_tablet=&#8221;&#8221; header_2_font_size_phone=&#8221;28px&#8221; header_2_font_size_last_edited=&#8221;on|phone&#8221; global_colors_info=&#8221;{}&#8221;]<\/p>\n<p style=\"text-align: center;\">I sintomi di FTD della madre di Jacquelyn sono iniziati gi\u00e0 nel 2013 con insonnia, perdita di memoria e differenze nel suo comportamento abituale. Il video di Jacquelyn mentre racconta l\u2019esperienza di sua madre con la FTD e come la sua famiglia sta affrontando insieme questa malattia devastante.<\/p>\n<p>[\/et_pb_text][\/et_pb_column][et_pb_column type=&#8221;1_2&#8243; _builder_version=&#8221;4.16&#8243; _module_preset=&#8221;default&#8221; global_colors_info=&#8221;{}&#8221;][et_pb_text _builder_version=&#8221;4.22.1&#8243; _module_preset=&#8221;default&#8221; header_font=&#8221;||||||||&#8221; header_text_color=&#8221;#ffffff&#8221; header_font_size=&#8221;34px&#8221; header_letter_spacing=&#8221;2px&#8221; header_line_height=&#8221;1.4em&#8221; header_2_font=&#8221;|||on|||||&#8221; header_2_text_color=&#8221;#43464F&#8221; header_2_font_size=&#8221;28px&#8221; header_2_letter_spacing=&#8221;2px&#8221; header_2_line_height=&#8221;1.4em&#8221; header_3_font=&#8221;|||on|||||&#8221; header_3_letter_spacing=&#8221;2px&#8221; header_3_line_height=&#8221;1.2em&#8221; custom_margin=&#8221;0px||20px||false|false&#8221; custom_padding=&#8221;0px||||false|false&#8221; header_2_font_size_tablet=&#8221;&#8221; header_2_font_size_phone=&#8221;28px&#8221; header_2_font_size_last_edited=&#8221;on|phone&#8221; global_colors_info=&#8221;{}&#8221;]<\/p>\n<h3 style=\"text-align: center;\">Esperienza dell\u2019impatto della malattia dal punto di vista di una moglie<\/h3>\n<p>[\/et_pb_text][et_pb_code module_class=&#8221;vimeo_video&#8221; _builder_version=&#8221;4.22.1&#8243; _module_preset=&#8221;default&#8221; global_colors_info=&#8221;{}&#8221;]<iframe src=\"https:\/\/player.vimeo.com\/video\/863645744?title=0&#038;byline=0&#038;portrait=0&#038;speed=0&#038;badge=0&#038;autopause=0&#038;airplay=0&#038;audio_tracks=0&#038;chapters=0&#038;chromecast=0&#038;closed_captions=0&#038;transcript=0&#038;player_id=0&#038;app_id=58479\" height= frameborder=\"0\" allow=\"autoplay; fullscreen; picture-in-picture\" title=\"Tanya - L\u2019esperienza della FTD vissuta da una moglie - Video lungo - 8.10.23 (4)\"><\/iframe>[\/et_pb_code][et_pb_text _builder_version=&#8221;4.22.1&#8243; _module_preset=&#8221;default&#8221; header_font=&#8221;||||||||&#8221; header_text_color=&#8221;#ffffff&#8221; header_font_size=&#8221;34px&#8221; header_letter_spacing=&#8221;2px&#8221; header_line_height=&#8221;1.4em&#8221; header_2_font=&#8221;|||on|||||&#8221; header_2_text_color=&#8221;#43464F&#8221; header_2_font_size=&#8221;28px&#8221; header_2_letter_spacing=&#8221;2px&#8221; header_2_line_height=&#8221;1.4em&#8221; header_3_font=&#8221;|||on|||||&#8221; header_3_letter_spacing=&#8221;2px&#8221; header_3_line_height=&#8221;1.2em&#8221; custom_margin=&#8221;15px||||false|false&#8221; custom_padding=&#8221;||||false|false&#8221; header_2_font_size_tablet=&#8221;&#8221; header_2_font_size_phone=&#8221;28px&#8221; header_2_font_size_last_edited=&#8221;on|phone&#8221; global_colors_info=&#8221;{}&#8221;]<\/p>\n<p style=\"text-align: center;\"><span>Il marito di Tanya era un compagno amato, un padre amato e un insegnante di storia delle scuole superiori, che alla fine \u00e8 <\/span><span>deceduto<\/span><span> cinque anni dopo la diagnosi di FTD. Scopri di pi\u00f9 sulla diagnosi di FTD, sul ruolo di Tanya come suo accompagnatore familiare o professionale e sulla sua missione di aumentare la consapevolezza sulla FTD.<\/span><\/p>\n<p>[\/et_pb_text][\/et_pb_column][\/et_pb_row][\/et_pb_section][et_pb_section fb_built=&#8221;1&#8243; custom_padding_last_edited=&#8221;on|tablet&#8221; disabled_on=&#8221;on|on|on&#8221; _builder_version=&#8221;4.22.1&#8243; _module_preset=&#8221;default&#8221; background_color=&#8221;#E5E5E5&#8243; custom_margin=&#8221;0px||||false|false&#8221; custom_padding=&#8221;10vh||10vh||true|false&#8221; custom_padding_tablet=&#8221;5vh||10vh||false|false&#8221; custom_padding_phone=&#8221;&#8221; disabled=&#8221;on&#8221; global_colors_info=&#8221;{}&#8221;][et_pb_row _builder_version=&#8221;4.24.2&#8243; _module_preset=&#8221;default&#8221; global_colors_info=&#8221;{}&#8221;][et_pb_column type=&#8221;4_4&#8243; _builder_version=&#8221;4.22.1&#8243; _module_preset=&#8221;default&#8221; global_colors_info=&#8221;{}&#8221;][et_pb_blurb image=&#8221;https:\/\/quizzical-yonath.213-158-90-7.plesk.page\/wp-content\/uploads\/2022\/11\/Aviado-f-speer_F-Speer.png&#8221; icon_placement=&#8221;left&#8221; image_icon_width=&#8221;250px&#8221; content_max_width=&#8221;100%&#8221; icon_placement_tablet=&#8221;&#8221; icon_placement_phone=&#8221;top&#8221; icon_placement_last_edited=&#8221;on|phone&#8221; disabled_on=&#8221;off|off|off&#8221; _builder_version=&#8221;4.22.1&#8243; _module_preset=&#8221;default&#8221; header_font=&#8221;||||||||&#8221; header_text_color=&#8221;#26B2B6&#8243; header_font_size=&#8221;22px&#8221; header_line_height=&#8221;1.3em&#8221; image_icon_custom_padding_tablet=&#8221;&#8221; image_icon_custom_padding_phone=&#8221;&#8221; image_icon_custom_padding_last_edited=&#8221;on|phone&#8221; module_alignment=&#8221;left&#8221; custom_margin=&#8221;||||false|false&#8221; custom_css_blurb_image=&#8221;padding-right:50px&#8221; border_width_all_image_tablet=&#8221;&#8221; border_width_all_image_phone=&#8221;&#8221; border_width_all_image_last_edited=&#8221;on|phone&#8221; image_max_width=&#8221;150px&#8221; global_colors_info=&#8221;{}&#8221; custom_css_blurb_image_last_edited=&#8221;on|desktop&#8221; custom_css_blurb_image_tablet=&#8221;padding-right:10px&#8221; custom_css_blurb_image_phone=&#8221;padding-right:10px&#8221;]<\/p>\n<p>\u201c\u00c8 straziante vedere la rapidit\u00e0 con cui le malattie neurodegenerative, come la SLA e la FTD, cambiano la vita dei pazienti, delle loro famiglie e dei loro accompagnatori familiari o professionali. Ad AviadoBio ascoltiamo attentamente questa comunit\u00e0 e sappiamo che il loro contributo al nostro lavoro \u00e8 inestimabile. Estendiamo questo stesso approccio compassionevole ai nostri colleghi, in modo che tutti possano collaborare condividendo le loro idee e offrendo soluzioni creative\u201d.<\/p>\n<p><span style=\"font-size: 22px; line-height: 1.6em;\"><strong>Farah Speer<\/strong><\/span><br \/><span style=\"color: #26b2b6;\">SVP, Communications and External Relations<\/span><\/p>\n<p>&nbsp;<\/p>\n<p>[\/et_pb_blurb][\/et_pb_column][\/et_pb_row][\/et_pb_section][et_pb_section fb_built=&#8221;1&#8243; custom_padding_last_edited=&#8221;on|tablet&#8221; _builder_version=&#8221;4.22.1&#8243; _module_preset=&#8221;default&#8221; background_color=&#8221;#E5E5E5&#8243; custom_margin=&#8221;0px||||false|false&#8221; custom_padding=&#8221;10vh||20vh||false|false&#8221; custom_padding_tablet=&#8221;5vh||10vh||false|false&#8221; custom_padding_phone=&#8221;&#8221; bottom_divider_style=&#8221;ramp&#8221; bottom_divider_color=&#8221;#43464F&#8221; bottom_divider_flip=&#8221;vertical|horizontal&#8221; global_colors_info=&#8221;{}&#8221;][et_pb_row column_structure=&#8221;1_4,3_4&#8243; make_equal=&#8221;on&#8221; custom_padding_last_edited=&#8221;on|phone&#8221; _builder_version=&#8221;4.24.2&#8243; _module_preset=&#8221;default&#8221; custom_padding=&#8221;0px||0px||false|false&#8221; custom_padding_tablet=&#8221;||30px||false|false&#8221; custom_padding_phone=&#8221;||30px||false|false&#8221; global_colors_info=&#8221;{}&#8221;][et_pb_column type=&#8221;1_4&#8243; _builder_version=&#8221;4.22.1&#8243; _module_preset=&#8221;default&#8221; global_colors_info=&#8221;{}&#8221;][et_pb_image src=&#8221;https:\/\/quizzical-yonath.213-158-90-7.plesk.page\/wp-content\/uploads\/2022\/11\/Aviado-f-speer_F-Speer.png&#8221; title_text=&#8221;Aviado-f-speer_F-Speer&#8221; _builder_version=&#8221;4.22.1&#8243; _module_preset=&#8221;default&#8221; max_width=&#8221;300px&#8221; global_colors_info=&#8221;{}&#8221;][\/et_pb_image][\/et_pb_column][et_pb_column type=&#8221;3_4&#8243; _builder_version=&#8221;4.22.1&#8243; _module_preset=&#8221;default&#8221; custom_css_main_element=&#8221;margin:auto&#8221; global_colors_info=&#8221;{}&#8221;][et_pb_text _builder_version=&#8221;4.22.1&#8243; _module_preset=&#8221;default&#8221; header_font=&#8221;||||||||&#8221; header_text_color=&#8221;#ffffff&#8221; header_font_size=&#8221;34px&#8221; header_letter_spacing=&#8221;2px&#8221; header_line_height=&#8221;1.4em&#8221; header_2_font=&#8221;|||on|||||&#8221; header_2_text_align=&#8221;center&#8221; header_2_text_color=&#8221;#43464F&#8221; header_2_letter_spacing=&#8221;2px&#8221; header_2_line_height=&#8221;1.4em&#8221; header_4_font=&#8221;|300|||||||&#8221; header_4_text_color=&#8221;#26B2B6&#8243; text_orientation=&#8221;center&#8221; custom_margin=&#8221;0px||0px||false|false&#8221; custom_padding=&#8221;0px||||false|false&#8221; custom_padding_tablet=&#8221;||30px||false|false&#8221; custom_padding_phone=&#8221;||30px||false|false&#8221; custom_padding_last_edited=&#8221;on|tablet&#8221; header_2_font_size_tablet=&#8221;&#8221; header_2_font_size_phone=&#8221;24px&#8221; header_2_font_size_last_edited=&#8221;on|phone&#8221; global_colors_info=&#8221;{}&#8221;]<\/p>\n<p style=\"text-align: left;\">\u201c\u00c8 straziante vedere la rapidit\u00e0 con cui le malattie neurodegenerative, come la SLA e la FTD, cambiano la vita dei pazienti, delle loro famiglie e dei loro accompagnatori familiari o professionali. Ad AviadoBio ascoltiamo attentamente questa comunit\u00e0 e sappiamo che il loro contributo al nostro lavoro \u00e8 inestimabile. Estendiamo questo stesso approccio compassionevole ai nostri colleghi, in modo che tutti possano collaborare condividendo le loro idee e offrendo soluzioni creative\u201d.<\/p>\n<p style=\"text-align: left;\">\n<p>[\/et_pb_text][et_pb_text module_class=&#8221;my_name&#8221; _builder_version=&#8221;4.22.1&#8243; _module_preset=&#8221;default&#8221; header_font=&#8221;||||||||&#8221; header_text_color=&#8221;#ffffff&#8221; header_font_size=&#8221;34px&#8221; header_letter_spacing=&#8221;2px&#8221; header_line_height=&#8221;1.4em&#8221; header_2_font=&#8221;|||on|||||&#8221; header_2_text_align=&#8221;center&#8221; header_2_text_color=&#8221;#43464F&#8221; header_2_letter_spacing=&#8221;2px&#8221; header_2_line_height=&#8221;1.4em&#8221; header_4_font=&#8221;|300|||||||&#8221; header_4_text_color=&#8221;#26B2B6&#8243; text_orientation=&#8221;center&#8221; custom_margin=&#8221;0px||0px||false|false&#8221; custom_padding=&#8221;0px||||false|false&#8221; custom_padding_tablet=&#8221;||30px||false|false&#8221; custom_padding_phone=&#8221;||30px||false|false&#8221; custom_padding_last_edited=&#8221;on|tablet&#8221; header_2_font_size_tablet=&#8221;&#8221; header_2_font_size_phone=&#8221;24px&#8221; header_2_font_size_last_edited=&#8221;on|phone&#8221; global_colors_info=&#8221;{}&#8221;]<\/p>\n<h3 style=\"text-align: left;\">Farah Speer<\/h3>\n<p style=\"text-align: left;\"><strong><span style=\"color: #26b2b6;\">SVP, Communications and External Relations<\/span><\/strong><\/p>\n<p>[\/et_pb_text][\/et_pb_column][\/et_pb_row][\/et_pb_section]<\/p>\n","protected":false},"excerpt":{"rendered":"<p>Informazioni sulla FTD La demenza frontotemporale (FTD) \u00e8 una forma devastante di demenza a esordio precoce che varia in ciascun individuo. I sintomi della DFT possono includere cambiamenti della personalit\u00e0 o comportamenti non caratteristici, perdita progressiva del linguaggio, perdita della funzione esecutiva e delle capacit\u00e0 cognitive, apatia e ridotta mobilit\u00e0.\u00b9\u207b\u00b3 La FTD causa una sostanziale [&hellip;]<\/p>\n","protected":false},"author":1,"featured_media":0,"parent":0,"menu_order":0,"comment_status":"closed","ping_status":"closed","template":"","meta":{"_et_pb_use_builder":"on","_et_pb_old_content":"","_et_gb_content_width":"","footnotes":""},"yoast_head":"<!-- This site is optimized with the Yoast SEO plugin v23.4 - https:\/\/yoast.com\/wordpress\/plugins\/seo\/ -->\n<title>Informazioni sulla FTD - ASPIRE-FTD<\/title>\n<meta name=\"description\" content=\"La demenza frontotemporale (FTD) \u00e8 una forma devastante di demenza ad esordio precoce ed \u00e8 caratterizzata dal decadimento progressivo delle funzioni cognitive...\" \/>\n<meta name=\"robots\" content=\"noindex, follow, max-snippet:-1, max-image-preview:large, max-video-preview:-1\" \/>\n<meta property=\"og:locale\" content=\"it_IT\" \/>\n<meta property=\"og:type\" content=\"article\" \/>\n<meta property=\"og:title\" content=\"Informazioni sulla FTD - ASPIRE-FTD\" \/>\n<meta property=\"og:description\" content=\"La demenza frontotemporale (FTD) \u00e8 una forma devastante di demenza ad esordio precoce ed \u00e8 caratterizzata dal decadimento progressivo delle funzioni cognitive...\" \/>\n<meta property=\"og:url\" content=\"https:\/\/quizzical-yonath.213-158-90-7.plesk.page\/about-ftd\/\" \/>\n<meta property=\"og:site_name\" content=\"ASPIRE-FTD\" \/>\n<meta property=\"article:modified_time\" content=\"2025-04-08T14:30:22+00:00\" \/>\n<meta property=\"og:image\" content=\"https:\/\/quizzical-yonath.213-158-90-7.plesk.page\/wp-content\/uploads\/2023\/11\/AspireFTD-500x500-1.jpg\" \/>\n\t<meta property=\"og:image:width\" content=\"500\" \/>\n\t<meta property=\"og:image:height\" content=\"500\" \/>\n\t<meta property=\"og:image:type\" content=\"image\/jpeg\" \/>\n<meta name=\"twitter:card\" content=\"summary_large_image\" \/>\n<meta name=\"twitter:label1\" content=\"Tempo di lettura stimato\" \/>\n\t<meta name=\"twitter:data1\" content=\"25 minuti\" \/>\n<script type=\"application\/ld+json\" class=\"yoast-schema-graph\">{\"@context\":\"https:\/\/schema.org\",\"@graph\":[{\"@type\":\"WebPage\",\"@id\":\"https:\/\/quizzical-yonath.213-158-90-7.plesk.page\/about-ftd\/\",\"url\":\"https:\/\/quizzical-yonath.213-158-90-7.plesk.page\/about-ftd\/\",\"name\":\"Informazioni sulla FTD - ASPIRE-FTD\",\"isPartOf\":{\"@id\":\"https:\/\/quizzical-yonath.213-158-90-7.plesk.page\/#website\"},\"datePublished\":\"2023-07-20T15:04:08+00:00\",\"dateModified\":\"2025-04-08T14:30:22+00:00\",\"description\":\"La demenza frontotemporale (FTD) \u00e8 una forma devastante di demenza ad esordio precoce ed \u00e8 caratterizzata dal decadimento progressivo delle funzioni cognitive...\",\"breadcrumb\":{\"@id\":\"https:\/\/quizzical-yonath.213-158-90-7.plesk.page\/about-ftd\/#breadcrumb\"},\"inLanguage\":\"it-IT\",\"potentialAction\":[{\"@type\":\"ReadAction\",\"target\":[\"https:\/\/quizzical-yonath.213-158-90-7.plesk.page\/about-ftd\/\"]}]},{\"@type\":\"BreadcrumbList\",\"@id\":\"https:\/\/quizzical-yonath.213-158-90-7.plesk.page\/about-ftd\/#breadcrumb\",\"itemListElement\":[{\"@type\":\"ListItem\",\"position\":1,\"name\":\"Home\",\"item\":\"https:\/\/quizzical-yonath.213-158-90-7.plesk.page\/\"},{\"@type\":\"ListItem\",\"position\":2,\"name\":\"Informazioni sulla FTD\"}]},{\"@type\":\"WebSite\",\"@id\":\"https:\/\/quizzical-yonath.213-158-90-7.plesk.page\/#website\",\"url\":\"https:\/\/quizzical-yonath.213-158-90-7.plesk.page\/\",\"name\":\"ASPIRE-FTD\",\"description\":\"CLINICAL TRIAL\",\"publisher\":{\"@id\":\"https:\/\/quizzical-yonath.213-158-90-7.plesk.page\/#organization\"},\"potentialAction\":[{\"@type\":\"SearchAction\",\"target\":{\"@type\":\"EntryPoint\",\"urlTemplate\":\"https:\/\/quizzical-yonath.213-158-90-7.plesk.page\/?s={search_term_string}\"},\"query-input\":{\"@type\":\"PropertyValueSpecification\",\"valueRequired\":true,\"valueName\":\"search_term_string\"}}],\"inLanguage\":\"it-IT\"},{\"@type\":\"Organization\",\"@id\":\"https:\/\/quizzical-yonath.213-158-90-7.plesk.page\/#organization\",\"name\":\"AviadoBio\",\"url\":\"https:\/\/quizzical-yonath.213-158-90-7.plesk.page\/\",\"logo\":{\"@type\":\"ImageObject\",\"inLanguage\":\"it-IT\",\"@id\":\"https:\/\/quizzical-yonath.213-158-90-7.plesk.page\/#\/schema\/logo\/image\/\",\"url\":\"https:\/\/quizzical-yonath.213-158-90-7.plesk.page\/wp-content\/uploads\/2023\/11\/AspireFTD-500x500-1.jpg\",\"contentUrl\":\"https:\/\/quizzical-yonath.213-158-90-7.plesk.page\/wp-content\/uploads\/2023\/11\/AspireFTD-500x500-1.jpg\",\"width\":500,\"height\":500,\"caption\":\"AviadoBio\"},\"image\":{\"@id\":\"https:\/\/quizzical-yonath.213-158-90-7.plesk.page\/#\/schema\/logo\/image\/\"}}]}<\/script>\n<!-- \/ Yoast SEO plugin. -->","yoast_head_json":{"title":"Informazioni sulla FTD - ASPIRE-FTD","description":"La demenza frontotemporale (FTD) \u00e8 una forma devastante di demenza ad esordio precoce ed \u00e8 caratterizzata dal decadimento progressivo delle funzioni cognitive...","robots":{"index":"noindex","follow":"follow","max-snippet":"max-snippet:-1","max-image-preview":"max-image-preview:large","max-video-preview":"max-video-preview:-1"},"og_locale":"it_IT","og_type":"article","og_title":"Informazioni sulla FTD - ASPIRE-FTD","og_description":"La demenza frontotemporale (FTD) \u00e8 una forma devastante di demenza ad esordio precoce ed \u00e8 caratterizzata dal decadimento progressivo delle funzioni cognitive...","og_url":"https:\/\/quizzical-yonath.213-158-90-7.plesk.page\/about-ftd\/","og_site_name":"ASPIRE-FTD","article_modified_time":"2025-04-08T14:30:22+00:00","og_image":[{"width":500,"height":500,"url":"https:\/\/quizzical-yonath.213-158-90-7.plesk.page\/wp-content\/uploads\/2023\/11\/AspireFTD-500x500-1.jpg","type":"image\/jpeg"}],"twitter_card":"summary_large_image","twitter_misc":{"Tempo di lettura stimato":"25 minuti"},"schema":{"@context":"https:\/\/schema.org","@graph":[{"@type":"WebPage","@id":"https:\/\/quizzical-yonath.213-158-90-7.plesk.page\/about-ftd\/","url":"https:\/\/quizzical-yonath.213-158-90-7.plesk.page\/about-ftd\/","name":"Informazioni sulla FTD - ASPIRE-FTD","isPartOf":{"@id":"https:\/\/quizzical-yonath.213-158-90-7.plesk.page\/#website"},"datePublished":"2023-07-20T15:04:08+00:00","dateModified":"2025-04-08T14:30:22+00:00","description":"La demenza frontotemporale (FTD) \u00e8 una forma devastante di demenza ad esordio precoce ed \u00e8 caratterizzata dal decadimento progressivo delle funzioni cognitive...","breadcrumb":{"@id":"https:\/\/quizzical-yonath.213-158-90-7.plesk.page\/about-ftd\/#breadcrumb"},"inLanguage":"it-IT","potentialAction":[{"@type":"ReadAction","target":["https:\/\/quizzical-yonath.213-158-90-7.plesk.page\/about-ftd\/"]}]},{"@type":"BreadcrumbList","@id":"https:\/\/quizzical-yonath.213-158-90-7.plesk.page\/about-ftd\/#breadcrumb","itemListElement":[{"@type":"ListItem","position":1,"name":"Home","item":"https:\/\/quizzical-yonath.213-158-90-7.plesk.page\/"},{"@type":"ListItem","position":2,"name":"Informazioni sulla FTD"}]},{"@type":"WebSite","@id":"https:\/\/quizzical-yonath.213-158-90-7.plesk.page\/#website","url":"https:\/\/quizzical-yonath.213-158-90-7.plesk.page\/","name":"ASPIRE-FTD","description":"CLINICAL TRIAL","publisher":{"@id":"https:\/\/quizzical-yonath.213-158-90-7.plesk.page\/#organization"},"potentialAction":[{"@type":"SearchAction","target":{"@type":"EntryPoint","urlTemplate":"https:\/\/quizzical-yonath.213-158-90-7.plesk.page\/?s={search_term_string}"},"query-input":{"@type":"PropertyValueSpecification","valueRequired":true,"valueName":"search_term_string"}}],"inLanguage":"it-IT"},{"@type":"Organization","@id":"https:\/\/quizzical-yonath.213-158-90-7.plesk.page\/#organization","name":"AviadoBio","url":"https:\/\/quizzical-yonath.213-158-90-7.plesk.page\/","logo":{"@type":"ImageObject","inLanguage":"it-IT","@id":"https:\/\/quizzical-yonath.213-158-90-7.plesk.page\/#\/schema\/logo\/image\/","url":"https:\/\/quizzical-yonath.213-158-90-7.plesk.page\/wp-content\/uploads\/2023\/11\/AspireFTD-500x500-1.jpg","contentUrl":"https:\/\/quizzical-yonath.213-158-90-7.plesk.page\/wp-content\/uploads\/2023\/11\/AspireFTD-500x500-1.jpg","width":500,"height":500,"caption":"AviadoBio"},"image":{"@id":"https:\/\/quizzical-yonath.213-158-90-7.plesk.page\/#\/schema\/logo\/image\/"}}]}},"_links":{"self":[{"href":"https:\/\/quizzical-yonath.213-158-90-7.plesk.page\/it\/wp-json\/wp\/v2\/pages\/6024"}],"collection":[{"href":"https:\/\/quizzical-yonath.213-158-90-7.plesk.page\/it\/wp-json\/wp\/v2\/pages"}],"about":[{"href":"https:\/\/quizzical-yonath.213-158-90-7.plesk.page\/it\/wp-json\/wp\/v2\/types\/page"}],"author":[{"embeddable":true,"href":"https:\/\/quizzical-yonath.213-158-90-7.plesk.page\/it\/wp-json\/wp\/v2\/users\/1"}],"replies":[{"embeddable":true,"href":"https:\/\/quizzical-yonath.213-158-90-7.plesk.page\/it\/wp-json\/wp\/v2\/comments?post=6024"}],"version-history":[{"count":17,"href":"https:\/\/quizzical-yonath.213-158-90-7.plesk.page\/it\/wp-json\/wp\/v2\/pages\/6024\/revisions"}],"predecessor-version":[{"id":8112,"href":"https:\/\/quizzical-yonath.213-158-90-7.plesk.page\/it\/wp-json\/wp\/v2\/pages\/6024\/revisions\/8112"}],"wp:attachment":[{"href":"https:\/\/quizzical-yonath.213-158-90-7.plesk.page\/it\/wp-json\/wp\/v2\/media?parent=6024"}],"curies":[{"name":"wp","href":"https:\/\/api.w.org\/{rel}","templated":true}]}}