{"id":6040,"date":"2023-11-24T08:50:47","date_gmt":"2023-11-24T08:50:47","guid":{"rendered":"https:\/\/upbeat-bassi.138-201-129-95.plesk.page\/domande-frequenti\/"},"modified":"2025-04-09T09:18:00","modified_gmt":"2025-04-09T08:18:00","slug":"domande-frequenti","status":"publish","type":"page","link":"https:\/\/quizzical-yonath.213-158-90-7.plesk.page\/it\/domande-frequenti\/","title":{"rendered":"Domande frequenti"},"content":{"rendered":"<p>[et_pb_section fb_built=&#8221;1&#8243; custom_padding_last_edited=&#8221;on|phone&#8221; _builder_version=&#8221;4.22.1&#8243; _module_preset=&#8221;default&#8221; background_enable_image=&#8221;off&#8221; background_size=&#8221;custom&#8221; background_image_width=&#8221;30%&#8221; background_position=&#8221;top_right&#8221; background_horizontal_offset=&#8221;10%&#8221; custom_margin=&#8221;0px||||false|false&#8221; custom_padding=&#8221;10vh||20vh||false|false&#8221; custom_padding_tablet=&#8221;5vh||15vh||false|false&#8221; custom_padding_phone=&#8221;&#8221; bottom_divider_style=&#8221;ramp&#8221; bottom_divider_color=&#8221;#43464F&#8221; bottom_divider_flip=&#8221;vertical|horizontal&#8221; background_last_edited=&#8221;off|desktop&#8221; background_enable_image_tablet=&#8221;off&#8221; global_colors_info=&#8221;{}&#8221;][et_pb_row custom_padding_last_edited=&#8221;on|tablet&#8221; _builder_version=&#8221;4.24.2&#8243; _module_preset=&#8221;default&#8221; width_tablet=&#8221;80%&#8221; width_last_edited=&#8221;off|desktop&#8221; module_alignment=&#8221;center&#8221; custom_margin=&#8221;||||false|false&#8221; custom_margin_tablet=&#8221;||||false|false&#8221; custom_margin_phone=&#8221;||0px||false|false&#8221; custom_margin_last_edited=&#8221;on|phone&#8221; custom_padding=&#8221;||10vh||false|false&#8221; custom_padding_tablet=&#8221;||5vh||false|false&#8221; custom_padding_phone=&#8221;||0vh||false|false&#8221; module_alignment_tablet=&#8221;center&#8221; module_alignment_phone=&#8221;center&#8221; module_alignment_last_edited=&#8221;off|desktop&#8221; global_colors_info=&#8221;{}&#8221;][et_pb_column type=&#8221;4_4&#8243; _builder_version=&#8221;4.22.1&#8243; _module_preset=&#8221;default&#8221; custom_padding_tablet=&#8221;||30px||false|false&#8221; custom_padding_phone=&#8221;||30px||false|false&#8221; custom_padding_last_edited=&#8221;on|tablet&#8221; custom_css_main_element=&#8221;margin:auto;&#8221; global_colors_info=&#8221;{}&#8221;][et_pb_text disabled_on=&#8221;off|off|off&#8221; _builder_version=&#8221;4.24.2&#8243; _module_preset=&#8221;default&#8221; header_font=&#8221;|||on|||||&#8221; header_font_size=&#8221;38px&#8221; header_letter_spacing=&#8221;2px&#8221; header_2_font=&#8221;|||on|||||&#8221; header_2_text_color=&#8221;#43464F&#8221; header_2_letter_spacing=&#8221;2px&#8221; header_2_line_height=&#8221;1.4em&#8221; module_alignment=&#8221;left&#8221; custom_margin=&#8221;0px||0px||false|false&#8221; custom_padding=&#8221;0px||0px||false|false&#8221; header_font_size_tablet=&#8221;38px&#8221; header_font_size_phone=&#8221;32px&#8221; header_font_size_last_edited=&#8221;on|phone&#8221; header_2_font_size_tablet=&#8221;&#8221; header_2_font_size_phone=&#8221;24px&#8221; header_2_font_size_last_edited=&#8221;on|phone&#8221; global_colors_info=&#8221;{}&#8221;]<\/p>\n<h1 style=\"text-align: left;\">DOMANDE FREQUENTI<\/h1>\n<p>[\/et_pb_text][\/et_pb_column][\/et_pb_row][et_pb_row use_custom_gutter=&#8221;on&#8221; gutter_width=&#8221;2&#8243; make_equal=&#8221;on&#8221; custom_padding_last_edited=&#8221;on|desktop&#8221; _builder_version=&#8221;4.24.2&#8243; _module_preset=&#8221;default&#8221; background_enable_color=&#8221;off&#8221; width_tablet=&#8221;&#8221; width_phone=&#8221;100%&#8221; width_last_edited=&#8221;on|phone&#8221; custom_margin=&#8221;||||false|false&#8221; custom_margin_tablet=&#8221;||||false|false&#8221; custom_margin_phone=&#8221;||||false|false&#8221; custom_margin_last_edited=&#8221;on|desktop&#8221; custom_padding=&#8221;0px||0px||false|true&#8221; custom_padding_tablet=&#8221;||0px||false|true&#8221; custom_padding_phone=&#8221;10px|30px|10px|30px|true|true&#8221; global_colors_info=&#8221;{}&#8221; width__hover_enabled=&#8221;off|desktop&#8221;][et_pb_column type=&#8221;4_4&#8243; _builder_version=&#8221;4.16&#8243; _module_preset=&#8221;default&#8221; custom_padding=&#8221;||||false|false&#8221; custom_padding_tablet=&#8221;|0px|50px||false|false&#8221; custom_padding_last_edited=&#8221;off|desktop&#8221; custom_css_main_element=&#8221;margin:auto&#8221; global_colors_info=&#8221;{}&#8221;][et_pb_toggle title=&#8221;Che cos\u2019\u00e8 la FTD? &#8221; open_toggle_text_color=&#8221;#43464F&#8221; icon_color=&#8221;#9F1D20&#8243; use_icon_font_size=&#8221;on&#8221; icon_font_size=&#8221;21px&#8221; open_icon_color=&#8221;#9F1D20&#8243; open_use_icon_font_size=&#8221;on&#8221; open_icon_font_size=&#8221;21px&#8221; _builder_version=&#8221;4.24.2&#8243; _module_preset=&#8221;default&#8221; title_text_color=&#8221;#43464F&#8221; title_level=&#8221;h3&#8243; title_font=&#8221;|||on|||||&#8221; title_font_size=&#8221;17px&#8221; title_letter_spacing=&#8221;2px&#8221; background_color=&#8221;#E5E5E5&#8243; width=&#8221;100%&#8221; max_width=&#8221;100%&#8221; custom_margin=&#8221;||30px||false|false&#8221; custom_padding=&#8221;||||false|false&#8221; border_width_all=&#8221;2px&#8221; border_color_all=&#8221;#E5E5E5&#8243; border_width_top=&#8221;0px&#8221; border_color_top=&#8221;#43464F&#8221; global_colors_info=&#8221;{}&#8221;]La demenza frontotemporale (FTD) \u00e8 una forma devastante di demenza a esordio precoce che varia in ciascun individuo. I sintomi della FTD possono includere cambiamenti della personalit\u00e0 o comportamenti non caratteristici, perdita progressiva del linguaggio, perdita della funzione esecutiva e delle capacit\u00e0 cognitive, apatia e ridotta mobilit\u00e0.<span style=\"vertical-align: super; line-height: 1em; font-size: 70%;\">\u00b9\u207b\u00b3<\/span> La FTD \u00e8 una delle cause principali di demenza giovanile (o precoce) nei soggetti di et\u00e0 inferiore a 65 anni.<span style=\"vertical-align: super; line-height: 1em; font-size: 70%;\">\u2074<\/span>[\/et_pb_toggle][et_pb_toggle title=&#8221;Cos\u2019\u00e8 una mutazione della progranulina?&#8221; open_toggle_text_color=&#8221;#43464F&#8221; icon_color=&#8221;#9F1D20&#8243; use_icon_font_size=&#8221;on&#8221; icon_font_size=&#8221;21px&#8221; open_icon_color=&#8221;#9F1D20&#8243; open_use_icon_font_size=&#8221;on&#8221; open_icon_font_size=&#8221;21px&#8221; content_tablet=&#8221;<\/p>\n<p>Si tratta di una mutazione del gene \u201cGRN\u201d. I geni sono istruzioni che dicono alle cellule dell\u2019organismo cosa fare. Talvolta, i geni contengono errori chiamati mutazioni.<\/p>\n<p><a href=%22https:\/\/quizzical-yonath.213-158-90-7.plesk.page\/wp-content\/uploads\/2023\/09\/AviadoBio-Web-Genes_mutated.png%22><img src=%22https:\/\/quizzical-yonath.213-158-90-7.plesk.page\/wp-content\/uploads\/2023\/09\/AviadoBio-Web-Genes_mutated-300x120.png%22 width=%22125%22 height=%2250%22 alt=%22%22 class=%22wp-image-3730 alignnone size-medium%22\/><\/a><\/p>\n<p>Gene mutato<\/p>\n<p><a href=%22https:\/\/quizzical-yonath.213-158-90-7.plesk.page\/wp-content\/uploads\/2023\/09\/AviadoBio-Web-Genes_normal.png%22><img src=%22https:\/\/quizzical-yonath.213-158-90-7.plesk.page\/wp-content\/uploads\/2023\/09\/AviadoBio-Web-Genes_normal-300x120.png%22 width=%22125%22 height=%2250%22 alt=%22%22 class=%22wp-image-3729 alignnone size-medium%22\/><\/a><\/p>\n<p>Gene senza mutazione<\/p>\n<p>Il gene GRN indica all\u2019organismo di produrre progranulina, una proteina che svolge un ruolo importante nel normale funzionamento delle cellule nel cervello. In presenza di mutazione nel gene GRN, l\u2019organismo potrebbe non produrre una quantit\u00e0 sufficiente di progranulina, che pu\u00f2 portare alla morte cellulare nel cervello e ai sintomi di FTD-GRN.<\/p>\n<p>&#8221; content_phone=&#8221;<\/p>\n<p>Si tratta di una mutazione del gene \u201cGRN\u201d. I geni sono istruzioni che dicono alle cellule dell\u2019organismo cosa fare. Talvolta, i geni contengono errori chiamati mutazioni.<\/p>\n<p><a href=%22https:\/\/quizzical-yonath.213-158-90-7.plesk.page\/wp-content\/uploads\/2023\/09\/AviadoBio-Web-Genes_mutated.png%22><img src=%22https:\/\/quizzical-yonath.213-158-90-7.plesk.page\/wp-content\/uploads\/2023\/09\/AviadoBio-Web-Genes_mutated-300x120.png%22 width=%22125%22 height=%2250%22 alt=%22%22 class=%22wp-image-3730 alignnone size-medium%22\/><\/a><\/p>\n<p>Gene mutato<\/p>\n<p><a href=%22https:\/\/quizzical-yonath.213-158-90-7.plesk.page\/wp-content\/uploads\/2023\/09\/AviadoBio-Web-Genes_normal.png%22><img src=%22https:\/\/quizzical-yonath.213-158-90-7.plesk.page\/wp-content\/uploads\/2023\/09\/AviadoBio-Web-Genes_normal-300x120.png%22 width=%22125%22 height=%2250%22 alt=%22%22 class=%22wp-image-3729 alignnone size-medium%22\/><\/a><\/p>\n<p>Gene senza mutazione<\/p>\n<p>Il gene GRN indica all\u2019organismo di produrre progranulina, una proteina che svolge un ruolo importante nel normale funzionamento delle cellule nel cervello. In presenza di mutazione nel gene GRN, l\u2019organismo potrebbe non produrre una quantit\u00e0 sufficiente di progranulina, che pu\u00f2 portare alla morte cellulare nel cervello e ai sintomi di FTD-GRN.<\/p>\n<p>&#8221; content_last_edited=&#8221;on|tablet&#8221; _builder_version=&#8221;4.24.2&#8243; _module_preset=&#8221;default&#8221; title_text_color=&#8221;#43464F&#8221; title_level=&#8221;h3&#8243; title_font=&#8221;|||on|||||&#8221; title_font_size=&#8221;17px&#8221; title_letter_spacing=&#8221;2px&#8221; background_color=&#8221;#E5E5E5&#8243; width=&#8221;100%&#8221; max_width=&#8221;100%&#8221; custom_margin=&#8221;||30px||false|false&#8221; border_width_all=&#8221;2px&#8221; border_color_all=&#8221;#E5E5E5&#8243; border_width_top=&#8221;0px&#8221; border_color_top=&#8221;#43464F&#8221; global_colors_info=&#8221;{}&#8221;]<\/p>\n<p>Si tratta di una mutazione del gene \u201cGRN\u201d. I geni sono istruzioni che dicono alle cellule dell\u2019organismo cosa fare. Talvolta, i geni contengono errori chiamati mutazioni.<\/p>\n<p><a href=\"https:\/\/quizzical-yonath.213-158-90-7.plesk.page\/wp-content\/uploads\/2023\/09\/AviadoBio-Web-Genes_mutated.png\"><img loading=\"lazy\" decoding=\"async\" src=\"https:\/\/quizzical-yonath.213-158-90-7.plesk.page\/wp-content\/uploads\/2023\/09\/AviadoBio-Web-Genes_mutated-300x120.png\" width=\"125\" height=\"50\" alt=\"\" class=\"wp-image-3730 alignnone size-medium\"\/><\/a>\u00a0 \u00a0 \u00a0 \u00a0 \u00a0 \u00a0 \u00a0 \u00a0 \u00a0 \u00a0 \u00a0 <a href=\"https:\/\/quizzical-yonath.213-158-90-7.plesk.page\/wp-content\/uploads\/2023\/09\/AviadoBio-Web-Genes_normal.png\"><img loading=\"lazy\" decoding=\"async\" src=\"https:\/\/quizzical-yonath.213-158-90-7.plesk.page\/wp-content\/uploads\/2023\/09\/AviadoBio-Web-Genes_normal-300x120.png\" width=\"125\" height=\"50\" alt=\"\" class=\"wp-image-3729 alignnone size-medium\"\/><\/a><\/p>\n<p>Gene mutato \u00a0 \u00a0 \u00a0 \u00a0 \u00a0 \u00a0 Gene senza mutazione<\/p>\n<p>Il gene GRN indica all\u2019organismo di produrre progranulina, una proteina che svolge un ruolo importante nel normale funzionamento delle cellule nel cervello. In presenza di una mutazione nel gene GRN, l\u2019organismo potrebbe non produrre una quantit\u00e0 sufficiente di progranulina, il che pu\u00f2 portare alla morte cellulare nel cervello e ai sintomi di FTD.<\/p>\n<p>[\/et_pb_toggle][et_pb_toggle title=&#8221;Che cos\u2019\u00e8 lo studio ASPIRE-FTD?&#8221; open_toggle_text_color=&#8221;#43464F&#8221; icon_color=&#8221;#9F1D20&#8243; use_icon_font_size=&#8221;on&#8221; icon_font_size=&#8221;21px&#8221; open_icon_color=&#8221;#9F1D20&#8243; open_use_icon_font_size=&#8221;on&#8221; open_icon_font_size=&#8221;21px&#8221; title_last_edited=&#8221;off|desktop&#8221; _builder_version=&#8221;4.24.2&#8243; _module_preset=&#8221;default&#8221; title_text_color=&#8221;#43464F&#8221; title_level=&#8221;h3&#8243; title_font=&#8221;|||on|||||&#8221; title_font_size=&#8221;17px&#8221; title_letter_spacing=&#8221;2px&#8221; background_color=&#8221;#E5E5E5&#8243; width=&#8221;100%&#8221; max_width=&#8221;100%&#8221; custom_margin=&#8221;||30px||false|false&#8221; border_width_all=&#8221;2px&#8221; border_color_all=&#8221;#E5E5E5&#8243; border_width_top=&#8221;0px&#8221; border_color_top=&#8221;#43464F&#8221; global_colors_info=&#8221;{}&#8221; title__hover_enabled=&#8221;off|desktop&#8221; title__hover=&#8221;What is the ASPIRE-FTD study?&#8221;]<\/p>\n<p>ASPIRE-FTD \u00e8 uno studio in aperto multicentrico di fase 1\/2 progettato per valutare la sicurezza e l\u2019efficacia preliminare di AVB-101 in pazienti con DFT-GRN.\u00a0ASPIRE-FTD \u00e8 il primo studio di AVB-101 sugli esseri umani. Si propone di valutare la sicurezza di AVB-101 e misurarne gli effetti sui livelli di progranulina e sui sintomi di FTD.<\/p>\n<p>[\/et_pb_toggle][et_pb_toggle title=&#8221;Chi pu\u00f2 partecipare allo studio?&#8221; open_toggle_text_color=&#8221;#43464F&#8221; icon_color=&#8221;#9F1D20&#8243; use_icon_font_size=&#8221;on&#8221; icon_font_size=&#8221;21px&#8221; open_icon_color=&#8221;#9F1D20&#8243; open_use_icon_font_size=&#8221;on&#8221; open_icon_font_size=&#8221;21px&#8221; _builder_version=&#8221;4.22.1&#8243; _module_preset=&#8221;default&#8221; title_text_color=&#8221;#43464F&#8221; title_level=&#8221;h3&#8243; title_font=&#8221;|||on|||||&#8221; title_font_size=&#8221;17px&#8221; title_letter_spacing=&#8221;2px&#8221; background_color=&#8221;#E5E5E5&#8243; width=&#8221;100%&#8221; max_width=&#8221;100%&#8221; custom_margin=&#8221;||30px||false|false&#8221; border_width_all=&#8221;2px&#8221; border_color_all=&#8221;#E5E5E5&#8243; border_width_top=&#8221;0px&#8221; border_color_top=&#8221;#43464F&#8221; global_colors_info=&#8221;{}&#8221;]<\/p>\n<p>Lei potrebbe essere idoneo\/a a partecipare se soddisfa i seguenti criteri*:<\/p>\n<ul>\n<li>30-75 anni di et\u00e0;<\/li>\n<li>diagnosi di FTD-GRN (verr\u00e0 confermata con un test genetico);<\/li>\n<li>avere un accompagnatore familiare o professionale in grado di supportarLa (compresa la partecipazione alle visite dello studio) per tutta la durata dello studio (5 anni e 3 mesi).<\/li>\n<\/ul>\n<p>*Si applicheranno anche altri criteri.<\/p>\n<p>[\/et_pb_toggle][et_pb_toggle title=&#8221;Cosa sono gli studi di ricerca clinica?&#8221; open_toggle_text_color=&#8221;#43464F&#8221; icon_color=&#8221;#9F1D20&#8243; use_icon_font_size=&#8221;on&#8221; icon_font_size=&#8221;21px&#8221; open_icon_color=&#8221;#9F1D20&#8243; open_use_icon_font_size=&#8221;on&#8221; open_icon_font_size=&#8221;21px&#8221; _builder_version=&#8221;4.22.1&#8243; _module_preset=&#8221;default&#8221; title_text_color=&#8221;#43464F&#8221; title_level=&#8221;h3&#8243; title_font=&#8221;|||on|||||&#8221; title_font_size=&#8221;17px&#8221; title_letter_spacing=&#8221;2px&#8221; background_color=&#8221;#E5E5E5&#8243; width=&#8221;100%&#8221; max_width=&#8221;100%&#8221; custom_margin=&#8221;||30px||false|false&#8221; border_width_all=&#8221;2px&#8221; border_color_all=&#8221;#E5E5E5&#8243; border_width_top=&#8221;0px&#8221; border_color_top=&#8221;#43464F&#8221; global_colors_info=&#8221;{}&#8221;]<\/p>\n<p>Gli studi di ricerca clinica aiutano scienziati e medici a valutare se un nuovo farmaco o trattamento sia sicuro ed efficace. Prima che un medico possa prescrivere un nuovo farmaco o trattamento, questo deve attraversare diverse fasi di ricerca clinica e ottenere un\u2019autorizzazione da parte delle autorit\u00e0 nazionali. La ricerca clinica \u00e8 possibile solo con l\u2019aiuto di persone che partecipano a studi di ricerca. Tutta la partecipazione allo studio \u00e8 volontaria e, se si decide di partecipare a uno studio, si \u00e8 liberi di ritirarsi in qualsiasi momento.<\/p>\n<p>[\/et_pb_toggle][et_pb_toggle title=&#8221;Qual \u00e8 il trattamento dello studio?&#8221; open_toggle_text_color=&#8221;#43464F&#8221; icon_color=&#8221;#9F1D20&#8243; use_icon_font_size=&#8221;on&#8221; icon_font_size=&#8221;21px&#8221; open_icon_color=&#8221;#9F1D20&#8243; open_use_icon_font_size=&#8221;on&#8221; open_icon_font_size=&#8221;21px&#8221; _builder_version=&#8221;4.24.2&#8243; _module_preset=&#8221;default&#8221; title_text_color=&#8221;#43464F&#8221; title_level=&#8221;h3&#8243; title_font=&#8221;|||on|||||&#8221; title_font_size=&#8221;17px&#8221; title_letter_spacing=&#8221;2px&#8221; background_color=&#8221;#E5E5E5&#8243; width=&#8221;100%&#8221; max_width=&#8221;100%&#8221; custom_margin=&#8221;||30px||false|false&#8221; border_width_all=&#8221;2px&#8221; border_color_all=&#8221;#E5E5E5&#8243; border_width_top=&#8221;0px&#8221; border_color_top=&#8221;#43464F&#8221; global_colors_info=&#8221;{}&#8221;]<\/p>\n<p>Il trattamento dello studio in questo studio di ricerca clinica \u00e8 AVB-101, una terapia sperimentale unica progettata per fornire una copia funzionale del gene progranulina (GRN) direttamente al cervello, ripristinando potenzialmente i livelli di progranulina e bloccando la progressione della malattia nei pazienti con FTD-GRN. AVB-101 viene somministrato utilizzando una procedura neurochirurgica direttamente al talamo presso centri neurochirurgici specializzati in tutta Europa e negli Stati Uniti.<\/p>\n<p>[\/et_pb_toggle][et_pb_toggle title=&#8221;PERCH\u00c9 \u00c8 NECESSARIO UN INTERVENTO CHIRURGICO PER SOMMINISTRARE AVB-101?&#8221; open_toggle_text_color=&#8221;#43464F&#8221; icon_color=&#8221;#9F1D20&#8243; use_icon_font_size=&#8221;on&#8221; icon_font_size=&#8221;21px&#8221; open_icon_color=&#8221;#9F1D20&#8243; open_use_icon_font_size=&#8221;on&#8221; open_icon_font_size=&#8221;21px&#8221; _builder_version=&#8221;4.24.2&#8243; _module_preset=&#8221;default&#8221; title_text_color=&#8221;#43464F&#8221; title_level=&#8221;h3&#8243; title_font=&#8221;|||on|||||&#8221; title_font_size=&#8221;17px&#8221; title_letter_spacing=&#8221;2px&#8221; background_color=&#8221;#E5E5E5&#8243; width=&#8221;100%&#8221; max_width=&#8221;100%&#8221; custom_margin=&#8221;||30px||false|false&#8221; border_width_all=&#8221;2px&#8221; border_color_all=&#8221;#E5E5E5&#8243; border_width_top=&#8221;0px&#8221; border_color_top=&#8221;#43464F&#8221; global_colors_info=&#8221;{}&#8221;]<\/p>\n<p>La nostra terapia genica sperimentale, AVB-101, viene somministrata utilizzando una procedura neurochirurgica direttamente al talamo. Il talamo \u00e8 un punto chiave per la connettivit\u00e0 nel cervello, con proiezioni diffuse in tutto il cervello, compresa la corteccia, un\u2019area chiave colpita nella FTD-GRN. La terapia genica mira a fornire copie geniche funzionali alle cellule carenti.<\/p>\n<p>Nelle malattie del sistema nervoso centrale come la FTD, la barriera ematoencefalica pu\u00f2 rappresentare un ostacolo per l\u2019erogazione della terapia genica. La barriera ematoencefalica \u00e8 uno strato di cellule tra i vasi sanguigni e il cervello che protegge il cervello da sostanze esterne nocive, lasciando passare i nutrienti di cui le cellule cerebrali hanno bisogno. La procedura neurochirurgica per somministrare l\u2019AVB-101 bypassa la barriera emato-encefalica, limitando cos\u00ec l\u2019accesso al cervello, dove \u00e8 maggiormente necessario. Allo stesso tempo, ci\u00f2 riduce potenzialmente la quantit\u00e0 di dose richiesta e l\u2019esposizione sistemica in altre parti del corpo.<\/p>\n<p>[\/et_pb_toggle][et_pb_toggle title=&#8221;Cosa comporta la partecipazione allo studio?&#8221; open_toggle_text_color=&#8221;#43464F&#8221; icon_color=&#8221;#9F1D20&#8243; use_icon_font_size=&#8221;on&#8221; icon_font_size=&#8221;21px&#8221; open_icon_color=&#8221;#9F1D20&#8243; open_use_icon_font_size=&#8221;on&#8221; open_icon_font_size=&#8221;21px&#8221; _builder_version=&#8221;4.24.2&#8243; _module_preset=&#8221;default&#8221; title_text_color=&#8221;#43464F&#8221; title_level=&#8221;h4&#8243; title_font=&#8221;|||on|||||&#8221; title_font_size=&#8221;17px&#8221; title_letter_spacing=&#8221;2px&#8221; background_color=&#8221;#E5E5E5&#8243; width=&#8221;100%&#8221; max_width=&#8221;100%&#8221; hover_enabled=&#8221;0&#8243; border_width_all=&#8221;2px&#8221; border_color_all=&#8221;#E5E5E5&#8243; border_width_top=&#8221;0px&#8221; border_color_top=&#8221;#43464F&#8221; global_colors_info=&#8221;{}&#8221; sticky_enabled=&#8221;0&#8243;]<\/p>\n<p>La partecipazione allo studio prevede la visita presso un centro di sperimentazione clinica in diversi momenti durante lo studio per lo screening e il follow-up, e la visita presso un centro neurochirurgico specializzato nella somministrazione di AVB-101 (singola somministrazione).<\/p>\n<p><a href=\"https:\/\/quizzical-yonath.213-158-90-7.plesk.page\/wp-content\/uploads\/2025\/04\/Aspire-ftd-AviadoBio-infographic_it-IT-v2.png\"><img loading=\"lazy\" decoding=\"async\" src=\"https:\/\/quizzical-yonath.213-158-90-7.plesk.page\/wp-content\/uploads\/2025\/04\/Aspire-ftd-AviadoBio-infographic_it-IT-v2-1024x430.png\" width=\"1024\" height=\"430\" alt=\"\" class=\"wp-image-8023 alignnone size-large\" srcset=\"https:\/\/quizzical-yonath.213-158-90-7.plesk.page\/wp-content\/uploads\/2025\/04\/Aspire-ftd-AviadoBio-infographic_it-IT-v2-980x411.png 980w, https:\/\/quizzical-yonath.213-158-90-7.plesk.page\/wp-content\/uploads\/2025\/04\/Aspire-ftd-AviadoBio-infographic_it-IT-v2-480x201.png 480w\" sizes=\"(min-width: 0px) and (max-width: 480px) 480px, (min-width: 481px) and (max-width: 980px) 980px, (min-width: 981px) 1024px, 100vw\" \/><\/a><\/p>\n<p>[\/et_pb_toggle][et_pb_toggle title=&#8221;PERCH\u00c9 C\u2019\u00c8 UN BISOGNO URGENTE DI RICERCA SULLA FTD?&#8221; open_toggle_text_color=&#8221;#43464F&#8221; icon_color=&#8221;#9F1D20&#8243; use_icon_font_size=&#8221;on&#8221; icon_font_size=&#8221;21px&#8221; open_icon_color=&#8221;#9F1D20&#8243; open_use_icon_font_size=&#8221;on&#8221; open_icon_font_size=&#8221;21px&#8221; _builder_version=&#8221;4.24.2&#8243; _module_preset=&#8221;default&#8221; title_text_color=&#8221;#43464F&#8221; title_level=&#8221;h4&#8243; title_font=&#8221;|||on|||||&#8221; title_font_size=&#8221;17px&#8221; title_letter_spacing=&#8221;2px&#8221; background_color=&#8221;#E5E5E5&#8243; width=&#8221;100%&#8221; max_width=&#8221;100%&#8221; border_width_all=&#8221;2px&#8221; border_color_all=&#8221;#E5E5E5&#8243; border_width_top=&#8221;0px&#8221; border_color_top=&#8221;#43464F&#8221; global_colors_info=&#8221;{}&#8221;]C\u2019\u00e8 urgente bisogno di collaborazione tra ricercatori, medici, pazienti, sostenitori e famiglie per esplorare coraggiosamente nuovi approcci per affrontare la FTD, inclusi metodi di somministrazione innovativi e mirati.<\/p>\n<p>Una forte anamnesi familiare \u00e8 presente in circa il 30-50% dei casi di FTD<span style=\"vertical-align: super; line-height: 1em; font-size: 70%;\">\u2075\u207b\u2077<\/span> e gran parte della ricerca attuale si concentra sulla FTD genetica, in particolare su FTD-GRN. Le persone che convivono con la FTD rivestono un ruolo fondamentale nel processo di ricerca per aiutare a scoprire nuovi trattamenti. Senza queste persone e le loro famiglie, la ricerca clinica non pu\u00f2 progredire.<\/p>\n<p>La partecipazione a una sperimentazione clinica pu\u00f2 essere una decisione importante per le persone affette da FTD e le loro famiglie. Sebbene i partecipanti allo studio potrebbero non trarre alcun beneficio diretto dal trattamento sperimentale in una sperimentazione clinica, la partecipazione alla ricerca potrebbe aiutare alcune persone a sentire che stanno contribuendo a un corpo di ricerca pi\u00f9 ampio per le generazioni future che potrebbero essere affette da FTD.<\/p>\n<p>&nbsp;[\/et_pb_toggle][\/et_pb_column][\/et_pb_row][et_pb_row custom_padding_last_edited=&#8221;on|phone&#8221; _builder_version=&#8221;4.24.2&#8243; _module_preset=&#8221;default&#8221; custom_padding=&#8221;60px||0px||false|false&#8221; custom_padding_tablet=&#8221;&#8221; custom_padding_phone=&#8221;0px||0px||true|false&#8221; global_colors_info=&#8221;{}&#8221;][et_pb_column type=&#8221;4_4&#8243; _builder_version=&#8221;4.16&#8243; _module_preset=&#8221;default&#8221; global_colors_info=&#8221;{}&#8221;][et_pb_toggle title=&#8221;RIFERIMENTI BIBLIOGRAFICI&#8221; open_toggle_text_color=&#8221;#43464F&#8221; icon_color=&#8221;#9F1D20&#8243; use_icon_font_size=&#8221;on&#8221; icon_font_size=&#8221;21px&#8221; open_icon_color=&#8221;#9F1D20&#8243; open_use_icon_font_size=&#8221;on&#8221; open_icon_font_size=&#8221;21px&#8221; disabled_on=&#8221;off|off|off&#8221; _builder_version=&#8221;4.24.2&#8243; _module_preset=&#8221;default&#8221; title_text_color=&#8221;#43464F&#8221; title_level=&#8221;h4&#8243; title_font=&#8221;|||on|||||&#8221; title_font_size=&#8221;17px&#8221; title_letter_spacing=&#8221;2px&#8221; body_font_size=&#8221;16px&#8221; background_color=&#8221;#E5E5E5&#8243; width=&#8221;100%&#8221; max_width=&#8221;100%&#8221; border_width_all=&#8221;2px&#8221; border_color_all=&#8221;#E5E5E5&#8243; border_width_top=&#8221;0px&#8221; border_color_top=&#8221;#43464F&#8221; global_colors_info=&#8221;{}&#8221;]<\/p>\n<ol>\n<li>Pressman PS e Miller BL. Biol Psychiatry 2014;75:574-81;<\/li>\n<li>Young JJ et al. Ther Adv Psychopharmacol 2018; 8: 33-48;<\/li>\n<li>Hogan DB et al. Can J Neurol Sci 2016;43 Suppl 1:S96-109;<\/li>\n<li>Hendriks S et al. JAMA Neurol 2021;78:1080-90;<\/li>\n<li>Riedl L et al. Neuropsychiatr Dis Treat. 2014;10:297-310;<\/li>\n<li>Greaves CV e Rohrer JD. J Neurol 2019; 266: 2075-86;<\/li>\n<li>Kuang, L., et. al. Human Molecular Genetics 2020;29(4):624-634.<\/li>\n<\/ol>\n<p>[\/et_pb_toggle][\/et_pb_column][\/et_pb_row][\/et_pb_section]<\/p>\n","protected":false},"excerpt":{"rendered":"<p>DOMANDE FREQUENTILa demenza frontotemporale (FTD) \u00e8 una forma devastante di demenza a esordio precoce che varia in ciascun individuo. I sintomi della FTD possono includere cambiamenti della personalit\u00e0 o comportamenti non caratteristici, perdita progressiva del linguaggio, perdita della funzione esecutiva e delle capacit\u00e0 cognitive, apatia e ridotta mobilit\u00e0.\u00b9\u207b\u00b3 La FTD \u00e8 una delle cause principali [&hellip;]<\/p>\n","protected":false},"author":1,"featured_media":0,"parent":0,"menu_order":0,"comment_status":"closed","ping_status":"closed","template":"","meta":{"_et_pb_use_builder":"on","_et_pb_old_content":"","_et_gb_content_width":"","footnotes":""},"yoast_head":"<!-- This site is optimized with the Yoast SEO plugin v23.4 - https:\/\/yoast.com\/wordpress\/plugins\/seo\/ -->\n<title>Domande frequenti - ASPIRE-FTD<\/title>\n<meta name=\"description\" content=\"La demenza frontotemporale (FTD) \u00e8 una malattia cerebrale che colpisce gli adulti, con un\u2019et\u00e0 media di insorgenza compresa tra 50 e 60...\" \/>\n<meta name=\"robots\" content=\"noindex, follow, max-snippet:-1, max-image-preview:large, max-video-preview:-1\" \/>\n<meta property=\"og:locale\" content=\"it_IT\" \/>\n<meta property=\"og:type\" content=\"article\" \/>\n<meta property=\"og:title\" content=\"Domande frequenti - ASPIRE-FTD\" \/>\n<meta property=\"og:description\" content=\"La demenza frontotemporale (FTD) \u00e8 una malattia cerebrale che colpisce gli adulti, con un\u2019et\u00e0 media di insorgenza compresa tra 50 e 60...\" \/>\n<meta property=\"og:url\" content=\"https:\/\/quizzical-yonath.213-158-90-7.plesk.page\/it\/domande-frequenti\/\" \/>\n<meta property=\"og:site_name\" content=\"ASPIRE-FTD\" \/>\n<meta property=\"article:modified_time\" content=\"2025-04-09T08:18:00+00:00\" \/>\n<meta property=\"og:image\" content=\"https:\/\/quizzical-yonath.213-158-90-7.plesk.page\/wp-content\/uploads\/2023\/09\/AviadoBio-Web-Genes_mutated-300x120.png\" \/>\n<meta name=\"twitter:card\" content=\"summary_large_image\" \/>\n<meta name=\"twitter:label1\" content=\"Tempo di lettura stimato\" \/>\n\t<meta name=\"twitter:data1\" content=\"13 minuti\" \/>\n<script type=\"application\/ld+json\" class=\"yoast-schema-graph\">{\"@context\":\"https:\/\/schema.org\",\"@graph\":[{\"@type\":\"WebPage\",\"@id\":\"https:\/\/quizzical-yonath.213-158-90-7.plesk.page\/it\/domande-frequenti\/\",\"url\":\"https:\/\/quizzical-yonath.213-158-90-7.plesk.page\/it\/domande-frequenti\/\",\"name\":\"Domande frequenti - ASPIRE-FTD\",\"isPartOf\":{\"@id\":\"https:\/\/quizzical-yonath.213-158-90-7.plesk.page\/#website\"},\"primaryImageOfPage\":{\"@id\":\"https:\/\/quizzical-yonath.213-158-90-7.plesk.page\/it\/domande-frequenti\/#primaryimage\"},\"image\":{\"@id\":\"https:\/\/quizzical-yonath.213-158-90-7.plesk.page\/it\/domande-frequenti\/#primaryimage\"},\"thumbnailUrl\":\"https:\/\/quizzical-yonath.213-158-90-7.plesk.page\/wp-content\/uploads\/2023\/09\/AviadoBio-Web-Genes_mutated-300x120.png\",\"datePublished\":\"2023-11-24T08:50:47+00:00\",\"dateModified\":\"2025-04-09T08:18:00+00:00\",\"description\":\"La demenza frontotemporale (FTD) \u00e8 una malattia cerebrale che colpisce gli adulti, con un\u2019et\u00e0 media di insorgenza compresa tra 50 e 60...\",\"breadcrumb\":{\"@id\":\"https:\/\/quizzical-yonath.213-158-90-7.plesk.page\/it\/domande-frequenti\/#breadcrumb\"},\"inLanguage\":\"it-IT\",\"potentialAction\":[{\"@type\":\"ReadAction\",\"target\":[\"https:\/\/quizzical-yonath.213-158-90-7.plesk.page\/it\/domande-frequenti\/\"]}]},{\"@type\":\"ImageObject\",\"inLanguage\":\"it-IT\",\"@id\":\"https:\/\/quizzical-yonath.213-158-90-7.plesk.page\/it\/domande-frequenti\/#primaryimage\",\"url\":\"https:\/\/quizzical-yonath.213-158-90-7.plesk.page\/wp-content\/uploads\/2023\/09\/AviadoBio-Web-Genes_mutated-300x120.png\",\"contentUrl\":\"https:\/\/quizzical-yonath.213-158-90-7.plesk.page\/wp-content\/uploads\/2023\/09\/AviadoBio-Web-Genes_mutated-300x120.png\"},{\"@type\":\"BreadcrumbList\",\"@id\":\"https:\/\/quizzical-yonath.213-158-90-7.plesk.page\/it\/domande-frequenti\/#breadcrumb\",\"itemListElement\":[{\"@type\":\"ListItem\",\"position\":1,\"name\":\"Home\",\"item\":\"https:\/\/quizzical-yonath.213-158-90-7.plesk.page\/\"},{\"@type\":\"ListItem\",\"position\":2,\"name\":\"Domande frequenti\"}]},{\"@type\":\"WebSite\",\"@id\":\"https:\/\/quizzical-yonath.213-158-90-7.plesk.page\/#website\",\"url\":\"https:\/\/quizzical-yonath.213-158-90-7.plesk.page\/\",\"name\":\"ASPIRE-FTD\",\"description\":\"CLINICAL TRIAL\",\"publisher\":{\"@id\":\"https:\/\/quizzical-yonath.213-158-90-7.plesk.page\/#organization\"},\"potentialAction\":[{\"@type\":\"SearchAction\",\"target\":{\"@type\":\"EntryPoint\",\"urlTemplate\":\"https:\/\/quizzical-yonath.213-158-90-7.plesk.page\/?s={search_term_string}\"},\"query-input\":{\"@type\":\"PropertyValueSpecification\",\"valueRequired\":true,\"valueName\":\"search_term_string\"}}],\"inLanguage\":\"it-IT\"},{\"@type\":\"Organization\",\"@id\":\"https:\/\/quizzical-yonath.213-158-90-7.plesk.page\/#organization\",\"name\":\"AviadoBio\",\"url\":\"https:\/\/quizzical-yonath.213-158-90-7.plesk.page\/\",\"logo\":{\"@type\":\"ImageObject\",\"inLanguage\":\"it-IT\",\"@id\":\"https:\/\/quizzical-yonath.213-158-90-7.plesk.page\/#\/schema\/logo\/image\/\",\"url\":\"https:\/\/quizzical-yonath.213-158-90-7.plesk.page\/wp-content\/uploads\/2023\/11\/AspireFTD-500x500-1.jpg\",\"contentUrl\":\"https:\/\/quizzical-yonath.213-158-90-7.plesk.page\/wp-content\/uploads\/2023\/11\/AspireFTD-500x500-1.jpg\",\"width\":500,\"height\":500,\"caption\":\"AviadoBio\"},\"image\":{\"@id\":\"https:\/\/quizzical-yonath.213-158-90-7.plesk.page\/#\/schema\/logo\/image\/\"}}]}<\/script>\n<!-- \/ Yoast SEO plugin. -->","yoast_head_json":{"title":"Domande frequenti - ASPIRE-FTD","description":"La demenza frontotemporale (FTD) \u00e8 una malattia cerebrale che colpisce gli adulti, con un\u2019et\u00e0 media di insorgenza compresa tra 50 e 60...","robots":{"index":"noindex","follow":"follow","max-snippet":"max-snippet:-1","max-image-preview":"max-image-preview:large","max-video-preview":"max-video-preview:-1"},"og_locale":"it_IT","og_type":"article","og_title":"Domande frequenti - ASPIRE-FTD","og_description":"La demenza frontotemporale (FTD) \u00e8 una malattia cerebrale che colpisce gli adulti, con un\u2019et\u00e0 media di insorgenza compresa tra 50 e 60...","og_url":"https:\/\/quizzical-yonath.213-158-90-7.plesk.page\/it\/domande-frequenti\/","og_site_name":"ASPIRE-FTD","article_modified_time":"2025-04-09T08:18:00+00:00","og_image":[{"url":"https:\/\/quizzical-yonath.213-158-90-7.plesk.page\/wp-content\/uploads\/2023\/09\/AviadoBio-Web-Genes_mutated-300x120.png"}],"twitter_card":"summary_large_image","twitter_misc":{"Tempo di lettura stimato":"13 minuti"},"schema":{"@context":"https:\/\/schema.org","@graph":[{"@type":"WebPage","@id":"https:\/\/quizzical-yonath.213-158-90-7.plesk.page\/it\/domande-frequenti\/","url":"https:\/\/quizzical-yonath.213-158-90-7.plesk.page\/it\/domande-frequenti\/","name":"Domande frequenti - ASPIRE-FTD","isPartOf":{"@id":"https:\/\/quizzical-yonath.213-158-90-7.plesk.page\/#website"},"primaryImageOfPage":{"@id":"https:\/\/quizzical-yonath.213-158-90-7.plesk.page\/it\/domande-frequenti\/#primaryimage"},"image":{"@id":"https:\/\/quizzical-yonath.213-158-90-7.plesk.page\/it\/domande-frequenti\/#primaryimage"},"thumbnailUrl":"https:\/\/quizzical-yonath.213-158-90-7.plesk.page\/wp-content\/uploads\/2023\/09\/AviadoBio-Web-Genes_mutated-300x120.png","datePublished":"2023-11-24T08:50:47+00:00","dateModified":"2025-04-09T08:18:00+00:00","description":"La demenza frontotemporale (FTD) \u00e8 una malattia cerebrale che colpisce gli adulti, con un\u2019et\u00e0 media di insorgenza compresa tra 50 e 60...","breadcrumb":{"@id":"https:\/\/quizzical-yonath.213-158-90-7.plesk.page\/it\/domande-frequenti\/#breadcrumb"},"inLanguage":"it-IT","potentialAction":[{"@type":"ReadAction","target":["https:\/\/quizzical-yonath.213-158-90-7.plesk.page\/it\/domande-frequenti\/"]}]},{"@type":"ImageObject","inLanguage":"it-IT","@id":"https:\/\/quizzical-yonath.213-158-90-7.plesk.page\/it\/domande-frequenti\/#primaryimage","url":"https:\/\/quizzical-yonath.213-158-90-7.plesk.page\/wp-content\/uploads\/2023\/09\/AviadoBio-Web-Genes_mutated-300x120.png","contentUrl":"https:\/\/quizzical-yonath.213-158-90-7.plesk.page\/wp-content\/uploads\/2023\/09\/AviadoBio-Web-Genes_mutated-300x120.png"},{"@type":"BreadcrumbList","@id":"https:\/\/quizzical-yonath.213-158-90-7.plesk.page\/it\/domande-frequenti\/#breadcrumb","itemListElement":[{"@type":"ListItem","position":1,"name":"Home","item":"https:\/\/quizzical-yonath.213-158-90-7.plesk.page\/"},{"@type":"ListItem","position":2,"name":"Domande frequenti"}]},{"@type":"WebSite","@id":"https:\/\/quizzical-yonath.213-158-90-7.plesk.page\/#website","url":"https:\/\/quizzical-yonath.213-158-90-7.plesk.page\/","name":"ASPIRE-FTD","description":"CLINICAL TRIAL","publisher":{"@id":"https:\/\/quizzical-yonath.213-158-90-7.plesk.page\/#organization"},"potentialAction":[{"@type":"SearchAction","target":{"@type":"EntryPoint","urlTemplate":"https:\/\/quizzical-yonath.213-158-90-7.plesk.page\/?s={search_term_string}"},"query-input":{"@type":"PropertyValueSpecification","valueRequired":true,"valueName":"search_term_string"}}],"inLanguage":"it-IT"},{"@type":"Organization","@id":"https:\/\/quizzical-yonath.213-158-90-7.plesk.page\/#organization","name":"AviadoBio","url":"https:\/\/quizzical-yonath.213-158-90-7.plesk.page\/","logo":{"@type":"ImageObject","inLanguage":"it-IT","@id":"https:\/\/quizzical-yonath.213-158-90-7.plesk.page\/#\/schema\/logo\/image\/","url":"https:\/\/quizzical-yonath.213-158-90-7.plesk.page\/wp-content\/uploads\/2023\/11\/AspireFTD-500x500-1.jpg","contentUrl":"https:\/\/quizzical-yonath.213-158-90-7.plesk.page\/wp-content\/uploads\/2023\/11\/AspireFTD-500x500-1.jpg","width":500,"height":500,"caption":"AviadoBio"},"image":{"@id":"https:\/\/quizzical-yonath.213-158-90-7.plesk.page\/#\/schema\/logo\/image\/"}}]}},"_links":{"self":[{"href":"https:\/\/quizzical-yonath.213-158-90-7.plesk.page\/it\/wp-json\/wp\/v2\/pages\/6040"}],"collection":[{"href":"https:\/\/quizzical-yonath.213-158-90-7.plesk.page\/it\/wp-json\/wp\/v2\/pages"}],"about":[{"href":"https:\/\/quizzical-yonath.213-158-90-7.plesk.page\/it\/wp-json\/wp\/v2\/types\/page"}],"author":[{"embeddable":true,"href":"https:\/\/quizzical-yonath.213-158-90-7.plesk.page\/it\/wp-json\/wp\/v2\/users\/1"}],"replies":[{"embeddable":true,"href":"https:\/\/quizzical-yonath.213-158-90-7.plesk.page\/it\/wp-json\/wp\/v2\/comments?post=6040"}],"version-history":[{"count":24,"href":"https:\/\/quizzical-yonath.213-158-90-7.plesk.page\/it\/wp-json\/wp\/v2\/pages\/6040\/revisions"}],"predecessor-version":[{"id":8116,"href":"https:\/\/quizzical-yonath.213-158-90-7.plesk.page\/it\/wp-json\/wp\/v2\/pages\/6040\/revisions\/8116"}],"wp:attachment":[{"href":"https:\/\/quizzical-yonath.213-158-90-7.plesk.page\/it\/wp-json\/wp\/v2\/media?parent=6040"}],"curies":[{"name":"wp","href":"https:\/\/api.w.org\/{rel}","templated":true}]}}