{"id":6056,"date":"2023-07-20T16:04:08","date_gmt":"2023-07-20T15:04:08","guid":{"rendered":"https:\/\/upbeat-bassi.138-201-129-95.plesk.page\/informacje-o-ftd\/"},"modified":"2025-04-08T15:33:20","modified_gmt":"2025-04-08T14:33:20","slug":"informacje-o-ftd","status":"publish","type":"page","link":"https:\/\/quizzical-yonath.213-158-90-7.plesk.page\/pl\/informacje-o-ftd\/","title":{"rendered":"Informacje o FTD"},"content":{"rendered":"<p>[et_pb_section fb_built=&#8221;1&#8243; custom_padding_last_edited=&#8221;on|phone&#8221; _builder_version=&#8221;4.22.1&#8243; _module_preset=&#8221;default&#8221; background_image=&#8221;https:\/\/quizzical-yonath.213-158-90-7.plesk.page\/wp-content\/uploads\/2023\/11\/Aspire-ftd-AviadoBio-Logo-Element-v2.png&#8221; background_size=&#8221;custom&#8221; background_image_width=&#8221;30%&#8221; background_position=&#8221;top_right&#8221; background_horizontal_offset=&#8221;10%&#8221; custom_margin=&#8221;0px||||false|false&#8221; custom_padding=&#8221;10vh||10vh||true|false&#8221; custom_padding_tablet=&#8221;5vh||5vh||true|false&#8221; custom_padding_phone=&#8221;&#8221; background_last_edited=&#8221;on|tablet&#8221; background_enable_image_tablet=&#8221;off&#8221; global_colors_info=&#8221;{}&#8221;][et_pb_row column_structure=&#8221;2_3,1_3&#8243; custom_padding_last_edited=&#8221;on|phone&#8221; _builder_version=&#8221;4.24.2&#8243; _module_preset=&#8221;default&#8221; width_tablet=&#8221;80%&#8221; width_last_edited=&#8221;off|desktop&#8221; module_alignment=&#8221;center&#8221; custom_margin=&#8221;||||false|false&#8221; custom_padding=&#8221;0px||0px||false|false&#8221; custom_padding_tablet=&#8221;&#8221; custom_padding_phone=&#8221;&#8221; module_alignment_tablet=&#8221;center&#8221; module_alignment_phone=&#8221;center&#8221; module_alignment_last_edited=&#8221;off|desktop&#8221; global_colors_info=&#8221;{}&#8221;][et_pb_column type=&#8221;2_3&#8243; _builder_version=&#8221;4.22.1&#8243; _module_preset=&#8221;default&#8221; custom_padding_tablet=&#8221;||30px||false|false&#8221; custom_padding_phone=&#8221;||30px||false|false&#8221; custom_padding_last_edited=&#8221;on|tablet&#8221; custom_css_main_element=&#8221;margin:auto;&#8221; global_colors_info=&#8221;{}&#8221;][et_pb_text _builder_version=&#8221;4.24.2&#8243; _module_preset=&#8221;default&#8221; header_font=&#8221;|||on|||||&#8221; header_font_size=&#8221;38px&#8221; header_letter_spacing=&#8221;2px&#8221; header_2_font=&#8221;|||on|||||&#8221; header_2_text_color=&#8221;#43464F&#8221; header_2_letter_spacing=&#8221;2px&#8221; header_2_line_height=&#8221;1.4em&#8221; module_alignment=&#8221;left&#8221; custom_margin=&#8221;0px||0px||false|false&#8221; custom_padding=&#8221;0px||||false|false&#8221; header_font_size_tablet=&#8221;&#8221; header_font_size_phone=&#8221;32px&#8221; header_font_size_last_edited=&#8221;on|phone&#8221; header_2_font_size_tablet=&#8221;&#8221; header_2_font_size_phone=&#8221;24px&#8221; header_2_font_size_last_edited=&#8221;on|phone&#8221; global_colors_info=&#8221;{}&#8221;]<\/p>\n<h1>Informacje o FTD<\/h1>\n<p>Ot\u0119pienie czo\u0142owo-skroniowe (FTD) to wyniszczaj\u0105ca posta\u0107 ot\u0119pienia o\u00a0wczesnym pocz\u0105tku, kt\u00f3re przebiega w\u00a0r\u00f3\u017cny spos\u00f3b u\u00a0poszczeg\u00f3lnych pacjent\u00f3w. Objawy FTD mog\u0105 obejmowa\u0107 zmiany osobowo\u015bci lub nietypowe zachowania, post\u0119puj\u0105cy zanik umiej\u0119tno\u015bci j\u0119zykowych, utrat\u0119 funkcji wykonawczych i zdolno\u015bci poznawczych, apati\u0119 i\u00a0ograniczenie mobilno\u015bci.<span style=\"vertical-align: super; line-height: 1em; font-size: 70%;\">\u00b9\u207b\u00b3<\/span> FTD powoduje znaczne zmniejszenie oczekiwanej d\u0142ugo\u015bci \u017cycia, a osoby z FTD umieraj\u0105 \u015brednio w\u00a0ci\u0105gu 3 do 13\u00a0lat od rozpoznania.<span style=\"vertical-align: super; line-height: 1em; font-size: 70%;\">\u2074\u207b\u2077<\/span>  Jest to ci\u0119\u017cka choroba powoduj\u0105ca niepe\u0142nosprawno\u015b\u0107, a\u00a0pacjenci zg\u0142aszaj\u0105 trudno\u015bci i\u00a0wyzwania zwi\u0105zane z wykonywaniem codziennych czynno\u015bci, nawet w \u0142agodnych i\u00a0umiarkowanych stadiach choroby.<span style=\"vertical-align: super; line-height: 1em; font-size: 70%;\">\u2078<\/span><\/p>\n<p>&nbsp;[\/et_pb_text][\/et_pb_column][et_pb_column type=&#8221;1_3&#8243; disabled_on=&#8221;off|off|off&#8221; _builder_version=&#8221;4.22.1&#8243; _module_preset=&#8221;default&#8221; background_color=&#8221;RGBA(255,255,255,0)&#8221; custom_padding=&#8221;20px|20px|20px|20px|true|true&#8221; global_colors_info=&#8221;{}&#8221;][\/et_pb_column][\/et_pb_row][\/et_pb_section][et_pb_section fb_built=&#8221;1&#8243; custom_padding_last_edited=&#8221;on|phone&#8221; _builder_version=&#8221;4.24.2&#8243; _module_preset=&#8221;default&#8221; background_color=&#8221;#E5E5E5&#8243; background_enable_image=&#8221;off&#8221; parallax=&#8221;on&#8221; custom_margin=&#8221;0px||0px||false|false&#8221; custom_padding=&#8221;10vh||10vh||false|false&#8221; custom_padding_tablet=&#8221;&#8221; custom_padding_phone=&#8221;10vh||||false|false&#8221; top_divider_flip=&#8221;horizontal|vertical&#8221; bottom_divider_color=&#8221;#43464F&#8221; bottom_divider_flip=&#8221;vertical|horizontal&#8221; global_colors_info=&#8221;{}&#8221;][et_pb_row column_structure=&#8221;1_2,1_2&#8243; make_equal=&#8221;on&#8221; custom_padding_last_edited=&#8221;on|tablet&#8221; _builder_version=&#8221;4.24.2&#8243; _module_preset=&#8221;default&#8221; custom_margin=&#8221;||||false|false&#8221; custom_padding=&#8221;0px||50px||false|false&#8221; custom_padding_tablet=&#8221;0px||30px||false|false&#8221; custom_padding_phone=&#8221;&#8221; global_colors_info=&#8221;{}&#8221;][et_pb_column type=&#8221;1_2&#8243; _builder_version=&#8221;4.16&#8243; _module_preset=&#8221;default&#8221; custom_padding=&#8221;||40px||false|false&#8221; border_width_bottom=&#8221;2px&#8221; border_color_bottom=&#8221;#26B2B6&#8243; global_colors_info=&#8221;{}&#8221;][et_pb_blurb image=&#8221;https:\/\/quizzical-yonath.213-158-90-7.plesk.page\/wp-content\/uploads\/2023\/09\/AviadoBio-icon-FTD-1-v3.png&#8221; alt=&#8221;Aviadobio&#8221; icon_placement=&#8221;left&#8221; image_icon_width=&#8221;100px&#8221; content_max_width=&#8221;100%&#8221; icon_placement_tablet=&#8221;&#8221; icon_placement_phone=&#8221;top&#8221; icon_placement_last_edited=&#8221;on|phone&#8221; _builder_version=&#8221;4.24.2&#8243; _module_preset=&#8221;default&#8221; header_text_color=&#8221;#ffffff&#8221; header_font_size=&#8221;26px&#8221; header_letter_spacing=&#8221;2px&#8221; body_text_color=&#8221;#43464F&#8221; body_font_size=&#8221;20px&#8221; body_link_font=&#8221;SweetSans Light||||||||&#8221; body_link_text_color=&#8221;#26B2B6&#8243; body_link_font_size=&#8221;18px&#8221; body_link_letter_spacing=&#8221;3px&#8221; image_icon_custom_padding_tablet=&#8221;&#8221; image_icon_custom_padding_phone=&#8221;&#8221; image_icon_custom_padding_last_edited=&#8221;on|phone&#8221; custom_padding_tablet=&#8221;&#8221; custom_padding_phone=&#8221;&#8221; custom_padding_last_edited=&#8221;on|phone&#8221; custom_css_blurb_image=&#8221;padding-right:20px;||&#8221; border_color_all_image=&#8221;#26B2B6&#8243; border_width_all_image_tablet=&#8221;&#8221; border_width_all_image_phone=&#8221;&#8221; border_width_all_image_last_edited=&#8221;on|phone&#8221; image_max_width=&#8221;100px&#8221; global_colors_info=&#8221;{}&#8221; body_link_text_color__hover_enabled=&#8221;off|desktop&#8221; body_link_text_color__hover=&#8221;#ffffff&#8221;]<\/p>\n<p>FTD jest g\u0142\u00f3wn\u0105 przyczyn\u0105 ot\u0119pienia rozpoczynaj\u0105cego si\u0119 w\u00a0m\u0142odym wieku (lub o\u00a0wczesnym pocz\u0105tku) u\u00a0os\u00f3b poni\u017cej 65.\u00a0roku \u017cycia.<span style=\"vertical-align: super; line-height: 1em; font-size: 70%;\">\u2079<\/span> Szacuje si\u0119, \u017ce w\u00a0Stanach Zjednoczonych FTD wyst\u0119puje u\u00a0oko\u0142o 20\u00a0000 do 30\u00a0000 pacjent\u00f3w<span style=\"vertical-align: super; line-height: 1em; font-size: 70%;\">\u00b2<\/span> a ponad 12\u00a0000 nowych przypadk\u00f3w FTD jest diagnozowanych ka\u017cdego roku w\u00a0Europie.<span style=\"vertical-align: super; line-height: 1em; font-size: 70%;\">\u00b9\u2070 <\/span> Cz\u0119sto\u015b\u0107 wyst\u0119powania FTD jest prawdopodobnie niedoszacowana ze wzgl\u0119du na trudno\u015bci w\u00a0identyfikacji i diagnozowaniu FTD.<span style=\"vertical-align: super; line-height: 1em; font-size: 70%;\">\u00b2,\u2075<\/span><\/p>\n<p>[\/et_pb_blurb][\/et_pb_column][et_pb_column type=&#8221;1_2&#8243; _builder_version=&#8221;4.16&#8243; _module_preset=&#8221;default&#8221; custom_padding=&#8221;||40px||false|false&#8221; border_width_bottom=&#8221;2px&#8221; border_color_bottom=&#8221;#26B2B6&#8243; global_colors_info=&#8221;{}&#8221;][et_pb_blurb image=&#8221;https:\/\/quizzical-yonath.213-158-90-7.plesk.page\/wp-content\/uploads\/2024\/11\/AviadoBio-icon-FTD-7.png&#8221; alt=&#8221;Aviadobio&#8221; icon_placement=&#8221;left&#8221; image_icon_width=&#8221;100px&#8221; content_max_width=&#8221;100%&#8221; icon_placement_tablet=&#8221;&#8221; icon_placement_phone=&#8221;top&#8221; icon_placement_last_edited=&#8221;on|phone&#8221; _builder_version=&#8221;4.24.2&#8243; _module_preset=&#8221;default&#8221; header_text_color=&#8221;#ffffff&#8221; header_font_size=&#8221;26px&#8221; header_letter_spacing=&#8221;2px&#8221; body_text_color=&#8221;#43464F&#8221; body_font_size=&#8221;20px&#8221; body_link_font=&#8221;SweetSans Light||||||||&#8221; body_link_text_color=&#8221;#26B2B6&#8243; body_link_font_size=&#8221;18px&#8221; body_link_letter_spacing=&#8221;3px&#8221; image_icon_custom_padding_tablet=&#8221;&#8221; image_icon_custom_padding_phone=&#8221;&#8221; image_icon_custom_padding_last_edited=&#8221;on|phone&#8221; custom_css_blurb_image=&#8221;padding-right:20px;||&#8221; border_color_all_image=&#8221;#26B2B6&#8243; border_width_all_image_tablet=&#8221;&#8221; border_width_all_image_phone=&#8221;&#8221; border_width_all_image_last_edited=&#8221;on|phone&#8221; image_max_width=&#8221;100px&#8221; global_colors_info=&#8221;{}&#8221; body_link_text_color__hover_enabled=&#8221;off|desktop&#8221; body_link_text_color__hover=&#8221;#ffffff&#8221;]<\/p>\n<p>Ze wzgl\u0119du na zazwyczaj wcze\u015bniejszy pocz\u0105tek FTD, choroba ta ma znacz\u0105cy szkodliwy wp\u0142yw na relacje, \u017cycie spo\u0142eczne, funkcjonowanie zawodowe, sytuacj\u0119 finansow\u0105 i\u00a0jako\u015b\u0107 \u017cycia.<span style=\"vertical-align: super; line-height: 1em; font-size: 70%;\">\u2078,\u2079<\/span> Wi\u0119kszo\u015b\u0107 us\u0142ug opieki nad pacjentami z\u00a0demencj\u0105 i us\u0142ug w\u00a0ramach opieki spo\u0142ecznej jest dostosowana do os\u00f3b starszych i\u00a0pacjent\u00f3w z\u00a0chorob\u0105 Alzheimera (AD), dlatego us\u0142ugi te cz\u0119sto nie zaspokajaj\u0105 potrzeb m\u0142odszych pacjent\u00f3w z\u00a0FTD i\u00a0ich opiekun\u00f3w.<span style=\"vertical-align: super; line-height: 1em; font-size: 70%;\">\u2075<\/span><\/p>\n<p>[\/et_pb_blurb][\/et_pb_column][\/et_pb_row][et_pb_row column_structure=&#8221;1_2,1_2&#8243; make_equal=&#8221;on&#8221; custom_padding_last_edited=&#8221;on|tablet&#8221; _builder_version=&#8221;4.24.2&#8243; _module_preset=&#8221;default&#8221; custom_margin=&#8221;||||false|false&#8221; custom_padding=&#8221;0px||50px||false|false&#8221; custom_padding_tablet=&#8221;0px||30px||false|false&#8221; custom_padding_phone=&#8221;&#8221; global_colors_info=&#8221;{}&#8221;][et_pb_column type=&#8221;1_2&#8243; _builder_version=&#8221;4.16&#8243; _module_preset=&#8221;default&#8221; custom_padding=&#8221;||40px||false|false&#8221; border_width_bottom=&#8221;2px&#8221; border_color_bottom=&#8221;#26B2B6&#8243; global_colors_info=&#8221;{}&#8221;][et_pb_blurb image=&#8221;https:\/\/quizzical-yonath.213-158-90-7.plesk.page\/wp-content\/uploads\/2023\/07\/AviadoBio-icon-FTD-3.png&#8221; alt=&#8221;Aviadobio&#8221; icon_placement=&#8221;left&#8221; image_icon_width=&#8221;100px&#8221; content_max_width=&#8221;100%&#8221; icon_placement_tablet=&#8221;&#8221; icon_placement_phone=&#8221;top&#8221; icon_placement_last_edited=&#8221;on|phone&#8221; _builder_version=&#8221;4.24.2&#8243; _module_preset=&#8221;default&#8221; header_text_color=&#8221;#ffffff&#8221; header_font_size=&#8221;26px&#8221; header_letter_spacing=&#8221;2px&#8221; body_text_color=&#8221;#43464F&#8221; body_font_size=&#8221;20px&#8221; body_link_font=&#8221;SweetSans Light||||||||&#8221; body_link_text_color=&#8221;#26B2B6&#8243; body_link_font_size=&#8221;18px&#8221; body_link_letter_spacing=&#8221;3px&#8221; image_icon_custom_padding_tablet=&#8221;&#8221; image_icon_custom_padding_phone=&#8221;&#8221; image_icon_custom_padding_last_edited=&#8221;on|phone&#8221; custom_css_blurb_image=&#8221;padding-right:20px;||&#8221; border_color_all_image=&#8221;#26B2B6&#8243; border_width_all_image_tablet=&#8221;&#8221; border_width_all_image_phone=&#8221;&#8221; border_width_all_image_last_edited=&#8221;on|phone&#8221; image_max_width=&#8221;100px&#8221; global_colors_info=&#8221;{}&#8221; body_link_text_color__hover_enabled=&#8221;off|desktop&#8221; body_link_text_color__hover=&#8221;#ffffff&#8221;]FTD mo\u017cna podzieli\u0107 na FTD rodzinne i\u00a0sporadyczne.<span style=\"vertical-align: super; line-height: 1em; font-size: 70%;\">\u00b9\u00b9<\/span> Sporadyczne FTD wyst\u0119puje cz\u0119\u015bciej.<span style=\"vertical-align: super; line-height: 1em; font-size: 70%;\">\u00b9\u00b9<\/span> Jednak FTD jest wysoce dziedziczne, a\u00a0wyst\u0119powanie tej choroby w rodzinie stwierdza si\u0119 u\u00a0oko\u0142o 30-50% wszystkich chorych na FTD.<span style=\"vertical-align: super; line-height: 1em; font-size: 70%;\">\u2075,\u00b9\u00b9,\u00b9\u00b2<\/span> Mutacje w progranulinie (GRN) stanowi\u0105 oko\u0142o 10% wszystkich przypadk\u00f3w FTD i\u00a0oko\u0142o 22% przypadk\u00f3w rodzinnego FTD.<span style=\"vertical-align: super; line-height: 1em; font-size: 70%;\">12<\/span>[\/et_pb_blurb][\/et_pb_column][et_pb_column type=&#8221;1_2&#8243; _builder_version=&#8221;4.16&#8243; _module_preset=&#8221;default&#8221; custom_padding=&#8221;||40px||false|false&#8221; border_width_bottom=&#8221;2px&#8221; border_color_bottom=&#8221;#26B2B6&#8243; global_colors_info=&#8221;{}&#8221;][et_pb_blurb image=&#8221;https:\/\/quizzical-yonath.213-158-90-7.plesk.page\/wp-content\/uploads\/2023\/07\/AviadoBio-icon-FTD-4.png&#8221; alt=&#8221;Aviadobio&#8221; icon_placement=&#8221;left&#8221; image_icon_width=&#8221;100px&#8221; content_max_width=&#8221;100%&#8221; icon_placement_tablet=&#8221;&#8221; icon_placement_phone=&#8221;top&#8221; icon_placement_last_edited=&#8221;on|phone&#8221; _builder_version=&#8221;4.24.2&#8243; _module_preset=&#8221;default&#8221; header_text_color=&#8221;#ffffff&#8221; header_font_size=&#8221;26px&#8221; header_letter_spacing=&#8221;2px&#8221; body_text_color=&#8221;#43464F&#8221; body_font_size=&#8221;20px&#8221; body_link_font=&#8221;SweetSans Light||||||||&#8221; body_link_text_color=&#8221;#26B2B6&#8243; body_link_font_size=&#8221;18px&#8221; body_link_letter_spacing=&#8221;3px&#8221; image_icon_custom_padding_tablet=&#8221;&#8221; image_icon_custom_padding_phone=&#8221;&#8221; image_icon_custom_padding_last_edited=&#8221;on|phone&#8221; custom_css_blurb_image=&#8221;padding-right:20px;||&#8221; border_color_all_image=&#8221;#26B2B6&#8243; border_width_all_image_tablet=&#8221;&#8221; border_width_all_image_phone=&#8221;&#8221; border_width_all_image_last_edited=&#8221;on|phone&#8221; image_max_width=&#8221;100px&#8221; global_colors_info=&#8221;{}&#8221; body_link_text_color__hover_enabled=&#8221;off|desktop&#8221; body_link_text_color__hover=&#8221;#ffffff&#8221;]Badania genetyczne sta\u0142y si\u0119 cz\u0119stsze, poniewa\u017c wiedza na temat genetycznego FTD wzros\u0142a.<span style=\"vertical-align: super; line-height: 1em; font-size: 70%;\">\u2074<\/span> Niemniej jednak nadal istnieje pilna potrzeba w\u0142\u0105czenia poradnictwa genetycznego i\u00a0odpowiednich test\u00f3w do standardowej opieki nad pacjentem z\u00a0FTD.<span style=\"vertical-align: super; line-height: 1em; font-size: 70%;\">\u2074,\u2078<\/span> Dost\u0119p do poradnictwa genetycznego i\u00a0korzystanie z niego oraz odpowiednie i\u00a0terminowe badania powinny zosta\u0107 udoskonalone dla wszystkich pacjent\u00f3w z\u00a0FTD. Chocia\u017c obecnie nie ma \u017cadnych zatwierdzonych metod leczenia modyfikuj\u0105cych przebieg choroby FTD, dowiedzenie si\u0119, czy FTD jest spowodowane mutacj\u0105 genetyczn\u0105 mo\u017ce pom\u00f3c pacjentom i\u00a0lekarzom w\u00a0ustaleniu, czy kwalifikuj\u0105 si\u0119 oni do udzia\u0142u w\u00a0jakichkolwiek badaniach klinicznych.[\/et_pb_blurb][\/et_pb_column][\/et_pb_row][et_pb_row column_structure=&#8221;1_2,1_2&#8243; make_equal=&#8221;on&#8221; disabled_on=&#8221;on|on|on&#8221; _builder_version=&#8221;4.24.2&#8243; _module_preset=&#8221;default&#8221; custom_margin=&#8221;||||false|false&#8221; custom_padding=&#8221;0px||50px||false|false&#8221; disabled=&#8221;on&#8221; global_colors_info=&#8221;{}&#8221;][et_pb_column type=&#8221;1_2&#8243; _builder_version=&#8221;4.16&#8243; _module_preset=&#8221;default&#8221; custom_padding=&#8221;||40px||false|false&#8221; border_width_bottom=&#8221;2px&#8221; border_color_bottom=&#8221;#26B2B6&#8243; global_colors_info=&#8221;{}&#8221;][et_pb_blurb image=&#8221;https:\/\/quizzical-yonath.213-158-90-7.plesk.page\/wp-content\/uploads\/2023\/07\/AviadoBio-icon-FTD-5.png&#8221; alt=&#8221;Aviadobio&#8221; icon_placement=&#8221;left&#8221; image_icon_width=&#8221;100px&#8221; content_max_width=&#8221;100%&#8221; icon_placement_tablet=&#8221;&#8221; icon_placement_phone=&#8221;top&#8221; icon_placement_last_edited=&#8221;on|phone&#8221; _builder_version=&#8221;4.16&#8243; _module_preset=&#8221;default&#8221; header_text_color=&#8221;#ffffff&#8221; header_font_size=&#8221;26px&#8221; header_letter_spacing=&#8221;2px&#8221; body_text_color=&#8221;#43464F&#8221; body_font_size=&#8221;20px&#8221; body_link_font=&#8221;SweetSans Light||||||||&#8221; body_link_text_color=&#8221;#26B2B6&#8243; body_link_font_size=&#8221;18px&#8221; body_link_letter_spacing=&#8221;3px&#8221; image_icon_custom_padding_tablet=&#8221;&#8221; image_icon_custom_padding_phone=&#8221;&#8221; image_icon_custom_padding_last_edited=&#8221;on|phone&#8221; custom_css_blurb_image=&#8221;padding-right:20px;||&#8221; border_color_all_image=&#8221;#26B2B6&#8243; border_width_all_image_tablet=&#8221;&#8221; border_width_all_image_phone=&#8221;&#8221; border_width_all_image_last_edited=&#8221;on|phone&#8221; image_max_width=&#8221;100px&#8221; global_colors_info=&#8221;{}&#8221; body_link_text_color__hover_enabled=&#8221;off|desktop&#8221; body_link_text_color__hover=&#8221;#ffffff&#8221;]<\/p>\n<p>Oko\u0142o 11\u00a0000 os\u00f3b w Stanach Zjednoczonych i EU5 (Francja, Niemcy, W\u0142ochy, Hiszpania i Wielka Brytania) \u017cyje z FTD-GRN i szacuje si\u0119, \u017ce co roku potwierdza si\u0119 2000 nowych przypadk\u00f3w.<span style=\"vertical-align: super; line-height: 1em; font-size: 70%;\">\u00b9\u02d2\u00b9\u00b9<\/span><\/p>\n<p>[\/et_pb_blurb][\/et_pb_column][et_pb_column type=&#8221;1_2&#8243; _builder_version=&#8221;4.16&#8243; _module_preset=&#8221;default&#8221; custom_padding=&#8221;||40px||false|false&#8221; border_width_bottom=&#8221;2px&#8221; border_color_bottom=&#8221;#26B2B6&#8243; global_colors_info=&#8221;{}&#8221;][et_pb_blurb image=&#8221;https:\/\/quizzical-yonath.213-158-90-7.plesk.page\/wp-content\/uploads\/2023\/07\/AviadoBio-icon-FTD-6.png&#8221; alt=&#8221;Aviadobio&#8221; icon_placement=&#8221;left&#8221; image_icon_width=&#8221;100px&#8221; content_max_width=&#8221;100%&#8221; icon_placement_tablet=&#8221;&#8221; icon_placement_phone=&#8221;top&#8221; icon_placement_last_edited=&#8221;on|phone&#8221; _builder_version=&#8221;4.16&#8243; _module_preset=&#8221;default&#8221; header_text_color=&#8221;#ffffff&#8221; header_font_size=&#8221;26px&#8221; header_letter_spacing=&#8221;2px&#8221; body_text_color=&#8221;#43464F&#8221; body_font_size=&#8221;20px&#8221; body_link_font=&#8221;SweetSans Light||||||||&#8221; body_link_text_color=&#8221;#26B2B6&#8243; body_link_font_size=&#8221;18px&#8221; body_link_letter_spacing=&#8221;3px&#8221; image_icon_custom_padding_tablet=&#8221;&#8221; image_icon_custom_padding_phone=&#8221;&#8221; image_icon_custom_padding_last_edited=&#8221;on|phone&#8221; custom_css_blurb_image=&#8221;padding-right:20px;||&#8221; border_color_all_image=&#8221;#26B2B6&#8243; border_width_all_image_tablet=&#8221;&#8221; border_width_all_image_phone=&#8221;&#8221; border_width_all_image_last_edited=&#8221;on|phone&#8221; image_max_width=&#8221;100px&#8221; global_colors_info=&#8221;{}&#8221; body_link_text_color__hover_enabled=&#8221;off|desktop&#8221; body_link_text_color__hover=&#8221;#ffffff&#8221;]<\/p>\n<p>Obecnie nie ma dost\u0119pnych lek\u00f3w modyfikuj\u0105cych przebieg choroby dla os\u00f3b z FTD.<\/p>\n<p>[\/et_pb_blurb][\/et_pb_column][\/et_pb_row][et_pb_row custom_padding_last_edited=&#8221;on|phone&#8221; _builder_version=&#8221;4.24.2&#8243; _module_preset=&#8221;default&#8221; custom_padding=&#8221;60px||0px||false|false&#8221; custom_padding_tablet=&#8221;&#8221; custom_padding_phone=&#8221;0px||0px||true|false&#8221; global_colors_info=&#8221;{}&#8221;][et_pb_column type=&#8221;4_4&#8243; _builder_version=&#8221;4.16&#8243; _module_preset=&#8221;default&#8221; global_colors_info=&#8221;{}&#8221;][et_pb_toggle title=&#8221;BIBLIOGRAFIA&#8221; closed_toggle_text_color=&#8221;#43464F&#8221; icon_color=&#8221;#26B2B6&#8243; open_icon_color=&#8221;#26B2B6&#8243; disabled_on=&#8221;off|off|off&#8221; _builder_version=&#8221;4.22.1&#8243; _module_preset=&#8221;default&#8221; title_level=&#8221;h2&#8243; title_font_size=&#8221;24px&#8221; title_letter_spacing=&#8221;1px&#8221; body_font_size=&#8221;16px&#8221; text_orientation=&#8221;left&#8221; custom_padding_tablet=&#8221;&#8221; custom_padding_phone=&#8221;||||false|true&#8221; custom_padding_last_edited=&#8221;on|phone&#8221; title_font_size_phone=&#8221;20px&#8221; title_font_size_last_edited=&#8221;off|desktop&#8221; border_width_all=&#8221;0px&#8221; border_color_all=&#8221;#E5E5E5&#8243; global_colors_info=&#8221;{}&#8221;]<\/p>\n<ol>\n<li>Pressman PS and Miller BL. Biol Psychiatry 2014;75:574\u201381;<\/li>\n<li>Young JJ et al. Ther Adv Psychopharmacol 2018;8:33\u201348;<\/li>\n<li>Hogan DB et al. Can J Neurol Sci 2016;43 Suppl 1:S96\u2013109;<\/li>\n<li>Onyike CU and Diehl-Schmid J. Int Rev Psychiatry. 2013;25(2):130\u2013137;<\/li>\n<li>Riedl L et al. Neuropsychiatr Dis Treat. 2014;10:297\u2013310;\u00a0<\/li>\n<li>Onyike CU. Neuroepidemiology. 2011;37:166\u2013167;\u00a0<\/li>\n<li>Kansal K et al. Dement Geriatr Cogn Disord. 2016;41:109\u2013122;\u00a0<\/li>\n<li>Barker MS et al. J Geriatr Psychiatry Neurol 2023;36:201\u201314;<\/li>\n<li>Hendriks S et al. JAMA Neurol 2021;78:1080\u201390;<\/li>\n<li>Logroscino G et al. JAMA Neurol 2023;80:279\u201386;<\/li>\n<li>Greaves CV and Rohrer JD. J Neurol 2019;266:2075\u201386;<\/li>\n<li>Kuang, L., et. al. Human Molecular Genetics 2020;29(4):624-634.<\/li>\n<\/ol>\n<p>[\/et_pb_toggle][\/et_pb_column][\/et_pb_row][\/et_pb_section][et_pb_section fb_built=&#8221;1&#8243; custom_padding_last_edited=&#8221;on|tablet&#8221; _builder_version=&#8221;4.22.1&#8243; _module_preset=&#8221;default&#8221; background_enable_color=&#8221;off&#8221; custom_margin=&#8221;0px||||false|false&#8221; custom_padding=&#8221;10vh||10vh||true|false&#8221; custom_padding_tablet=&#8221;5vh||10vh||false|false&#8221; custom_padding_phone=&#8221;&#8221; global_colors_info=&#8221;{}&#8221;][et_pb_row _builder_version=&#8221;4.24.2&#8243; _module_preset=&#8221;default&#8221; custom_margin=&#8221;||||false|false&#8221; custom_padding=&#8221;0px||||false|false&#8221; global_colors_info=&#8221;{}&#8221;][et_pb_column type=&#8221;4_4&#8243; _builder_version=&#8221;4.16&#8243; _module_preset=&#8221;default&#8221; global_colors_info=&#8221;{}&#8221;][et_pb_text _builder_version=&#8221;4.22.1&#8243; _module_preset=&#8221;default&#8221; header_font=&#8221;||||||||&#8221; header_text_color=&#8221;#ffffff&#8221; header_font_size=&#8221;34px&#8221; header_letter_spacing=&#8221;2px&#8221; header_line_height=&#8221;1.4em&#8221; header_2_font=&#8221;|||on|||||&#8221; header_2_text_align=&#8221;center&#8221; header_2_text_color=&#8221;#43464F&#8221; header_2_letter_spacing=&#8221;2px&#8221; header_2_line_height=&#8221;1.4em&#8221; text_orientation=&#8221;center&#8221; custom_margin=&#8221;0px||0px||false|false&#8221; custom_padding=&#8221;0px||3vh||false|false&#8221; header_2_font_size_tablet=&#8221;&#8221; header_2_font_size_phone=&#8221;24px&#8221; header_2_font_size_last_edited=&#8221;on|phone&#8221; global_colors_info=&#8221;{}&#8221;]<\/p>\n<h2>Historie opiekun\u00f3w os\u00f3b z FTD<\/h2>\n<p>Poznaj historie cz\u0142onk\u00f3w rodzin os\u00f3b dotkni\u0119tych demencj\u0105 czo\u0142owo-skroniow\u0105 (FTD) i dowiedz si\u0119 wi\u0119cej o ich do\u015bwiadczeniach od otrzymania diagnozy poprzez post\u0119p demencji ich ukochanej osoby.<\/p>\n<p>[\/et_pb_text][\/et_pb_column][\/et_pb_row][et_pb_row column_structure=&#8221;1_3,1_3,1_3&#8243; use_custom_gutter=&#8221;on&#8221; gutter_width=&#8221;2&#8243; make_equal=&#8221;on&#8221; _builder_version=&#8221;4.25.1&#8243; _module_preset=&#8221;default&#8221; max_width=&#8221;1200px&#8221; custom_margin=&#8221;||||false|false&#8221; custom_padding=&#8221;0px||0px||false|false&#8221; animation_style=&#8221;fade&#8221; global_colors_info=&#8221;{}&#8221;][et_pb_column type=&#8221;1_3&#8243; _builder_version=&#8221;4.25.1&#8243; _module_preset=&#8221;default&#8221; background_color=&#8221;#43464F&#8221; global_colors_info=&#8221;{}&#8221;][et_pb_video _builder_version=&#8221;4.24.2&#8243; _module_preset=&#8221;default&#8221; hover_enabled=&#8221;0&#8243; global_colors_info=&#8221;{}&#8221; title_text=&#8221;Screenshot 2025-04-08 at 09.51.09&#8243; src=&#8221;https:\/\/quizzical-yonath.213-158-90-7.plesk.page\/wp-content\/uploads\/2025\/04\/katie_brandt_-_long-form_video_-_9.12.24_-_final-720p.mp4&#8243; image_src=&#8221;https:\/\/quizzical-yonath.213-158-90-7.plesk.page\/wp-content\/uploads\/2025\/04\/Screenshot-2025-04-08-at-09.51.09.png&#8221; sticky_enabled=&#8221;0&#8243;][\/et_pb_video][et_pb_text _builder_version=&#8221;4.25.1&#8243; _module_preset=&#8221;default&#8221; text_text_color=&#8221;#ffffff&#8221; header_font=&#8221;||||||||&#8221; header_text_color=&#8221;#ffffff&#8221; header_font_size=&#8221;34px&#8221; header_letter_spacing=&#8221;2px&#8221; header_line_height=&#8221;1.4em&#8221; header_2_font=&#8221;|||on|||||&#8221; header_2_text_color=&#8221;#43464F&#8221; header_2_font_size=&#8221;28px&#8221; header_2_letter_spacing=&#8221;2px&#8221; header_2_line_height=&#8221;1.4em&#8221; header_3_font=&#8221;|||on|||||&#8221; header_3_text_color=&#8221;#ffffff&#8221; header_3_letter_spacing=&#8221;2px&#8221; header_3_line_height=&#8221;1.2em&#8221; background_color=&#8221;#43464F&#8221; custom_margin=&#8221;20px||||false|false&#8221; custom_padding=&#8221;20px|20px|20px|20px|false|true&#8221; header_2_font_size_tablet=&#8221;&#8221; header_2_font_size_phone=&#8221;28px&#8221; header_2_font_size_last_edited=&#8221;on|phone&#8221; global_colors_info=&#8221;{}&#8221;]<\/p>\n<h3 style=\"text-align: center;\">KATIE: EKSPERT DS. OPIEKI NAD OSOBAMI Z\u00a0DEMENCJ\u0104, RZECZNIK I\u00a0EDUKATOR<\/h3>\n<p style=\"text-align: center;\">Katie zosta\u0142a opiekunk\u0105, gdy u\u00a0jej m\u0119\u017ca zdiagnozowano FTD w\u00a0m\u0142odym wieku 29\u00a0lat. Dowiedz si\u0119 wi\u0119cej o\u00a0do\u015bwiadczeniu Katie we wspieraniu jej m\u0119\u017ca po diagnozie FTD, gdy jednocze\u015bnie wychowywa\u0142a ona ma\u0142e dziecko i\u00a0o jej zaanga\u017cowaniu w\u00a0podnoszenie \u015bwiadomo\u015bci i\u00a0wspieranie rodzin dotkni\u0119tych t\u0105 wyniszczaj\u0105c\u0105 chorob\u0105 neurodegeneracyjn\u0105.<\/p>\n<p>[\/et_pb_text][et_pb_button url_new_window=&#8221;on&#8221; button_text=&#8221;obejrzyj tutaj&#8221; button_alignment=&#8221;center&#8221; disabled_on=&#8221;on|on|on&#8221; _builder_version=&#8221;4.25.1&#8243; _module_preset=&#8221;default&#8221; custom_button=&#8221;on&#8221; button_text_size=&#8221;16px&#8221; button_text_color=&#8221;#ffffff&#8221; button_bg_color=&#8221;#26B2B6&#8243; button_border_width=&#8221;0px&#8221; button_border_color=&#8221;RGBA(0,0,0,0)&#8221; button_border_radius=&#8221;0px&#8221; button_letter_spacing=&#8221;3px&#8221; button_font=&#8221;SweetSans Medium|||on|||||&#8221; button_icon=&#8221;&#x45;||divi||400&#8243; button_on_hover=&#8221;off&#8221; background_layout=&#8221;dark&#8221; custom_margin=&#8221;5vh|0px|20px||false|false&#8221; custom_padding=&#8221;10px|50px|10px|40px|true|false&#8221; disabled=&#8221;on&#8221; global_colors_info=&#8221;{}&#8221; button_bg_color__hover_enabled=&#8221;on|hover&#8221; button_bg_color__hover=&#8221;#90D4D5&#8243; button_bg_enable_color__hover=&#8221;on&#8221; button_border_color__hover_enabled=&#8221;off|hover&#8221; button_border_color__hover=&#8221;RGBA(0,0,0,0)&#8221; button_text_color__hover=&#8221;#ffffff&#8221; button_text_color__hover_enabled=&#8221;on|hover&#8221;][\/et_pb_button][\/et_pb_column][et_pb_column type=&#8221;1_3&#8243; _builder_version=&#8221;4.16&#8243; _module_preset=&#8221;default&#8221; background_color=&#8221;#43464F&#8221; global_colors_info=&#8221;{}&#8221;][et_pb_video _builder_version=&#8221;4.24.2&#8243; _module_preset=&#8221;default&#8221; hover_enabled=&#8221;0&#8243; global_colors_info=&#8221;{}&#8221; title_text=&#8221;Screenshot 2025-04-08 at 09.51.15&#8243; src=&#8221;https:\/\/quizzical-yonath.213-158-90-7.plesk.page\/wp-content\/uploads\/2025\/04\/jacquelyn_-_a_daughters_ftd_story_-_long-form_video_-_8.10.23-720p.mp4&#8243; image_src=&#8221;https:\/\/quizzical-yonath.213-158-90-7.plesk.page\/wp-content\/uploads\/2025\/04\/Screenshot-2025-04-08-at-09.51.15.png&#8221; sticky_enabled=&#8221;0&#8243; admin_label=&#8221;Klip wideo&#8221;][\/et_pb_video][et_pb_text _builder_version=&#8221;4.22.1&#8243; _module_preset=&#8221;default&#8221; text_text_color=&#8221;#ffffff&#8221; header_font=&#8221;||||||||&#8221; header_text_color=&#8221;#ffffff&#8221; header_font_size=&#8221;34px&#8221; header_letter_spacing=&#8221;2px&#8221; header_line_height=&#8221;1.4em&#8221; header_2_font=&#8221;|||on|||||&#8221; header_2_text_color=&#8221;#43464F&#8221; header_2_font_size=&#8221;28px&#8221; header_2_letter_spacing=&#8221;2px&#8221; header_2_line_height=&#8221;1.4em&#8221; header_3_font=&#8221;|||on|||||&#8221; header_3_text_color=&#8221;#ffffff&#8221; header_3_letter_spacing=&#8221;2px&#8221; header_3_line_height=&#8221;1.2em&#8221; background_color=&#8221;#43464F&#8221; custom_margin=&#8221;20px||||false|false&#8221; custom_padding=&#8221;20px|20px|20px|20px|false|true&#8221; header_2_font_size_tablet=&#8221;&#8221; header_2_font_size_phone=&#8221;28px&#8221; header_2_font_size_last_edited=&#8221;on|phone&#8221; global_colors_info=&#8221;{}&#8221;]<\/p>\n<h3 style=\"text-align: center;\">Jacquelyn: Historia c\u00f3rki osoby z FTD<\/h3>\n<p style=\"text-align: center;\">Objawy FTD u matki Jacquelyn zacz\u0119\u0142y si\u0119 ju\u017c w 2013 roku \u2014 pocz\u0105wszy od bezsenno\u015bci, utraty pami\u0119ci i zmiany jej zwyk\u0142ego zachowania. Pos\u0142uchaj, jak Jacquelyn opowiada o rozwoju FTD u swojej mamy i o tym, jak ich rodzina radzi sobie z t\u0105 niszczycielsk\u0105 chorob\u0105.<\/p>\n<p>[\/et_pb_text][et_pb_button url_new_window=&#8221;on&#8221; button_text=&#8221;obejrzyj tutaj&#8221; button_alignment=&#8221;center&#8221; disabled_on=&#8221;on|on|on&#8221; _builder_version=&#8221;4.25.1&#8243; _module_preset=&#8221;default&#8221; custom_button=&#8221;on&#8221; button_text_size=&#8221;16px&#8221; button_text_color=&#8221;#ffffff&#8221; button_bg_color=&#8221;#26B2B6&#8243; button_border_width=&#8221;0px&#8221; button_border_color=&#8221;RGBA(0,0,0,0)&#8221; button_border_radius=&#8221;0px&#8221; button_letter_spacing=&#8221;3px&#8221; button_font=&#8221;SweetSans Medium|||on|||||&#8221; button_icon=&#8221;&#x45;||divi||400&#8243; button_on_hover=&#8221;off&#8221; background_layout=&#8221;dark&#8221; custom_margin=&#8221;5vh|0px|20px||false|false&#8221; custom_padding=&#8221;10px|50px|10px|40px|true|false&#8221; disabled=&#8221;on&#8221; global_colors_info=&#8221;{}&#8221; button_bg_color__hover_enabled=&#8221;on|hover&#8221; button_bg_color__hover=&#8221;#90D4D5&#8243; button_bg_enable_color__hover=&#8221;on&#8221; button_border_color__hover_enabled=&#8221;off|hover&#8221; button_border_color__hover=&#8221;RGBA(0,0,0,0)&#8221; button_text_color__hover=&#8221;#ffffff&#8221; button_text_color__hover_enabled=&#8221;on|hover&#8221;][\/et_pb_button][\/et_pb_column][et_pb_column type=&#8221;1_3&#8243; _builder_version=&#8221;4.16&#8243; _module_preset=&#8221;default&#8221; background_color=&#8221;#43464F&#8221; global_colors_info=&#8221;{}&#8221;][et_pb_video _builder_version=&#8221;4.24.2&#8243; _module_preset=&#8221;default&#8221; hover_enabled=&#8221;0&#8243; global_colors_info=&#8221;{}&#8221; title_text=&#8221;Screenshot 2025-04-08 at 15.29.57&#8243; src=&#8221;https:\/\/quizzical-yonath.213-158-90-7.plesk.page\/wp-content\/uploads\/2025\/04\/tanya_-_a_wifes_ftd_journey_-_long-form_video_-_8.10.23_4_1080p-720p.mp4&#8243; image_src=&#8221;https:\/\/quizzical-yonath.213-158-90-7.plesk.page\/wp-content\/uploads\/2025\/04\/Screenshot-2025-04-08-at-15.29.57.png&#8221; sticky_enabled=&#8221;0&#8243; admin_label=&#8221;Klip wideo&#8221;][\/et_pb_video][et_pb_text _builder_version=&#8221;4.22.1&#8243; _module_preset=&#8221;default&#8221; text_text_color=&#8221;#ffffff&#8221; header_font=&#8221;||||||||&#8221; header_text_color=&#8221;#ffffff&#8221; header_font_size=&#8221;34px&#8221; header_letter_spacing=&#8221;2px&#8221; header_line_height=&#8221;1.4em&#8221; header_2_font=&#8221;|||on|||||&#8221; header_2_text_color=&#8221;#43464F&#8221; header_2_font_size=&#8221;28px&#8221; header_2_letter_spacing=&#8221;2px&#8221; header_2_line_height=&#8221;1.4em&#8221; header_3_font=&#8221;|||on|||||&#8221; header_3_text_color=&#8221;#ffffff&#8221; header_3_letter_spacing=&#8221;2px&#8221; header_3_line_height=&#8221;1.2em&#8221; background_color=&#8221;#43464F&#8221; custom_margin=&#8221;20px||||false|false&#8221; custom_padding=&#8221;20px|20px|20px|20px|false|true&#8221; header_2_font_size_tablet=&#8221;&#8221; header_2_font_size_phone=&#8221;28px&#8221; header_2_font_size_last_edited=&#8221;on|phone&#8221; global_colors_info=&#8221;{}&#8221;]<\/p>\n<h3 style=\"text-align: center;\">Tanya: Historia \u017cony osoby z FTD<\/h3>\n<p style=\"text-align: center;\"><span>M\u0105\u017c Tanyi by\u0142 ukochanym partnerem, ojcem i nauczycielem historii w szkole \u015bredniej, kt\u00f3ry zmar\u0142 <\/span><span><\/span><span> pi\u0119\u0107 lat po rozpoznaniu FTD. Dowiedz si\u0119 wi\u0119cej o jego diagnozie, roli Tanyi jako opiekuna i jej misji podnoszenia \u015bwiadomo\u015bci na temat FTD.<\/span><\/p>\n<p>[\/et_pb_text][et_pb_button url_new_window=&#8221;on&#8221; button_text=&#8221;obejrzyj tutaj&#8221; button_alignment=&#8221;center&#8221; disabled_on=&#8221;on|on|on&#8221; module_class=&#8221;popmake-3553\t&#8221; _builder_version=&#8221;4.25.1&#8243; _module_preset=&#8221;default&#8221; custom_button=&#8221;on&#8221; button_text_size=&#8221;16px&#8221; button_text_color=&#8221;#ffffff&#8221; button_bg_color=&#8221;#26B2B6&#8243; button_border_width=&#8221;0px&#8221; button_border_color=&#8221;RGBA(0,0,0,0)&#8221; button_border_radius=&#8221;0px&#8221; button_letter_spacing=&#8221;3px&#8221; button_font=&#8221;SweetSans Medium|||on|||||&#8221; button_icon=&#8221;&#x45;||divi||400&#8243; button_on_hover=&#8221;off&#8221; background_layout=&#8221;dark&#8221; custom_margin=&#8221;5vh|0px|20px||false|false&#8221; custom_padding=&#8221;10px|50px|10px|40px|true|false&#8221; disabled=&#8221;on&#8221; global_colors_info=&#8221;{}&#8221; button_bg_color__hover_enabled=&#8221;on|hover&#8221; button_bg_color__hover=&#8221;#90D4D5&#8243; button_bg_enable_color__hover=&#8221;on&#8221; button_border_color__hover_enabled=&#8221;off|hover&#8221; button_border_color__hover=&#8221;RGBA(0,0,0,0)&#8221; button_text_color__hover=&#8221;#ffffff&#8221; button_text_color__hover_enabled=&#8221;on|hover&#8221;][\/et_pb_button][\/et_pb_column][\/et_pb_row][et_pb_row column_structure=&#8221;1_2,1_2&#8243; use_custom_gutter=&#8221;on&#8221; gutter_width=&#8221;2&#8243; disabled_on=&#8221;on|on|on&#8221; _builder_version=&#8221;4.24.2&#8243; _module_preset=&#8221;default&#8221; max_width=&#8221;1200px&#8221; custom_margin=&#8221;||||false|false&#8221; custom_padding=&#8221;0px||0px||false|false&#8221; disabled=&#8221;on&#8221; global_colors_info=&#8221;{}&#8221;][et_pb_column type=&#8221;1_2&#8243; _builder_version=&#8221;4.16&#8243; _module_preset=&#8221;default&#8221; global_colors_info=&#8221;{}&#8221;][et_pb_text _builder_version=&#8221;4.22.1&#8243; _module_preset=&#8221;default&#8221; header_font=&#8221;||||||||&#8221; header_text_color=&#8221;#ffffff&#8221; header_font_size=&#8221;34px&#8221; header_letter_spacing=&#8221;2px&#8221; header_line_height=&#8221;1.4em&#8221; header_2_font=&#8221;|||on|||||&#8221; header_2_text_color=&#8221;#43464F&#8221; header_2_font_size=&#8221;28px&#8221; header_2_letter_spacing=&#8221;2px&#8221; header_2_line_height=&#8221;1.4em&#8221; header_3_font=&#8221;|||on|||||&#8221; header_3_letter_spacing=&#8221;2px&#8221; header_3_line_height=&#8221;1.2em&#8221; custom_margin=&#8221;0px||20px||false|false&#8221; custom_padding=&#8221;0px||||false|false&#8221; header_2_font_size_tablet=&#8221;&#8221; header_2_font_size_phone=&#8221;28px&#8221; header_2_font_size_last_edited=&#8221;on|phone&#8221; global_colors_info=&#8221;{}&#8221;]<\/p>\n<h3 style=\"text-align: center;\">Historia c\u00f3rki osoby z FTD<\/h3>\n<p>[\/et_pb_text][et_pb_code module_class=&#8221;vimeo_video&#8221; _builder_version=&#8221;4.22.1&#8243; _module_preset=&#8221;default&#8221; global_colors_info=&#8221;{}&#8221;]<iframe src=\"https:\/\/player.vimeo.com\/video\/863645012?badge=0;autopause=0;player_id=0;app_id=58479\" height= frameborder=\"0\" allow=\"autoplay; fullscreen; picture-in-picture\" title=\"Jacquelyn \u2014 Historia c\u00f3rki osoby z FTD \u2014 d\u0142ugi film \u2014 8.10.23\"><\/iframe>[\/et_pb_code][et_pb_text _builder_version=&#8221;4.22.1&#8243; _module_preset=&#8221;default&#8221; header_font=&#8221;||||||||&#8221; header_text_color=&#8221;#ffffff&#8221; header_font_size=&#8221;34px&#8221; header_letter_spacing=&#8221;2px&#8221; header_line_height=&#8221;1.4em&#8221; header_2_font=&#8221;|||on|||||&#8221; header_2_text_color=&#8221;#43464F&#8221; header_2_font_size=&#8221;28px&#8221; header_2_letter_spacing=&#8221;2px&#8221; header_2_line_height=&#8221;1.4em&#8221; header_3_font=&#8221;|||on|||||&#8221; header_3_letter_spacing=&#8221;2px&#8221; header_3_line_height=&#8221;1.2em&#8221; custom_margin=&#8221;||20px||false|false&#8221; custom_padding=&#8221;15px||||false|false&#8221; header_2_font_size_tablet=&#8221;&#8221; header_2_font_size_phone=&#8221;28px&#8221; header_2_font_size_last_edited=&#8221;on|phone&#8221; global_colors_info=&#8221;{}&#8221;]<\/p>\n<p style=\"text-align: center;\">Objawy FTD u matki Jacquelyn zacz\u0119\u0142y si\u0119 ju\u017c w 2013 roku \u2014 pocz\u0105wszy od bezsenno\u015bci, utraty pami\u0119ci i zmiany jej zwyk\u0142ego zachowania. Pos\u0142uchaj, jak Jacquelyn opowiada o rozwoju FTD u swojej mamy i o tym, jak ich rodzina radzi sobie z t\u0105 niszczycielsk\u0105 chorob\u0105.<\/p>\n<p>[\/et_pb_text][\/et_pb_column][et_pb_column type=&#8221;1_2&#8243; _builder_version=&#8221;4.16&#8243; _module_preset=&#8221;default&#8221; global_colors_info=&#8221;{}&#8221;][et_pb_text _builder_version=&#8221;4.22.1&#8243; _module_preset=&#8221;default&#8221; header_font=&#8221;||||||||&#8221; header_text_color=&#8221;#ffffff&#8221; header_font_size=&#8221;34px&#8221; header_letter_spacing=&#8221;2px&#8221; header_line_height=&#8221;1.4em&#8221; header_2_font=&#8221;|||on|||||&#8221; header_2_text_color=&#8221;#43464F&#8221; header_2_font_size=&#8221;28px&#8221; header_2_letter_spacing=&#8221;2px&#8221; header_2_line_height=&#8221;1.4em&#8221; header_3_font=&#8221;|||on|||||&#8221; header_3_letter_spacing=&#8221;2px&#8221; header_3_line_height=&#8221;1.2em&#8221; custom_margin=&#8221;0px||20px||false|false&#8221; custom_padding=&#8221;0px||||false|false&#8221; header_2_font_size_tablet=&#8221;&#8221; header_2_font_size_phone=&#8221;28px&#8221; header_2_font_size_last_edited=&#8221;on|phone&#8221; global_colors_info=&#8221;{}&#8221;]<\/p>\n<h3 style=\"text-align: center;\">Historia \u017cony osoby z FTD<\/h3>\n<p>[\/et_pb_text][et_pb_code module_class=&#8221;vimeo_video&#8221; _builder_version=&#8221;4.22.1&#8243; _module_preset=&#8221;default&#8221; global_colors_info=&#8221;{}&#8221;]<iframe src=\"https:\/\/player.vimeo.com\/video\/863645744?title=0&#038;byline=0&#038;portrait=0&#038;speed=0&#038;badge=0&#038;autopause=0&#038;airplay=0&#038;audio_tracks=0&#038;chapters=0&#038;chromecast=0&#038;closed_captions=0&#038;transcript=0&#038;player_id=0&#038;app_id=58479\" height= frameborder=\"0\" allow=\"autoplay; fullscreen; picture-in-picture\" title=\"Tanya \u2014 Historia \u017cony osoby z FTD \u2014 d\u0142ugi film \u2014 8.10.23 (4)\"><\/iframe>[\/et_pb_code][et_pb_text _builder_version=&#8221;4.22.1&#8243; _module_preset=&#8221;default&#8221; header_font=&#8221;||||||||&#8221; header_text_color=&#8221;#ffffff&#8221; header_font_size=&#8221;34px&#8221; header_letter_spacing=&#8221;2px&#8221; header_line_height=&#8221;1.4em&#8221; header_2_font=&#8221;|||on|||||&#8221; header_2_text_color=&#8221;#43464F&#8221; header_2_font_size=&#8221;28px&#8221; header_2_letter_spacing=&#8221;2px&#8221; header_2_line_height=&#8221;1.4em&#8221; header_3_font=&#8221;|||on|||||&#8221; header_3_letter_spacing=&#8221;2px&#8221; header_3_line_height=&#8221;1.2em&#8221; custom_margin=&#8221;15px||||false|false&#8221; custom_padding=&#8221;||||false|false&#8221; header_2_font_size_tablet=&#8221;&#8221; header_2_font_size_phone=&#8221;28px&#8221; header_2_font_size_last_edited=&#8221;on|phone&#8221; global_colors_info=&#8221;{}&#8221;]<\/p>\n<p style=\"text-align: center;\"><span>M\u0105\u017c Tanyi by\u0142 ukochanym partnerem, ojcem i nauczycielem historii w szkole \u015bredniej, kt\u00f3ry zmar\u0142 <\/span><span><\/span><span> pi\u0119\u0107 lat po rozpoznaniu FTD. Dowiedz si\u0119 wi\u0119cej o jego diagnozie, roli Tanyi jako opiekuna i jej misji podnoszenia \u015bwiadomo\u015bci na temat FTD.<\/span><\/p>\n<p>[\/et_pb_text][\/et_pb_column][\/et_pb_row][\/et_pb_section][et_pb_section fb_built=&#8221;1&#8243; custom_padding_last_edited=&#8221;on|tablet&#8221; disabled_on=&#8221;on|on|on&#8221; _builder_version=&#8221;4.22.1&#8243; _module_preset=&#8221;default&#8221; background_color=&#8221;#E5E5E5&#8243; custom_margin=&#8221;0px||||false|false&#8221; custom_padding=&#8221;10vh||10vh||true|false&#8221; custom_padding_tablet=&#8221;5vh||10vh||false|false&#8221; custom_padding_phone=&#8221;&#8221; disabled=&#8221;on&#8221; global_colors_info=&#8221;{}&#8221;][et_pb_row _builder_version=&#8221;4.24.2&#8243; _module_preset=&#8221;default&#8221; global_colors_info=&#8221;{}&#8221;][et_pb_column type=&#8221;4_4&#8243; _builder_version=&#8221;4.22.1&#8243; _module_preset=&#8221;default&#8221; global_colors_info=&#8221;{}&#8221;][et_pb_blurb image=&#8221;https:\/\/quizzical-yonath.213-158-90-7.plesk.page\/wp-content\/uploads\/2022\/11\/Aviado-f-speer_F-Speer.png&#8221; icon_placement=&#8221;left&#8221; image_icon_width=&#8221;250px&#8221; content_max_width=&#8221;100%&#8221; icon_placement_tablet=&#8221;&#8221; icon_placement_phone=&#8221;top&#8221; icon_placement_last_edited=&#8221;on|phone&#8221; disabled_on=&#8221;off|off|off&#8221; _builder_version=&#8221;4.22.1&#8243; _module_preset=&#8221;default&#8221; header_font=&#8221;||||||||&#8221; header_text_color=&#8221;#26B2B6&#8243; header_font_size=&#8221;22px&#8221; header_line_height=&#8221;1.3em&#8221; image_icon_custom_padding_tablet=&#8221;&#8221; image_icon_custom_padding_phone=&#8221;&#8221; image_icon_custom_padding_last_edited=&#8221;on|phone&#8221; module_alignment=&#8221;left&#8221; custom_margin=&#8221;||||false|false&#8221; custom_css_blurb_image=&#8221;padding-right:50px&#8221; border_width_all_image_tablet=&#8221;&#8221; border_width_all_image_phone=&#8221;&#8221; border_width_all_image_last_edited=&#8221;on|phone&#8221; image_max_width=&#8221;150px&#8221; global_colors_info=&#8221;{}&#8221; custom_css_blurb_image_last_edited=&#8221;on|desktop&#8221; custom_css_blurb_image_tablet=&#8221;padding-right:10px&#8221; custom_css_blurb_image_phone=&#8221;padding-right:10px&#8221;]<\/p>\n<p>\u201eTo bolesne widzie\u0107, jak szybko choroby neurodegeneracyjne, takie jak ALS i FTD, zmieniaj\u0105 \u017cycie pacjent\u00f3w, rodzin i opiekun\u00f3w. W AviadoBio uwa\u017cnie s\u0142uchamy tej spo\u0142eczno\u015bci i wiemy, \u017ce ich wk\u0142ad w nasz\u0105 prac\u0119 jest nieoceniony. Rozszerzamy to samo empatyczne podej\u015bcie na tych, z kt\u00f3rymi pracujemy, aby wszyscy mogli wsp\u00f3\u0142pracowa\u0107, dziel\u0105c si\u0119 swoimi pomys\u0142ami i oferuj\u0105c kreatywne rozwi\u0105zania\u201d.<\/p>\n<p><span style=\"font-size: 22px; line-height: 1.6em;\"><strong>Farah Speer<\/strong><\/span><br \/><span style=\"color: #26b2b6;\">SVP, Communications and External Relations<\/span><\/p>\n<p>&nbsp;<\/p>\n<p>[\/et_pb_blurb][\/et_pb_column][\/et_pb_row][\/et_pb_section][et_pb_section fb_built=&#8221;1&#8243; custom_padding_last_edited=&#8221;on|tablet&#8221; _builder_version=&#8221;4.22.1&#8243; _module_preset=&#8221;default&#8221; background_color=&#8221;#E5E5E5&#8243; custom_margin=&#8221;0px||||false|false&#8221; custom_padding=&#8221;10vh||20vh||false|false&#8221; custom_padding_tablet=&#8221;5vh||10vh||false|false&#8221; custom_padding_phone=&#8221;&#8221; bottom_divider_style=&#8221;ramp&#8221; bottom_divider_color=&#8221;#43464F&#8221; bottom_divider_flip=&#8221;vertical|horizontal&#8221; global_colors_info=&#8221;{}&#8221;][et_pb_row column_structure=&#8221;1_4,3_4&#8243; make_equal=&#8221;on&#8221; custom_padding_last_edited=&#8221;on|phone&#8221; _builder_version=&#8221;4.24.2&#8243; _module_preset=&#8221;default&#8221; custom_padding=&#8221;0px||0px||false|false&#8221; custom_padding_tablet=&#8221;||30px||false|false&#8221; custom_padding_phone=&#8221;||30px||false|false&#8221; global_colors_info=&#8221;{}&#8221;][et_pb_column type=&#8221;1_4&#8243; _builder_version=&#8221;4.22.1&#8243; _module_preset=&#8221;default&#8221; global_colors_info=&#8221;{}&#8221;][et_pb_image src=&#8221;https:\/\/quizzical-yonath.213-158-90-7.plesk.page\/wp-content\/uploads\/2022\/11\/Aviado-f-speer_F-Speer.png&#8221; title_text=&#8221;Aviado-f-speer_F-Speer&#8221; _builder_version=&#8221;4.22.1&#8243; _module_preset=&#8221;default&#8221; max_width=&#8221;300px&#8221; global_colors_info=&#8221;{}&#8221;][\/et_pb_image][\/et_pb_column][et_pb_column type=&#8221;3_4&#8243; _builder_version=&#8221;4.22.1&#8243; _module_preset=&#8221;default&#8221; custom_css_main_element=&#8221;margin:auto&#8221; global_colors_info=&#8221;{}&#8221;][et_pb_text _builder_version=&#8221;4.22.1&#8243; _module_preset=&#8221;default&#8221; header_font=&#8221;||||||||&#8221; header_text_color=&#8221;#ffffff&#8221; header_font_size=&#8221;34px&#8221; header_letter_spacing=&#8221;2px&#8221; header_line_height=&#8221;1.4em&#8221; header_2_font=&#8221;|||on|||||&#8221; header_2_text_align=&#8221;center&#8221; header_2_text_color=&#8221;#43464F&#8221; header_2_letter_spacing=&#8221;2px&#8221; header_2_line_height=&#8221;1.4em&#8221; header_4_font=&#8221;|300|||||||&#8221; header_4_text_color=&#8221;#26B2B6&#8243; text_orientation=&#8221;center&#8221; custom_margin=&#8221;0px||0px||false|false&#8221; custom_padding=&#8221;0px||||false|false&#8221; custom_padding_tablet=&#8221;||30px||false|false&#8221; custom_padding_phone=&#8221;||30px||false|false&#8221; custom_padding_last_edited=&#8221;on|tablet&#8221; header_2_font_size_tablet=&#8221;&#8221; header_2_font_size_phone=&#8221;24px&#8221; header_2_font_size_last_edited=&#8221;on|phone&#8221; global_colors_info=&#8221;{}&#8221;]<\/p>\n<p style=\"text-align: left;\">\u201eTo bolesne widzie\u0107, jak szybko choroby neurodegeneracyjne, takie jak ALS i FTD, zmieniaj\u0105 \u017cycie pacjent\u00f3w, rodzin i opiekun\u00f3w. W AviadoBio uwa\u017cnie s\u0142uchamy tej spo\u0142eczno\u015bci i wiemy, \u017ce ich wk\u0142ad w nasz\u0105 prac\u0119 jest nieoceniony. Rozszerzamy to samo empatyczne podej\u015bcie na tych, z kt\u00f3rymi pracujemy, aby wszyscy mogli wsp\u00f3\u0142pracowa\u0107, dziel\u0105c si\u0119 swoimi pomys\u0142ami i oferuj\u0105c kreatywne rozwi\u0105zania\u201d.<\/p>\n<p style=\"text-align: left;\">\n<p>[\/et_pb_text][et_pb_text module_class=&#8221;my_name&#8221; _builder_version=&#8221;4.22.1&#8243; _module_preset=&#8221;default&#8221; header_font=&#8221;||||||||&#8221; header_text_color=&#8221;#ffffff&#8221; header_font_size=&#8221;34px&#8221; header_letter_spacing=&#8221;2px&#8221; header_line_height=&#8221;1.4em&#8221; header_2_font=&#8221;|||on|||||&#8221; header_2_text_align=&#8221;center&#8221; header_2_text_color=&#8221;#43464F&#8221; header_2_letter_spacing=&#8221;2px&#8221; header_2_line_height=&#8221;1.4em&#8221; header_4_font=&#8221;|300|||||||&#8221; header_4_text_color=&#8221;#26B2B6&#8243; text_orientation=&#8221;center&#8221; custom_margin=&#8221;0px||0px||false|false&#8221; custom_padding=&#8221;0px||||false|false&#8221; custom_padding_tablet=&#8221;||30px||false|false&#8221; custom_padding_phone=&#8221;||30px||false|false&#8221; custom_padding_last_edited=&#8221;on|tablet&#8221; header_2_font_size_tablet=&#8221;&#8221; header_2_font_size_phone=&#8221;24px&#8221; header_2_font_size_last_edited=&#8221;on|phone&#8221; global_colors_info=&#8221;{}&#8221;]<\/p>\n<h3 style=\"text-align: left;\">Farah Speer<\/h3>\n<p style=\"text-align: left;\"><strong><span style=\"color: #26b2b6;\"> SVP, Communications and External Relations <\/span><\/strong><\/p>\n<p>[\/et_pb_text][\/et_pb_column][\/et_pb_row][\/et_pb_section]<\/p>\n","protected":false},"excerpt":{"rendered":"<p>Informacje o FTD Ot\u0119pienie czo\u0142owo-skroniowe (FTD) to wyniszczaj\u0105ca posta\u0107 ot\u0119pienia o\u00a0wczesnym pocz\u0105tku, kt\u00f3re przebiega w\u00a0r\u00f3\u017cny spos\u00f3b u\u00a0poszczeg\u00f3lnych pacjent\u00f3w. Objawy FTD mog\u0105 obejmowa\u0107 zmiany osobowo\u015bci lub nietypowe zachowania, post\u0119puj\u0105cy zanik umiej\u0119tno\u015bci j\u0119zykowych, utrat\u0119 funkcji wykonawczych i zdolno\u015bci poznawczych, apati\u0119 i\u00a0ograniczenie mobilno\u015bci.\u00b9\u207b\u00b3 FTD powoduje znaczne zmniejszenie oczekiwanej d\u0142ugo\u015bci \u017cycia, a osoby z FTD umieraj\u0105 \u015brednio w\u00a0ci\u0105gu 3 [&hellip;]<\/p>\n","protected":false},"author":1,"featured_media":0,"parent":0,"menu_order":0,"comment_status":"closed","ping_status":"closed","template":"","meta":{"_et_pb_use_builder":"on","_et_pb_old_content":"","_et_gb_content_width":"","footnotes":""},"yoast_head":"<!-- This site is optimized with the Yoast SEO plugin v23.4 - https:\/\/yoast.com\/wordpress\/plugins\/seo\/ -->\n<title>Informacje o FTD - ASPIRE-FTD<\/title>\n<meta name=\"description\" content=\"Ot\u0119pienie czo\u0142owo-skroniowe (FTD) jest wyniszczaj\u0105c\u0105 form\u0105 demencji o wczesnym pocz\u0105tku i charakteryzuje si\u0119 gwa\u0142town\u0105 degradacj\u0105 funkcji wykonawczych\u2026\" \/>\n<meta name=\"robots\" content=\"noindex, follow, max-snippet:-1, max-image-preview:large, max-video-preview:-1\" \/>\n<meta property=\"og:locale\" content=\"pl_PL\" \/>\n<meta property=\"og:type\" content=\"article\" \/>\n<meta property=\"og:title\" content=\"Informacje o FTD - ASPIRE-FTD\" \/>\n<meta property=\"og:description\" content=\"Ot\u0119pienie czo\u0142owo-skroniowe (FTD) jest wyniszczaj\u0105c\u0105 form\u0105 demencji o wczesnym pocz\u0105tku i charakteryzuje si\u0119 gwa\u0142town\u0105 degradacj\u0105 funkcji wykonawczych\u2026\" \/>\n<meta property=\"og:url\" content=\"https:\/\/quizzical-yonath.213-158-90-7.plesk.page\/pl\/informacje-o-ftd\/\" \/>\n<meta property=\"og:site_name\" content=\"ASPIRE-FTD\" \/>\n<meta property=\"article:modified_time\" content=\"2025-04-08T14:33:20+00:00\" \/>\n<meta property=\"og:image\" content=\"https:\/\/quizzical-yonath.213-158-90-7.plesk.page\/wp-content\/uploads\/2023\/11\/AspireFTD-500x500-1.jpg\" \/>\n\t<meta property=\"og:image:width\" content=\"500\" \/>\n\t<meta property=\"og:image:height\" content=\"500\" \/>\n\t<meta property=\"og:image:type\" content=\"image\/jpeg\" \/>\n<meta name=\"twitter:card\" content=\"summary_large_image\" \/>\n<meta name=\"twitter:label1\" content=\"Szacowany czas czytania\" \/>\n\t<meta name=\"twitter:data1\" content=\"25 minut\" \/>\n<script type=\"application\/ld+json\" class=\"yoast-schema-graph\">{\"@context\":\"https:\/\/schema.org\",\"@graph\":[{\"@type\":\"WebPage\",\"@id\":\"https:\/\/quizzical-yonath.213-158-90-7.plesk.page\/pl\/informacje-o-ftd\/\",\"url\":\"https:\/\/quizzical-yonath.213-158-90-7.plesk.page\/pl\/informacje-o-ftd\/\",\"name\":\"Informacje o FTD - ASPIRE-FTD\",\"isPartOf\":{\"@id\":\"https:\/\/quizzical-yonath.213-158-90-7.plesk.page\/#website\"},\"datePublished\":\"2023-07-20T15:04:08+00:00\",\"dateModified\":\"2025-04-08T14:33:20+00:00\",\"description\":\"Ot\u0119pienie czo\u0142owo-skroniowe (FTD) jest wyniszczaj\u0105c\u0105 form\u0105 demencji o wczesnym pocz\u0105tku i charakteryzuje si\u0119 gwa\u0142town\u0105 degradacj\u0105 funkcji wykonawczych\u2026\",\"breadcrumb\":{\"@id\":\"https:\/\/quizzical-yonath.213-158-90-7.plesk.page\/pl\/informacje-o-ftd\/#breadcrumb\"},\"inLanguage\":\"pl-PL\",\"potentialAction\":[{\"@type\":\"ReadAction\",\"target\":[\"https:\/\/quizzical-yonath.213-158-90-7.plesk.page\/pl\/informacje-o-ftd\/\"]}]},{\"@type\":\"BreadcrumbList\",\"@id\":\"https:\/\/quizzical-yonath.213-158-90-7.plesk.page\/pl\/informacje-o-ftd\/#breadcrumb\",\"itemListElement\":[{\"@type\":\"ListItem\",\"position\":1,\"name\":\"Home\",\"item\":\"https:\/\/quizzical-yonath.213-158-90-7.plesk.page\/\"},{\"@type\":\"ListItem\",\"position\":2,\"name\":\"Informacje o FTD\"}]},{\"@type\":\"WebSite\",\"@id\":\"https:\/\/quizzical-yonath.213-158-90-7.plesk.page\/#website\",\"url\":\"https:\/\/quizzical-yonath.213-158-90-7.plesk.page\/\",\"name\":\"ASPIRE-FTD\",\"description\":\"CLINICAL TRIAL\",\"publisher\":{\"@id\":\"https:\/\/quizzical-yonath.213-158-90-7.plesk.page\/#organization\"},\"potentialAction\":[{\"@type\":\"SearchAction\",\"target\":{\"@type\":\"EntryPoint\",\"urlTemplate\":\"https:\/\/quizzical-yonath.213-158-90-7.plesk.page\/?s={search_term_string}\"},\"query-input\":{\"@type\":\"PropertyValueSpecification\",\"valueRequired\":true,\"valueName\":\"search_term_string\"}}],\"inLanguage\":\"pl-PL\"},{\"@type\":\"Organization\",\"@id\":\"https:\/\/quizzical-yonath.213-158-90-7.plesk.page\/#organization\",\"name\":\"AviadoBio\",\"url\":\"https:\/\/quizzical-yonath.213-158-90-7.plesk.page\/\",\"logo\":{\"@type\":\"ImageObject\",\"inLanguage\":\"pl-PL\",\"@id\":\"https:\/\/quizzical-yonath.213-158-90-7.plesk.page\/#\/schema\/logo\/image\/\",\"url\":\"https:\/\/quizzical-yonath.213-158-90-7.plesk.page\/wp-content\/uploads\/2023\/11\/AspireFTD-500x500-1.jpg\",\"contentUrl\":\"https:\/\/quizzical-yonath.213-158-90-7.plesk.page\/wp-content\/uploads\/2023\/11\/AspireFTD-500x500-1.jpg\",\"width\":500,\"height\":500,\"caption\":\"AviadoBio\"},\"image\":{\"@id\":\"https:\/\/quizzical-yonath.213-158-90-7.plesk.page\/#\/schema\/logo\/image\/\"}}]}<\/script>\n<!-- \/ Yoast SEO plugin. -->","yoast_head_json":{"title":"Informacje o FTD - ASPIRE-FTD","description":"Ot\u0119pienie czo\u0142owo-skroniowe (FTD) jest wyniszczaj\u0105c\u0105 form\u0105 demencji o wczesnym pocz\u0105tku i charakteryzuje si\u0119 gwa\u0142town\u0105 degradacj\u0105 funkcji wykonawczych\u2026","robots":{"index":"noindex","follow":"follow","max-snippet":"max-snippet:-1","max-image-preview":"max-image-preview:large","max-video-preview":"max-video-preview:-1"},"og_locale":"pl_PL","og_type":"article","og_title":"Informacje o FTD - ASPIRE-FTD","og_description":"Ot\u0119pienie czo\u0142owo-skroniowe (FTD) jest wyniszczaj\u0105c\u0105 form\u0105 demencji o wczesnym pocz\u0105tku i charakteryzuje si\u0119 gwa\u0142town\u0105 degradacj\u0105 funkcji wykonawczych\u2026","og_url":"https:\/\/quizzical-yonath.213-158-90-7.plesk.page\/pl\/informacje-o-ftd\/","og_site_name":"ASPIRE-FTD","article_modified_time":"2025-04-08T14:33:20+00:00","og_image":[{"width":500,"height":500,"url":"https:\/\/quizzical-yonath.213-158-90-7.plesk.page\/wp-content\/uploads\/2023\/11\/AspireFTD-500x500-1.jpg","type":"image\/jpeg"}],"twitter_card":"summary_large_image","twitter_misc":{"Szacowany czas czytania":"25 minut"},"schema":{"@context":"https:\/\/schema.org","@graph":[{"@type":"WebPage","@id":"https:\/\/quizzical-yonath.213-158-90-7.plesk.page\/pl\/informacje-o-ftd\/","url":"https:\/\/quizzical-yonath.213-158-90-7.plesk.page\/pl\/informacje-o-ftd\/","name":"Informacje o FTD - ASPIRE-FTD","isPartOf":{"@id":"https:\/\/quizzical-yonath.213-158-90-7.plesk.page\/#website"},"datePublished":"2023-07-20T15:04:08+00:00","dateModified":"2025-04-08T14:33:20+00:00","description":"Ot\u0119pienie czo\u0142owo-skroniowe (FTD) jest wyniszczaj\u0105c\u0105 form\u0105 demencji o wczesnym pocz\u0105tku i charakteryzuje si\u0119 gwa\u0142town\u0105 degradacj\u0105 funkcji wykonawczych\u2026","breadcrumb":{"@id":"https:\/\/quizzical-yonath.213-158-90-7.plesk.page\/pl\/informacje-o-ftd\/#breadcrumb"},"inLanguage":"pl-PL","potentialAction":[{"@type":"ReadAction","target":["https:\/\/quizzical-yonath.213-158-90-7.plesk.page\/pl\/informacje-o-ftd\/"]}]},{"@type":"BreadcrumbList","@id":"https:\/\/quizzical-yonath.213-158-90-7.plesk.page\/pl\/informacje-o-ftd\/#breadcrumb","itemListElement":[{"@type":"ListItem","position":1,"name":"Home","item":"https:\/\/quizzical-yonath.213-158-90-7.plesk.page\/"},{"@type":"ListItem","position":2,"name":"Informacje o FTD"}]},{"@type":"WebSite","@id":"https:\/\/quizzical-yonath.213-158-90-7.plesk.page\/#website","url":"https:\/\/quizzical-yonath.213-158-90-7.plesk.page\/","name":"ASPIRE-FTD","description":"CLINICAL TRIAL","publisher":{"@id":"https:\/\/quizzical-yonath.213-158-90-7.plesk.page\/#organization"},"potentialAction":[{"@type":"SearchAction","target":{"@type":"EntryPoint","urlTemplate":"https:\/\/quizzical-yonath.213-158-90-7.plesk.page\/?s={search_term_string}"},"query-input":{"@type":"PropertyValueSpecification","valueRequired":true,"valueName":"search_term_string"}}],"inLanguage":"pl-PL"},{"@type":"Organization","@id":"https:\/\/quizzical-yonath.213-158-90-7.plesk.page\/#organization","name":"AviadoBio","url":"https:\/\/quizzical-yonath.213-158-90-7.plesk.page\/","logo":{"@type":"ImageObject","inLanguage":"pl-PL","@id":"https:\/\/quizzical-yonath.213-158-90-7.plesk.page\/#\/schema\/logo\/image\/","url":"https:\/\/quizzical-yonath.213-158-90-7.plesk.page\/wp-content\/uploads\/2023\/11\/AspireFTD-500x500-1.jpg","contentUrl":"https:\/\/quizzical-yonath.213-158-90-7.plesk.page\/wp-content\/uploads\/2023\/11\/AspireFTD-500x500-1.jpg","width":500,"height":500,"caption":"AviadoBio"},"image":{"@id":"https:\/\/quizzical-yonath.213-158-90-7.plesk.page\/#\/schema\/logo\/image\/"}}]}},"_links":{"self":[{"href":"https:\/\/quizzical-yonath.213-158-90-7.plesk.page\/pl\/wp-json\/wp\/v2\/pages\/6056"}],"collection":[{"href":"https:\/\/quizzical-yonath.213-158-90-7.plesk.page\/pl\/wp-json\/wp\/v2\/pages"}],"about":[{"href":"https:\/\/quizzical-yonath.213-158-90-7.plesk.page\/pl\/wp-json\/wp\/v2\/types\/page"}],"author":[{"embeddable":true,"href":"https:\/\/quizzical-yonath.213-158-90-7.plesk.page\/pl\/wp-json\/wp\/v2\/users\/1"}],"replies":[{"embeddable":true,"href":"https:\/\/quizzical-yonath.213-158-90-7.plesk.page\/pl\/wp-json\/wp\/v2\/comments?post=6056"}],"version-history":[{"count":12,"href":"https:\/\/quizzical-yonath.213-158-90-7.plesk.page\/pl\/wp-json\/wp\/v2\/pages\/6056\/revisions"}],"predecessor-version":[{"id":8113,"href":"https:\/\/quizzical-yonath.213-158-90-7.plesk.page\/pl\/wp-json\/wp\/v2\/pages\/6056\/revisions\/8113"}],"wp:attachment":[{"href":"https:\/\/quizzical-yonath.213-158-90-7.plesk.page\/pl\/wp-json\/wp\/v2\/media?parent=6056"}],"curies":[{"name":"wp","href":"https:\/\/api.w.org\/{rel}","templated":true}]}}